{"id":1620,"date":"2025-01-10T09:33:23","date_gmt":"2025-01-10T08:33:23","guid":{"rendered":"https:\/\/www.at2serveis.com\/edificis-de-uso-docente\/"},"modified":"2025-02-18T08:57:18","modified_gmt":"2025-02-18T07:57:18","slug":"edificis-de-uso-docente","status":"publish","type":"page","link":"https:\/\/www.at2serveis.com\/es\/edificis-de-uso-docente\/","title":{"rendered":"Edificios de uso docente"},"content":{"rendered":"\t\t<div data-elementor-type=\"wp-page\" data-elementor-id=\"1620\" class=\"elementor elementor-1620 elementor-486\" data-elementor-post-type=\"page\">\n\t\t\t\t<div class=\"elementor-element elementor-element-386b114 e-flex e-con-boxed e-con e-parent\" data-id=\"386b114\" data-element_type=\"container\">\n\t\t\t\t\t<div class=\"e-con-inner\">\n\t\t\t\t<div class=\"elementor-element elementor-element-fba3164 elementor-widget elementor-widget-heading\" data-id=\"fba3164\" data-element_type=\"widget\" data-widget_type=\"heading.default\">\n\t\t\t\t<div class=\"elementor-widget-container\">\n\t\t\t\t\t<h1 class=\"elementor-heading-title elementor-size-default\">Edificios de uso docente<\/h1>\t\t\t\t<\/div>\n\t\t\t\t<\/div>\n\t\t\t\t\t<\/div>\n\t\t\t\t<\/div>\n\t\t<div class=\"elementor-element elementor-element-54967ad e-con-full e-flex e-con e-parent\" data-id=\"54967ad\" data-element_type=\"container\">\n\t\t\t\t<div class=\"elementor-element elementor-element-c726a2a elementor-grid-1 elementor-grid-tablet-1 elementor-grid-mobile-1 elementor-widget elementor-widget-loop-grid\" data-id=\"c726a2a\" data-element_type=\"widget\" data-settings=\"{&quot;template_id&quot;:1606,&quot;columns&quot;:1,&quot;alternate_template&quot;:&quot;yes&quot;,&quot;row_gap&quot;:{&quot;unit&quot;:&quot;px&quot;,&quot;size&quot;:0,&quot;sizes&quot;:[]},&quot;columns_tablet&quot;:1,&quot;_skin&quot;:&quot;post&quot;,&quot;columns_mobile&quot;:&quot;1&quot;,&quot;edit_handle_selector&quot;:&quot;[data-elementor-type=\\&quot;loop-item\\&quot;]&quot;,&quot;row_gap_laptop&quot;:{&quot;unit&quot;:&quot;px&quot;,&quot;size&quot;:&quot;&quot;,&quot;sizes&quot;:[]},&quot;row_gap_tablet&quot;:{&quot;unit&quot;:&quot;px&quot;,&quot;size&quot;:&quot;&quot;,&quot;sizes&quot;:[]},&quot;row_gap_mobile&quot;:{&quot;unit&quot;:&quot;px&quot;,&quot;size&quot;:&quot;&quot;,&quot;sizes&quot;:[]}}\" data-widget_type=\"loop-grid.post\">\n\t\t\t\t<div class=\"elementor-widget-container\">\n\t\t\t\t\t\t\t<div class=\"elementor-loop-container elementor-grid\" role=\"list\">\n\t\t<style id=\"loop-1606\">.elementor-1606 .elementor-element.elementor-element-c2aa851{--display:grid;--e-con-grid-template-columns:repeat(1, 1fr);--e-con-grid-template-rows:repeat(1, 1fr);--gap:0px 0px;--row-gap:0px;--column-gap:0px;--grid-auto-flow:row;--justify-items:center;--overflow:hidden;--padding-top:4%;--padding-bottom:4%;--padding-left:0%;--padding-right:0%;}.elementor-1606 .elementor-element.elementor-element-c2aa851:not(.elementor-motion-effects-element-type-background), .elementor-1606 .elementor-element.elementor-element-c2aa851 > .elementor-motion-effects-container > .elementor-motion-effects-layer{background-color:var( --e-global-color-nvsitebg );}.elementor-1606 .elementor-element.elementor-element-81f2570{--display:grid;--e-con-grid-template-columns:repeat(2, 1fr);--e-con-grid-template-rows:repeat(1, 1fr);--gap:30px 30px;--row-gap:30px;--column-gap:30px;--grid-auto-flow:row;--justify-items:center;--overflow:hidden;--padding-top:0px;--padding-bottom:0px;--padding-left:0px;--padding-right:0px;}.elementor-1606 .elementor-element.elementor-element-81f2570.e-con{--align-self:center;}.elementor-1606 .elementor-element.elementor-element-2654ae8{--display:flex;--overflow:hidden;--padding-top:0px;--padding-bottom:0px;--padding-left:0px;--padding-right:0px;}.elementor-1606 .elementor-element.elementor-element-d95030b .elementor-heading-title{font-size:1.5rem;line-height:2rem;}.elementor-1606 .elementor-element.elementor-element-512c1b5{color:var( --e-global-color-text );}.elementor-1606 .elementor-element.elementor-element-285680d{--display:flex;--flex-direction:column;--container-widget-width:100%;--container-widget-height:initial;--container-widget-flex-grow:0;--container-widget-align-self:initial;--flex-wrap-mobile:wrap;--gap:0px 0px;--row-gap:0px;--column-gap:0px;--overflow:hidden;--padding-top:0px;--padding-bottom:0px;--padding-left:0px;--padding-right:0px;}.elementor-1606 .elementor-element.elementor-element-a55e469{--e-image-carousel-slides-to-show:1;}.elementor-1606 .elementor-element.elementor-element-a55e469 .elementor-swiper-button.elementor-swiper-button-prev, .elementor-1606 .elementor-element.elementor-element-a55e469 .elementor-swiper-button.elementor-swiper-button-next{color:var( --e-global-color-nvsitebg );}.elementor-1606 .elementor-element.elementor-element-a55e469 .elementor-swiper-button.elementor-swiper-button-prev svg, .elementor-1606 .elementor-element.elementor-element-a55e469 .elementor-swiper-button.elementor-swiper-button-next svg{fill:var( --e-global-color-nvsitebg );}.elementor-1606 .elementor-element.elementor-element-a55e469 .elementor-image-carousel-wrapper .elementor-image-carousel .swiper-slide-image{border-style:none;}@media(max-width:1440px){.elementor-1606 .elementor-element.elementor-element-c2aa851{--grid-auto-flow:row;--padding-top:4%;--padding-bottom:4%;--padding-left:4%;--padding-right:4%;}.elementor-1606 .elementor-element.elementor-element-81f2570{--grid-auto-flow:row;}}@media(max-width:1024px){.elementor-1606 .elementor-element.elementor-element-c2aa851{--grid-auto-flow:row;--padding-top:40px;--padding-bottom:40px;--padding-left:40px;--padding-right:40px;}.elementor-1606 .elementor-element.elementor-element-81f2570{--grid-auto-flow:row;}}@media(max-width:767px){.elementor-1606 .elementor-element.elementor-element-c2aa851{--e-con-grid-template-columns:repeat(1, 1fr);--grid-auto-flow:row;--padding-top:30px;--padding-bottom:30px;--padding-left:30px;--padding-right:30px;}.elementor-1606 .elementor-element.elementor-element-81f2570{--e-con-grid-template-columns:repeat(1, 1fr);--e-con-grid-template-rows:repeat(2, 1fr);--grid-auto-flow:column;}}<\/style>\t\t<div data-elementor-type=\"loop-item\" data-elementor-id=\"1606\" class=\"elementor elementor-1606 elementor-798 e-loop-item e-loop-item-1666 post-1666 projecte type-projecte status-publish has-post-thumbnail hentry tipologia-de-projecte-edificis-dus-docent\" data-elementor-post-type=\"elementor_library\" data-custom-edit-handle=\"1\">\n\t\t\t<div class=\"elementor-element elementor-element-c2aa851 e-con-full e-grid e-con e-parent\" data-id=\"c2aa851\" data-element_type=\"container\" data-settings=\"{&quot;background_background&quot;:&quot;classic&quot;}\">\n\t\t<div class=\"elementor-element elementor-element-81f2570 e-grid e-con-boxed e-con e-child\" data-id=\"81f2570\" data-element_type=\"container\">\n\t\t\t\t\t<div class=\"e-con-inner\">\n\t\t<div class=\"elementor-element elementor-element-2654ae8 e-con-full e-flex e-con e-child\" data-id=\"2654ae8\" data-element_type=\"container\">\n\t\t\t\t<div class=\"elementor-element elementor-element-d95030b elementor-widget elementor-widget-theme-post-title elementor-page-title elementor-widget-heading\" data-id=\"d95030b\" data-element_type=\"widget\" data-widget_type=\"theme-post-title.default\">\n\t\t\t\t<div class=\"elementor-widget-container\">\n\t\t\t\t\t<h2 class=\"elementor-heading-title elementor-size-default\"><a href=\"https:\/\/www.at2serveis.com\/es\/proyecto\/instituto-montsoriu\/\">Instituto Montsoriu<\/a><\/h2>\t\t\t\t<\/div>\n\t\t\t\t<\/div>\n\t\t\t\t<div class=\"elementor-element elementor-element-512c1b5 elementor-widget elementor-widget-theme-post-content\" data-id=\"512c1b5\" data-element_type=\"widget\" data-widget_type=\"theme-post-content.default\">\n\t\t\t\t<div class=\"elementor-widget-container\">\n\t\t\t\t\t<p>AT2 Serveis llev\u00f3 la <strong>direcci\u00f3n de ejecuci\u00f3n de obra<\/strong> de este instituto, situado en Arb\u00facies que cuenta con una superficie de 5.621 m2. El proyecto fue dise\u00f1ado por 2GV ARQUITECTURA.<\/p>\n<div id=\"gtx-trans\" style=\"position: absolute; left: -40px; top: 1px;\">\n<div class=\"gtx-trans-icon\"><\/div>\n<\/div>\n\t\t\t\t<\/div>\n\t\t\t\t<\/div>\n\t\t\t\t<\/div>\n\t\t<div class=\"elementor-element elementor-element-285680d e-con-full e-flex e-con e-child\" data-id=\"285680d\" data-element_type=\"container\">\n\t\t\t\t<div class=\"elementor-element elementor-element-c4705ed dc-has-condition dc-condition-not_empty elementor-widget elementor-widget-theme-post-featured-image elementor-widget-image\" data-id=\"c4705ed\" data-element_type=\"widget\" data-widget_type=\"theme-post-featured-image.default\">\n\t\t\t\t<div class=\"elementor-widget-container\">\n\t\t\t\t\t\t\t\t\t\t\t\t\t\t\t\t<a href=\"https:\/\/www.at2serveis.com\/es\/proyecto\/instituto-montsoriu\/\">\n\t\t\t\t\t\t\t<img fetchpriority=\"high\" decoding=\"async\" width=\"449\" height=\"392\" src=\"https:\/\/www.at2serveis.com\/wp-content\/uploads\/2025\/01\/Institut-Montsoriu-00003.avif\" class=\"attachment-full size-full wp-image-1491\" alt=\"Institut Montsoriu\" srcset=\"https:\/\/www.at2serveis.com\/wp-content\/uploads\/2025\/01\/Institut-Montsoriu-00003.avif 449w, https:\/\/www.at2serveis.com\/wp-content\/uploads\/2025\/01\/Institut-Montsoriu-00003-300x262.avif 300w\" sizes=\"(max-width: 449px) 100vw, 449px\" \/>\t\t\t\t\t\t\t\t<\/a>\n\t\t\t\t\t\t\t\t\t\t\t\t\t\t\t<\/div>\n\t\t\t\t<\/div>\n\t\t\t\t<\/div>\n\t\t\t\t\t<\/div>\n\t\t\t\t<\/div>\n\t\t\t\t<\/div>\n\t\t\t\t<\/div>\n\t\t<style id=\"loop-801\">.elementor-801 .elementor-element.elementor-element-67b0414{--display:grid;--e-con-grid-template-columns:repeat(1, 1fr);--e-con-grid-template-rows:repeat(1, 1fr);--gap:0px 0px;--row-gap:0px;--column-gap:0px;--grid-auto-flow:row;--justify-items:center;--overflow:hidden;--padding-top:4%;--padding-bottom:4%;--padding-left:0%;--padding-right:0%;}.elementor-801 .elementor-element.elementor-element-67b0414:not(.elementor-motion-effects-element-type-background), .elementor-801 .elementor-element.elementor-element-67b0414 > .elementor-motion-effects-container > .elementor-motion-effects-layer{background-color:var( --e-global-color-4d99882 );}.elementor-801 .elementor-element.elementor-element-7e4ea91{--display:grid;--e-con-grid-template-columns:repeat(2, 1fr);--e-con-grid-template-rows:repeat(1, 1fr);--gap:30px 30px;--row-gap:30px;--column-gap:30px;--grid-auto-flow:row;--justify-items:center;--overflow:hidden;--padding-top:0px;--padding-bottom:0px;--padding-left:0px;--padding-right:0px;}.elementor-801 .elementor-element.elementor-element-7e4ea91.e-con{--align-self:center;}.elementor-801 .elementor-element.elementor-element-0d5af8d{--display:flex;--flex-direction:column;--container-widget-width:100%;--container-widget-height:initial;--container-widget-flex-grow:0;--container-widget-align-self:initial;--flex-wrap-mobile:wrap;--gap:0px 0px;--row-gap:0px;--column-gap:0px;--overflow:hidden;--padding-top:0px;--padding-bottom:0px;--padding-left:0px;--padding-right:0px;}.elementor-801 .elementor-element.elementor-element-6422016{--e-image-carousel-slides-to-show:1;}.elementor-801 .elementor-element.elementor-element-6422016 .elementor-swiper-button.elementor-swiper-button-prev, .elementor-801 .elementor-element.elementor-element-6422016 .elementor-swiper-button.elementor-swiper-button-next{color:var( --e-global-color-nvsitebg );}.elementor-801 .elementor-element.elementor-element-6422016 .elementor-swiper-button.elementor-swiper-button-prev svg, .elementor-801 .elementor-element.elementor-element-6422016 .elementor-swiper-button.elementor-swiper-button-next svg{fill:var( --e-global-color-nvsitebg );}.elementor-801 .elementor-element.elementor-element-6422016 .elementor-image-carousel-wrapper .elementor-image-carousel .swiper-slide-image{border-style:none;}.elementor-801 .elementor-element.elementor-element-10b05ba{--display:flex;--overflow:hidden;--padding-top:0px;--padding-bottom:0px;--padding-left:0px;--padding-right:0px;}.elementor-801 .elementor-element.elementor-element-96bc3f1 .elementor-heading-title{font-size:1.5rem;line-height:2rem;}.elementor-801 .elementor-element.elementor-element-a4dd60b{color:var( --e-global-color-text );}@media(max-width:1440px){.elementor-801 .elementor-element.elementor-element-67b0414{--grid-auto-flow:row;--padding-top:4%;--padding-bottom:4%;--padding-left:4%;--padding-right:4%;}.elementor-801 .elementor-element.elementor-element-7e4ea91{--grid-auto-flow:row;}}@media(max-width:1024px){.elementor-801 .elementor-element.elementor-element-67b0414{--grid-auto-flow:row;--padding-top:40px;--padding-bottom:40px;--padding-left:40px;--padding-right:40px;}.elementor-801 .elementor-element.elementor-element-7e4ea91{--grid-auto-flow:row;}}@media(max-width:767px){.elementor-801 .elementor-element.elementor-element-67b0414{--e-con-grid-template-columns:repeat(1, 1fr);--grid-auto-flow:row;--padding-top:30px;--padding-bottom:30px;--padding-left:30px;--padding-right:30px;}.elementor-801 .elementor-element.elementor-element-7e4ea91{--e-con-grid-template-columns:repeat(1, 1fr);--grid-auto-flow:row;}}<\/style>\t\t<div data-elementor-type=\"loop-item\" data-elementor-id=\"801\" class=\"elementor elementor-801 elementor-repeater-item-90846ef e-loop-item e-loop-item-1668 post-1668 projecte type-projecte status-publish has-post-thumbnail hentry tipologia-de-projecte-edificis-dus-docent\" data-elementor-post-type=\"elementor_library\" data-custom-edit-handle=\"1\">\n\t\t\t<div class=\"elementor-element elementor-element-67b0414 e-con-full e-grid e-con e-parent\" data-id=\"67b0414\" data-element_type=\"container\" data-settings=\"{&quot;background_background&quot;:&quot;classic&quot;}\">\n\t\t<div class=\"elementor-element elementor-element-7e4ea91 e-grid e-con-boxed e-con e-child\" data-id=\"7e4ea91\" data-element_type=\"container\">\n\t\t\t\t\t<div class=\"e-con-inner\">\n\t\t<div class=\"elementor-element elementor-element-0d5af8d e-con-full e-flex e-con e-child\" data-id=\"0d5af8d\" data-element_type=\"container\">\n\t\t\t\t<div class=\"elementor-element elementor-element-bd36f2a dc-has-condition dc-condition-not_empty elementor-widget elementor-widget-theme-post-featured-image elementor-widget-image\" data-id=\"bd36f2a\" data-element_type=\"widget\" data-widget_type=\"theme-post-featured-image.default\">\n\t\t\t\t<div class=\"elementor-widget-container\">\n\t\t\t\t\t\t\t\t\t\t\t\t\t\t\t\t<a href=\"https:\/\/www.at2serveis.com\/es\/proyecto\/ceip-les-clisques\/\">\n\t\t\t\t\t\t\t<img decoding=\"async\" width=\"769\" height=\"512\" src=\"https:\/\/www.at2serveis.com\/wp-content\/uploads\/2025\/01\/Les-Clisques-00004.webp\" class=\"attachment-full size-full wp-image-1488\" alt=\"Les Clisques\" srcset=\"https:\/\/www.at2serveis.com\/wp-content\/uploads\/2025\/01\/Les-Clisques-00004.webp 769w, https:\/\/www.at2serveis.com\/wp-content\/uploads\/2025\/01\/Les-Clisques-00004-300x200.webp 300w\" sizes=\"(max-width: 769px) 100vw, 769px\" \/>\t\t\t\t\t\t\t\t<\/a>\n\t\t\t\t\t\t\t\t\t\t\t\t\t\t\t<\/div>\n\t\t\t\t<\/div>\n\t\t\t\t<\/div>\n\t\t<div class=\"elementor-element elementor-element-10b05ba e-con-full e-flex e-con e-child\" data-id=\"10b05ba\" data-element_type=\"container\">\n\t\t\t\t<div class=\"elementor-element elementor-element-96bc3f1 elementor-widget elementor-widget-theme-post-title elementor-page-title elementor-widget-heading\" data-id=\"96bc3f1\" data-element_type=\"widget\" data-widget_type=\"theme-post-title.default\">\n\t\t\t\t<div class=\"elementor-widget-container\">\n\t\t\t\t\t<h2 class=\"elementor-heading-title elementor-size-default\"><a href=\"https:\/\/www.at2serveis.com\/es\/proyecto\/ceip-les-clisques\/\">CEIP Les Clisques<\/a><\/h2>\t\t\t\t<\/div>\n\t\t\t\t<\/div>\n\t\t\t\t<div class=\"elementor-element elementor-element-a4dd60b elementor-widget elementor-widget-theme-post-content\" data-id=\"a4dd60b\" data-element_type=\"widget\" data-widget_type=\"theme-post-content.default\">\n\t\t\t\t<div class=\"elementor-widget-container\">\n\t\t\t\t\t<p>AT2 Serveis se encarg\u00f3 de la <strong>direcci\u00f3n de ejecuci\u00f3n de obra, el control de calidad y la coordinaci\u00f3n de Seguridad y Salud<\/strong> de la obra. Localizado en Port de la Selva, este CEIP cuenta con una superficie de 1.359 m2 y fue dise\u00f1ado por Jordi Mas\u00f3 Arquitectura.<\/p>\n\t\t\t\t<\/div>\n\t\t\t\t<\/div>\n\t\t\t\t<\/div>\n\t\t\t\t\t<\/div>\n\t\t\t\t<\/div>\n\t\t\t\t<\/div>\n\t\t\t\t<\/div>\n\t\t\t\t<div data-elementor-type=\"loop-item\" data-elementor-id=\"1606\" class=\"elementor elementor-1606 elementor-798 e-loop-item e-loop-item-1673 post-1673 projecte type-projecte status-publish has-post-thumbnail hentry tipologia-de-projecte-edificis-dus-docent\" data-elementor-post-type=\"elementor_library\" data-custom-edit-handle=\"1\">\n\t\t\t<div class=\"elementor-element elementor-element-c2aa851 e-con-full e-grid e-con e-parent\" data-id=\"c2aa851\" data-element_type=\"container\" data-settings=\"{&quot;background_background&quot;:&quot;classic&quot;}\">\n\t\t<div class=\"elementor-element elementor-element-81f2570 e-grid e-con-boxed e-con e-child\" data-id=\"81f2570\" data-element_type=\"container\">\n\t\t\t\t\t<div class=\"e-con-inner\">\n\t\t<div class=\"elementor-element elementor-element-2654ae8 e-con-full e-flex e-con e-child\" data-id=\"2654ae8\" data-element_type=\"container\">\n\t\t\t\t<div class=\"elementor-element elementor-element-d95030b elementor-widget elementor-widget-theme-post-title elementor-page-title elementor-widget-heading\" data-id=\"d95030b\" data-element_type=\"widget\" data-widget_type=\"theme-post-title.default\">\n\t\t\t\t<div class=\"elementor-widget-container\">\n\t\t\t\t\t<h2 class=\"elementor-heading-title elementor-size-default\"><a href=\"https:\/\/www.at2serveis.com\/es\/proyecto\/els-castanyers\/\">Els Castanyers<\/a><\/h2>\t\t\t\t<\/div>\n\t\t\t\t<\/div>\n\t\t\t\t<div class=\"elementor-element elementor-element-512c1b5 elementor-widget elementor-widget-theme-post-content\" data-id=\"512c1b5\" data-element_type=\"widget\" data-widget_type=\"theme-post-content.default\">\n\t\t\t\t<div class=\"elementor-widget-container\">\n\t\t\t\t\t<p>AT2 Serveis se encarg\u00f3 del <strong>proyecto de reforma <\/strong> as\u00ed como de la <strong>direcci\u00f3n de obra, y control de calidad<\/strong> de la obra. Esta escuela, localizada en Viladrau, fue dise\u00f1ada por GERC INARTUR.<\/p>\n<div id=\"gtx-trans\" style=\"position: absolute; left: -124px; top: 1px;\">\n<div class=\"gtx-trans-icon\"><\/div>\n<\/div>\n\t\t\t\t<\/div>\n\t\t\t\t<\/div>\n\t\t\t\t<\/div>\n\t\t<div class=\"elementor-element elementor-element-285680d e-con-full e-flex e-con e-child\" data-id=\"285680d\" data-element_type=\"container\">\n\t\t\t\t<div class=\"elementor-element elementor-element-c4705ed dc-has-condition dc-condition-not_empty elementor-widget elementor-widget-theme-post-featured-image elementor-widget-image\" data-id=\"c4705ed\" data-element_type=\"widget\" data-widget_type=\"theme-post-featured-image.default\">\n\t\t\t\t<div class=\"elementor-widget-container\">\n\t\t\t\t\t\t\t\t\t\t\t\t\t\t\t\t<a href=\"https:\/\/www.at2serveis.com\/es\/proyecto\/els-castanyers\/\">\n\t\t\t\t\t\t\t<img decoding=\"async\" width=\"1011\" height=\"758\" src=\"https:\/\/www.at2serveis.com\/wp-content\/uploads\/2025\/01\/Els-Castanyers-00004.webp\" class=\"attachment-full size-full wp-image-1484\" alt=\"Els Castanyers\" srcset=\"https:\/\/www.at2serveis.com\/wp-content\/uploads\/2025\/01\/Els-Castanyers-00004.webp 1011w, https:\/\/www.at2serveis.com\/wp-content\/uploads\/2025\/01\/Els-Castanyers-00004-300x225.webp 300w, https:\/\/www.at2serveis.com\/wp-content\/uploads\/2025\/01\/Els-Castanyers-00004-768x576.webp 768w\" sizes=\"(max-width: 1011px) 100vw, 1011px\" \/>\t\t\t\t\t\t\t\t<\/a>\n\t\t\t\t\t\t\t\t\t\t\t\t\t\t\t<\/div>\n\t\t\t\t<\/div>\n\t\t\t\t<\/div>\n\t\t\t\t\t<\/div>\n\t\t\t\t<\/div>\n\t\t\t\t<\/div>\n\t\t\t\t<\/div>\n\t\t\t\t<div data-elementor-type=\"loop-item\" data-elementor-id=\"801\" class=\"elementor elementor-801 elementor-repeater-item-90846ef e-loop-item e-loop-item-1674 post-1674 projecte type-projecte status-publish has-post-thumbnail hentry tipologia-de-projecte-edificis-dus-docent\" data-elementor-post-type=\"elementor_library\" data-custom-edit-handle=\"1\">\n\t\t\t<div class=\"elementor-element elementor-element-67b0414 e-con-full e-grid e-con e-parent\" data-id=\"67b0414\" data-element_type=\"container\" data-settings=\"{&quot;background_background&quot;:&quot;classic&quot;}\">\n\t\t<div class=\"elementor-element elementor-element-7e4ea91 e-grid e-con-boxed e-con e-child\" data-id=\"7e4ea91\" data-element_type=\"container\">\n\t\t\t\t\t<div class=\"e-con-inner\">\n\t\t<div class=\"elementor-element elementor-element-0d5af8d e-con-full e-flex e-con e-child\" data-id=\"0d5af8d\" data-element_type=\"container\">\n\t\t\t\t<div class=\"elementor-element elementor-element-bd36f2a dc-has-condition dc-condition-not_empty elementor-widget elementor-widget-theme-post-featured-image elementor-widget-image\" data-id=\"bd36f2a\" data-element_type=\"widget\" data-widget_type=\"theme-post-featured-image.default\">\n\t\t\t\t<div class=\"elementor-widget-container\">\n\t\t\t\t\t\t\t\t\t\t\t\t\t\t\t\t<a href=\"https:\/\/www.at2serveis.com\/es\/proyecto\/guarderia-viladecans\/\">\n\t\t\t\t\t\t\t<img loading=\"lazy\" decoding=\"async\" width=\"669\" height=\"375\" src=\"https:\/\/www.at2serveis.com\/wp-content\/uploads\/2025\/01\/Escola-Bressol-Viladecans-00001.webp\" class=\"attachment-full size-full wp-image-1479\" alt=\"Escola Bressol Viladecans\" srcset=\"https:\/\/www.at2serveis.com\/wp-content\/uploads\/2025\/01\/Escola-Bressol-Viladecans-00001.webp 669w, https:\/\/www.at2serveis.com\/wp-content\/uploads\/2025\/01\/Escola-Bressol-Viladecans-00001-300x168.webp 300w\" sizes=\"(max-width: 669px) 100vw, 669px\" \/>\t\t\t\t\t\t\t\t<\/a>\n\t\t\t\t\t\t\t\t\t\t\t\t\t\t\t<\/div>\n\t\t\t\t<\/div>\n\t\t\t\t<\/div>\n\t\t<div class=\"elementor-element elementor-element-10b05ba e-con-full e-flex e-con e-child\" data-id=\"10b05ba\" data-element_type=\"container\">\n\t\t\t\t<div class=\"elementor-element elementor-element-96bc3f1 elementor-widget elementor-widget-theme-post-title elementor-page-title elementor-widget-heading\" data-id=\"96bc3f1\" data-element_type=\"widget\" data-widget_type=\"theme-post-title.default\">\n\t\t\t\t<div class=\"elementor-widget-container\">\n\t\t\t\t\t<h2 class=\"elementor-heading-title elementor-size-default\"><a href=\"https:\/\/www.at2serveis.com\/es\/proyecto\/guarderia-viladecans\/\">Guarder\u00eda Viladecans<\/a><\/h2>\t\t\t\t<\/div>\n\t\t\t\t<\/div>\n\t\t\t\t<div class=\"elementor-element elementor-element-a4dd60b elementor-widget elementor-widget-theme-post-content\" data-id=\"a4dd60b\" data-element_type=\"widget\" data-widget_type=\"theme-post-content.default\">\n\t\t\t\t<div class=\"elementor-widget-container\">\n\t\t\t\t\t<p>AT2 Serveis llev\u00f3 la <strong>direcci\u00f3n de obra, control de calidad y coordinaci\u00f3n de Seguridad y Salud<\/strong> de esta guarder\u00eda, localizada en Viladecans y dise\u00f1ada por Jordi Hidalgo.<\/p>\n<div id=\"gtx-trans\" style=\"position: absolute; left: -60px; top: 1px;\">\n<div class=\"gtx-trans-icon\"><\/div>\n<\/div>\n\t\t\t\t<\/div>\n\t\t\t\t<\/div>\n\t\t\t\t<\/div>\n\t\t\t\t\t<\/div>\n\t\t\t\t<\/div>\n\t\t\t\t<\/div>\n\t\t\t\t<\/div>\n\t\t\t\t<div data-elementor-type=\"loop-item\" data-elementor-id=\"1606\" class=\"elementor elementor-1606 elementor-798 e-loop-item e-loop-item-1667 post-1667 projecte type-projecte status-publish has-post-thumbnail hentry tipologia-de-projecte-edificis-dus-docent\" data-elementor-post-type=\"elementor_library\" data-custom-edit-handle=\"1\">\n\t\t\t<div class=\"elementor-element elementor-element-c2aa851 e-con-full e-grid e-con e-parent\" data-id=\"c2aa851\" data-element_type=\"container\" data-settings=\"{&quot;background_background&quot;:&quot;classic&quot;}\">\n\t\t<div class=\"elementor-element elementor-element-81f2570 e-grid e-con-boxed e-con e-child\" data-id=\"81f2570\" data-element_type=\"container\">\n\t\t\t\t\t<div class=\"e-con-inner\">\n\t\t<div class=\"elementor-element elementor-element-2654ae8 e-con-full e-flex e-con e-child\" data-id=\"2654ae8\" data-element_type=\"container\">\n\t\t\t\t<div class=\"elementor-element elementor-element-d95030b elementor-widget elementor-widget-theme-post-title elementor-page-title elementor-widget-heading\" data-id=\"d95030b\" data-element_type=\"widget\" data-widget_type=\"theme-post-title.default\">\n\t\t\t\t<div class=\"elementor-widget-container\">\n\t\t\t\t\t<h2 class=\"elementor-heading-title elementor-size-default\"><a href=\"https:\/\/www.at2serveis.com\/es\/proyecto\/ceip-joaquim-abril\/\">CEIP Joaquim Abril<\/a><\/h2>\t\t\t\t<\/div>\n\t\t\t\t<\/div>\n\t\t\t\t<div class=\"elementor-element elementor-element-512c1b5 elementor-widget elementor-widget-theme-post-content\" data-id=\"512c1b5\" data-element_type=\"widget\" data-widget_type=\"theme-post-content.default\">\n\t\t\t\t<div class=\"elementor-widget-container\">\n\t\t\t\t\t<p>AT2 Serveis llev\u00f3 la <strong>direcci\u00f3n de obra y control de calidad de la obra<\/strong> del CEIP Joaquim Abril, localizado en Sant Fost y dise\u00f1ado por Miquel Vidal Bassa.<\/p>\n\t\t\t\t<\/div>\n\t\t\t\t<\/div>\n\t\t\t\t<\/div>\n\t\t<div class=\"elementor-element elementor-element-285680d e-con-full e-flex e-con e-child\" data-id=\"285680d\" data-element_type=\"container\">\n\t\t\t\t<div class=\"elementor-element elementor-element-c4705ed dc-has-condition dc-condition-not_empty elementor-widget elementor-widget-theme-post-featured-image elementor-widget-image\" data-id=\"c4705ed\" data-element_type=\"widget\" data-widget_type=\"theme-post-featured-image.default\">\n\t\t\t\t<div class=\"elementor-widget-container\">\n\t\t\t\t\t\t\t\t\t\t\t\t\t\t\t\t<a href=\"https:\/\/www.at2serveis.com\/es\/proyecto\/ceip-joaquim-abril\/\">\n\t\t\t\t\t\t\t<img loading=\"lazy\" decoding=\"async\" width=\"1011\" height=\"758\" src=\"https:\/\/www.at2serveis.com\/wp-content\/uploads\/2025\/01\/Joaquim-Abril-00001.webp\" class=\"attachment-full size-full wp-image-1476\" alt=\"Joaquim Abril\" srcset=\"https:\/\/www.at2serveis.com\/wp-content\/uploads\/2025\/01\/Joaquim-Abril-00001.webp 1011w, https:\/\/www.at2serveis.com\/wp-content\/uploads\/2025\/01\/Joaquim-Abril-00001-300x225.webp 300w, https:\/\/www.at2serveis.com\/wp-content\/uploads\/2025\/01\/Joaquim-Abril-00001-768x576.webp 768w\" sizes=\"(max-width: 1011px) 100vw, 1011px\" \/>\t\t\t\t\t\t\t\t<\/a>\n\t\t\t\t\t\t\t\t\t\t\t\t\t\t\t<\/div>\n\t\t\t\t<\/div>\n\t\t\t\t<\/div>\n\t\t\t\t\t<\/div>\n\t\t\t\t<\/div>\n\t\t\t\t<\/div>\n\t\t\t\t<\/div>\n\t\t\t\t<div data-elementor-type=\"loop-item\" data-elementor-id=\"801\" class=\"elementor elementor-801 elementor-repeater-item-90846ef e-loop-item e-loop-item-1675 post-1675 projecte type-projecte status-publish has-post-thumbnail hentry tipologia-de-projecte-destacats tipologia-de-projecte-edificis-dus-docent\" data-elementor-post-type=\"elementor_library\" data-custom-edit-handle=\"1\">\n\t\t\t<div class=\"elementor-element elementor-element-67b0414 e-con-full e-grid e-con e-parent\" data-id=\"67b0414\" data-element_type=\"container\" data-settings=\"{&quot;background_background&quot;:&quot;classic&quot;}\">\n\t\t<div class=\"elementor-element elementor-element-7e4ea91 e-grid e-con-boxed e-con e-child\" data-id=\"7e4ea91\" data-element_type=\"container\">\n\t\t\t\t\t<div class=\"e-con-inner\">\n\t\t<div class=\"elementor-element elementor-element-0d5af8d e-con-full e-flex e-con e-child\" data-id=\"0d5af8d\" data-element_type=\"container\">\n\t\t\t\t<div class=\"elementor-element elementor-element-bd36f2a dc-has-condition dc-condition-not_empty elementor-widget elementor-widget-theme-post-featured-image elementor-widget-image\" data-id=\"bd36f2a\" data-element_type=\"widget\" data-widget_type=\"theme-post-featured-image.default\">\n\t\t\t\t<div class=\"elementor-widget-container\">\n\t\t\t\t\t\t\t\t\t\t\t\t\t\t\t\t<a href=\"https:\/\/www.at2serveis.com\/es\/proyecto\/escuela-sa-forcanera\/\">\n\t\t\t\t\t\t\t<img loading=\"lazy\" decoding=\"async\" width=\"1164\" height=\"755\" src=\"https:\/\/www.at2serveis.com\/wp-content\/uploads\/2024\/11\/922502_35dd6ef0c3af440f9813fa4b325c0ddamv2.jpg\" class=\"attachment-full size-full wp-image-1380\" alt=\"Escola Sa Forcanera\" srcset=\"https:\/\/www.at2serveis.com\/wp-content\/uploads\/2024\/11\/922502_35dd6ef0c3af440f9813fa4b325c0ddamv2.jpg 1164w, https:\/\/www.at2serveis.com\/wp-content\/uploads\/2024\/11\/922502_35dd6ef0c3af440f9813fa4b325c0ddamv2-300x195.jpg 300w, https:\/\/www.at2serveis.com\/wp-content\/uploads\/2024\/11\/922502_35dd6ef0c3af440f9813fa4b325c0ddamv2-1024x664.jpg 1024w, https:\/\/www.at2serveis.com\/wp-content\/uploads\/2024\/11\/922502_35dd6ef0c3af440f9813fa4b325c0ddamv2-768x498.jpg 768w\" sizes=\"(max-width: 1164px) 100vw, 1164px\" \/>\t\t\t\t\t\t\t\t<\/a>\n\t\t\t\t\t\t\t\t\t\t\t\t\t\t\t<\/div>\n\t\t\t\t<\/div>\n\t\t\t\t<\/div>\n\t\t<div class=\"elementor-element elementor-element-10b05ba e-con-full e-flex e-con e-child\" data-id=\"10b05ba\" data-element_type=\"container\">\n\t\t\t\t<div class=\"elementor-element elementor-element-96bc3f1 elementor-widget elementor-widget-theme-post-title elementor-page-title elementor-widget-heading\" data-id=\"96bc3f1\" data-element_type=\"widget\" data-widget_type=\"theme-post-title.default\">\n\t\t\t\t<div class=\"elementor-widget-container\">\n\t\t\t\t\t<h2 class=\"elementor-heading-title elementor-size-default\"><a href=\"https:\/\/www.at2serveis.com\/es\/proyecto\/escuela-sa-forcanera\/\">Escuela SA Forcanera<\/a><\/h2>\t\t\t\t<\/div>\n\t\t\t\t<\/div>\n\t\t\t\t<div class=\"elementor-element elementor-element-a4dd60b elementor-widget elementor-widget-theme-post-content\" data-id=\"a4dd60b\" data-element_type=\"widget\" data-widget_type=\"theme-post-content.default\">\n\t\t\t\t<div class=\"elementor-widget-container\">\n\t\t\t\t\t<p>AT2 Serveis se encarg\u00f3 de la <strong>direcci\u00f3n de obra<\/strong> de la escuela Sa Forcanera y del <strong>control de calidad de obra<\/strong>. Esta obra ubicada en Blanes, cuenta con 3.639 m2.<\/p>\n<div id=\"gtx-trans\" style=\"position: absolute; left: 4px; top: 1px;\">\n<div class=\"gtx-trans-icon\"><\/div>\n<\/div>\n\t\t\t\t<\/div>\n\t\t\t\t<\/div>\n\t\t\t\t<\/div>\n\t\t\t\t\t<\/div>\n\t\t\t\t<\/div>\n\t\t\t\t<\/div>\n\t\t\t\t<\/div>\n\t\t\t\t<\/div>\n\t\t\n\t\t\t\t\t\t<\/div>\n\t\t\t\t<\/div>\n\t\t\t\t<\/div>\n\t\t<div class=\"elementor-element elementor-element-851f687 e-flex e-con-boxed e-con e-parent\" data-id=\"851f687\" data-element_type=\"container\">\n\t\t\t\t\t<div class=\"e-con-inner\">\n\t\t\t\t<div class=\"elementor-element elementor-element-020ac76 elementor-align-center elementor-widget elementor-widget-button\" data-id=\"020ac76\" data-element_type=\"widget\" data-widget_type=\"button.default\">\n\t\t\t\t<div class=\"elementor-widget-container\">\n\t\t\t\t\t\t\t\t\t<div class=\"elementor-button-wrapper\">\n\t\t\t\t\t<a class=\"elementor-button elementor-button-link elementor-size-sm\" href=\"\/projecte\/\">\n\t\t\t\t\t\t<span class=\"elementor-button-content-wrapper\">\n\t\t\t\t\t\t\t\t\t<span class=\"elementor-button-text\">Volver a proyectos<\/span>\n\t\t\t\t\t<\/span>\n\t\t\t\t\t<\/a>\n\t\t\t\t<\/div>\n\t\t\t\t\t\t\t\t<\/div>\n\t\t\t\t<\/div>\n\t\t\t\t\t<\/div>\n\t\t\t\t<\/div>\n\t\t\t\t<\/div>\n\t\t","protected":false},"excerpt":{"rendered":"<p>Volver a proyectos<\/p>\n","protected":false},"author":1,"featured_media":0,"parent":0,"menu_order":0,"comment_status":"closed","ping_status":"closed","template":"elementor_header_footer","meta":{"_acf_changed":false,"neve_meta_sidebar":"","neve_meta_container":"","neve_meta_enable_content_width":"off","neve_meta_content_width":100,"neve_meta_title_alignment":"","neve_meta_author_avatar":"","neve_post_elements_order":"","neve_meta_disable_header":"","neve_meta_disable_footer":"","neve_meta_disable_title":"","footnotes":""},"class_list":["post-1620","page","type-page","status-publish","hentry"],"acf":[],"yoast_head":"<!-- This site is optimized with the Yoast SEO plugin v25.5 - https:\/\/yoast.com\/wordpress\/plugins\/seo\/ -->\n<title>Proyectos de edificios de uso docente | AT2 Gesti\u00f3n en edificaci\u00f3n<\/title>\n<meta name=\"description\" content=\"AT2 llev\u00f3 la direcci\u00f3n de ejecuci\u00f3n de obra de distintos edificios de uso docente, como el Institut Montsoriu o el CEIP Les Clisques.\" \/>\n<meta name=\"robots\" content=\"index, follow, max-snippet:-1, max-image-preview:large, max-video-preview:-1\" \/>\n<link rel=\"canonical\" href=\"https:\/\/www.at2serveis.com\/es\/edificis-de-uso-docente\/\" \/>\n<meta property=\"og:locale\" content=\"es_ES\" \/>\n<meta property=\"og:type\" content=\"article\" \/>\n<meta property=\"og:title\" content=\"Proyectos de edificios de uso docente | AT2 Gesti\u00f3n en edificaci\u00f3n\" \/>\n<meta property=\"og:description\" content=\"AT2 llev\u00f3 la direcci\u00f3n de ejecuci\u00f3n de obra de distintos edificios de uso docente, como el Institut Montsoriu o el CEIP Les Clisques.\" \/>\n<meta property=\"og:url\" content=\"https:\/\/www.at2serveis.com\/es\/edificis-de-uso-docente\/\" \/>\n<meta property=\"og:site_name\" content=\"AT2 SERVEIS\" \/>\n<meta property=\"article:modified_time\" content=\"2025-02-18T07:57:18+00:00\" \/>\n<meta property=\"og:image\" content=\"https:\/\/www.at2serveis.com\/wp-content\/uploads\/2025\/02\/logo-at2-serveis.png\" \/>\n\t<meta property=\"og:image:width\" content=\"1280\" \/>\n\t<meta property=\"og:image:height\" content=\"720\" \/>\n\t<meta property=\"og:image:type\" content=\"image\/png\" \/>\n<meta name=\"twitter:card\" content=\"summary_large_image\" \/>\n<meta name=\"twitter:label1\" content=\"Tiempo de lectura\" \/>\n\t<meta name=\"twitter:data1\" content=\"1 minuto\" \/>\n<script type=\"application\/ld+json\" class=\"yoast-schema-graph\">{\"@context\":\"https:\/\/schema.org\",\"@graph\":[{\"@type\":\"WebPage\",\"@id\":\"https:\/\/www.at2serveis.com\/es\/edificis-de-uso-docente\/\",\"url\":\"https:\/\/www.at2serveis.com\/es\/edificis-de-uso-docente\/\",\"name\":\"Proyectos de edificios de uso docente | AT2 Gesti\u00f3n en edificaci\u00f3n\",\"isPartOf\":{\"@id\":\"https:\/\/www.at2serveis.com\/es\/#website\"},\"datePublished\":\"2025-01-10T08:33:23+00:00\",\"dateModified\":\"2025-02-18T07:57:18+00:00\",\"description\":\"AT2 llev\u00f3 la direcci\u00f3n de ejecuci\u00f3n de obra de distintos edificios de uso docente, como el Institut Montsoriu o el CEIP Les Clisques.\",\"breadcrumb\":{\"@id\":\"https:\/\/www.at2serveis.com\/es\/edificis-de-uso-docente\/#breadcrumb\"},\"inLanguage\":\"es\",\"potentialAction\":[{\"@type\":\"ReadAction\",\"target\":[\"https:\/\/www.at2serveis.com\/es\/edificis-de-uso-docente\/\"]}]},{\"@type\":\"BreadcrumbList\",\"@id\":\"https:\/\/www.at2serveis.com\/es\/edificis-de-uso-docente\/#breadcrumb\",\"itemListElement\":[{\"@type\":\"ListItem\",\"position\":1,\"name\":\"Inici\",\"item\":\"https:\/\/www.at2serveis.com\/es\/home\/\"},{\"@type\":\"ListItem\",\"position\":2,\"name\":\"Edificios de uso docente\"}]},{\"@type\":\"WebSite\",\"@id\":\"https:\/\/www.at2serveis.com\/es\/#website\",\"url\":\"https:\/\/www.at2serveis.com\/es\/\",\"name\":\"AT2 SERVEIS\",\"description\":\"Direcci\u00f3 i gesti\u00f3 d&#039;obra\",\"publisher\":{\"@id\":\"https:\/\/www.at2serveis.com\/es\/#organization\"},\"alternateName\":\"AT2 SERVEIS - Gesti\u00f3 en edificaci\u00f3\",\"potentialAction\":[{\"@type\":\"SearchAction\",\"target\":{\"@type\":\"EntryPoint\",\"urlTemplate\":\"https:\/\/www.at2serveis.com\/es\/?s={search_term_string}\"},\"query-input\":{\"@type\":\"PropertyValueSpecification\",\"valueRequired\":true,\"valueName\":\"search_term_string\"}}],\"inLanguage\":\"es\"},{\"@type\":\"Organization\",\"@id\":\"https:\/\/www.at2serveis.com\/es\/#organization\",\"name\":\"AT2 SERVEIS\",\"alternateName\":\"AT2 SERVEIS - Gesti\u00f3 en edificaci\u00f3\",\"url\":\"https:\/\/www.at2serveis.com\/es\/\",\"logo\":{\"@type\":\"ImageObject\",\"inLanguage\":\"es\",\"@id\":\"https:\/\/www.at2serveis.com\/es\/#\/schema\/logo\/image\/\",\"url\":\"https:\/\/www.at2serveis.com\/wp-content\/uploads\/2024\/11\/AT2-Serveis-Navicon.png\",\"contentUrl\":\"https:\/\/www.at2serveis.com\/wp-content\/uploads\/2024\/11\/AT2-Serveis-Navicon.png\",\"width\":512,\"height\":512,\"caption\":\"AT2 SERVEIS\"},\"image\":{\"@id\":\"https:\/\/www.at2serveis.com\/es\/#\/schema\/logo\/image\/\"}}]}<\/script>\n<!-- \/ Yoast SEO plugin. -->","yoast_head_json":{"title":"Proyectos de edificios de uso docente | AT2 Gesti\u00f3n en edificaci\u00f3n","description":"AT2 llev\u00f3 la direcci\u00f3n de ejecuci\u00f3n de obra de distintos edificios de uso docente, como el Institut Montsoriu o el CEIP Les Clisques.","robots":{"index":"index","follow":"follow","max-snippet":"max-snippet:-1","max-image-preview":"max-image-preview:large","max-video-preview":"max-video-preview:-1"},"canonical":"https:\/\/www.at2serveis.com\/es\/edificis-de-uso-docente\/","og_locale":"es_ES","og_type":"article","og_title":"Proyectos de edificios de uso docente | AT2 Gesti\u00f3n en edificaci\u00f3n","og_description":"AT2 llev\u00f3 la direcci\u00f3n de ejecuci\u00f3n de obra de distintos edificios de uso docente, como el Institut Montsoriu o el CEIP Les Clisques.","og_url":"https:\/\/www.at2serveis.com\/es\/edificis-de-uso-docente\/","og_site_name":"AT2 SERVEIS","article_modified_time":"2025-02-18T07:57:18+00:00","og_image":[{"width":1280,"height":720,"url":"https:\/\/www.at2serveis.com\/wp-content\/uploads\/2025\/02\/logo-at2-serveis.png","type":"image\/png"}],"twitter_card":"summary_large_image","twitter_misc":{"Tiempo de lectura":"1 minuto"},"schema":{"@context":"https:\/\/schema.org","@graph":[{"@type":"WebPage","@id":"https:\/\/www.at2serveis.com\/es\/edificis-de-uso-docente\/","url":"https:\/\/www.at2serveis.com\/es\/edificis-de-uso-docente\/","name":"Proyectos de edificios de uso docente | AT2 Gesti\u00f3n en edificaci\u00f3n","isPartOf":{"@id":"https:\/\/www.at2serveis.com\/es\/#website"},"datePublished":"2025-01-10T08:33:23+00:00","dateModified":"2025-02-18T07:57:18+00:00","description":"AT2 llev\u00f3 la direcci\u00f3n de ejecuci\u00f3n de obra de distintos edificios de uso docente, como el Institut Montsoriu o el CEIP Les Clisques.","breadcrumb":{"@id":"https:\/\/www.at2serveis.com\/es\/edificis-de-uso-docente\/#breadcrumb"},"inLanguage":"es","potentialAction":[{"@type":"ReadAction","target":["https:\/\/www.at2serveis.com\/es\/edificis-de-uso-docente\/"]}]},{"@type":"BreadcrumbList","@id":"https:\/\/www.at2serveis.com\/es\/edificis-de-uso-docente\/#breadcrumb","itemListElement":[{"@type":"ListItem","position":1,"name":"Inici","item":"https:\/\/www.at2serveis.com\/es\/home\/"},{"@type":"ListItem","position":2,"name":"Edificios de uso docente"}]},{"@type":"WebSite","@id":"https:\/\/www.at2serveis.com\/es\/#website","url":"https:\/\/www.at2serveis.com\/es\/","name":"AT2 SERVEIS","description":"Direcci\u00f3 i gesti\u00f3 d&#039;obra","publisher":{"@id":"https:\/\/www.at2serveis.com\/es\/#organization"},"alternateName":"AT2 SERVEIS - Gesti\u00f3 en edificaci\u00f3","potentialAction":[{"@type":"SearchAction","target":{"@type":"EntryPoint","urlTemplate":"https:\/\/www.at2serveis.com\/es\/?s={search_term_string}"},"query-input":{"@type":"PropertyValueSpecification","valueRequired":true,"valueName":"search_term_string"}}],"inLanguage":"es"},{"@type":"Organization","@id":"https:\/\/www.at2serveis.com\/es\/#organization","name":"AT2 SERVEIS","alternateName":"AT2 SERVEIS - Gesti\u00f3 en edificaci\u00f3","url":"https:\/\/www.at2serveis.com\/es\/","logo":{"@type":"ImageObject","inLanguage":"es","@id":"https:\/\/www.at2serveis.com\/es\/#\/schema\/logo\/image\/","url":"https:\/\/www.at2serveis.com\/wp-content\/uploads\/2024\/11\/AT2-Serveis-Navicon.png","contentUrl":"https:\/\/www.at2serveis.com\/wp-content\/uploads\/2024\/11\/AT2-Serveis-Navicon.png","width":512,"height":512,"caption":"AT2 SERVEIS"},"image":{"@id":"https:\/\/www.at2serveis.com\/es\/#\/schema\/logo\/image\/"}}]}},"_links":{"self":[{"href":"https:\/\/www.at2serveis.com\/es\/wp-json\/wp\/v2\/pages\/1620","targetHints":{"allow":["GET"]}}],"collection":[{"href":"https:\/\/www.at2serveis.com\/es\/wp-json\/wp\/v2\/pages"}],"about":[{"href":"https:\/\/www.at2serveis.com\/es\/wp-json\/wp\/v2\/types\/page"}],"author":[{"embeddable":true,"href":"https:\/\/www.at2serveis.com\/es\/wp-json\/wp\/v2\/users\/1"}],"replies":[{"embeddable":true,"href":"https:\/\/www.at2serveis.com\/es\/wp-json\/wp\/v2\/comments?post=1620"}],"version-history":[{"count":4,"href":"https:\/\/www.at2serveis.com\/es\/wp-json\/wp\/v2\/pages\/1620\/revisions"}],"predecessor-version":[{"id":1720,"href":"https:\/\/www.at2serveis.com\/es\/wp-json\/wp\/v2\/pages\/1620\/revisions\/1720"}],"wp:attachment":[{"href":"https:\/\/www.at2serveis.com\/es\/wp-json\/wp\/v2\/media?parent=1620"}],"curies":[{"name":"wp","href":"https:\/\/api.w.org\/{rel}","templated":true}]}}