{"id":1630,"date":"2025-01-10T09:20:57","date_gmt":"2025-01-10T08:20:57","guid":{"rendered":"https:\/\/www.at2serveis.com\/edificios-residenciales\/"},"modified":"2025-02-18T09:02:45","modified_gmt":"2025-02-18T08:02:45","slug":"edificios-residenciales","status":"publish","type":"page","link":"https:\/\/www.at2serveis.com\/es\/edificios-residenciales\/","title":{"rendered":"Edificios residenciales"},"content":{"rendered":"\t\t<div data-elementor-type=\"wp-page\" data-elementor-id=\"1630\" class=\"elementor elementor-1630 elementor-484\" data-elementor-post-type=\"page\">\n\t\t\t\t<div class=\"elementor-element elementor-element-29283d4 e-flex e-con-boxed e-con e-parent\" data-id=\"29283d4\" data-element_type=\"container\">\n\t\t\t\t\t<div class=\"e-con-inner\">\n\t\t\t\t<div class=\"elementor-element elementor-element-cc8d43c elementor-widget elementor-widget-heading\" data-id=\"cc8d43c\" data-element_type=\"widget\" data-widget_type=\"heading.default\">\n\t\t\t\t<div class=\"elementor-widget-container\">\n\t\t\t\t\t<h1 class=\"elementor-heading-title elementor-size-default\">Edificios residenciales<\/h1>\t\t\t\t<\/div>\n\t\t\t\t<\/div>\n\t\t\t\t\t<\/div>\n\t\t\t\t<\/div>\n\t\t<div class=\"elementor-element elementor-element-464e1e6 e-flex e-con-boxed e-con e-parent\" data-id=\"464e1e6\" data-element_type=\"container\">\n\t\t\t\t\t<div class=\"e-con-inner\">\n\t\t<div class=\"elementor-element elementor-element-940822d e-con-full e-flex e-con e-child\" data-id=\"940822d\" data-element_type=\"container\">\n\t\t\t\t<div class=\"elementor-element elementor-element-b86ef85 elementor-widget elementor-widget-heading\" data-id=\"b86ef85\" data-element_type=\"widget\" data-widget_type=\"heading.default\">\n\t\t\t\t<div class=\"elementor-widget-container\">\n\t\t\t\t\t<h2 class=\"elementor-heading-title elementor-size-default\">Reforma Integral Sant Daniel<\/h2>\t\t\t\t<\/div>\n\t\t\t\t<\/div>\n\t\t\t\t<div class=\"elementor-element elementor-element-17f7332 elementor-widget elementor-widget-text-editor\" data-id=\"17f7332\" data-element_type=\"widget\" data-widget_type=\"text-editor.default\">\n\t\t\t\t<div class=\"elementor-widget-container\">\n\t\t\t\t\t\t\t\t\t<p>AT2 Serveis se encarg\u00f3 de la <strong>direcci\u00f3n de ejecuci\u00f3n de obra, control de calidad y coordinaci\u00f3n de Seguridad y Salud<\/strong> en fase de obra.<\/p>\n\t\t\t\t\t\t\t\t<\/div>\n\t\t\t\t<\/div>\n\t\t\t\t<\/div>\n\t\t<div class=\"elementor-element elementor-element-8b1e8cb e-con-full e-flex e-con e-child\" data-id=\"8b1e8cb\" data-element_type=\"container\">\n\t\t\t\t<div class=\"elementor-element elementor-element-7f4d82d elementor-widget__width-initial elementor-widget elementor-widget-video\" data-id=\"7f4d82d\" data-element_type=\"widget\" data-settings=\"{&quot;video_type&quot;:&quot;vimeo&quot;,&quot;autoplay&quot;:&quot;yes&quot;,&quot;play_on_mobile&quot;:&quot;yes&quot;,&quot;mute&quot;:&quot;yes&quot;,&quot;loop&quot;:&quot;yes&quot;}\" data-widget_type=\"video.default\">\n\t\t\t\t<div class=\"elementor-widget-container\">\n\t\t\t\t\t\t\t<div class=\"elementor-wrapper elementor-open-inline\">\n\t\t\t<iframe class=\"elementor-video-iframe\" allowfullscreen allow=\"autoplay\" title=\"Reproductor de v\u00eddeo vimeo\" src=\"https:\/\/player.vimeo.com\/video\/1047104027?autoplay=1&amp;playsinline=1&amp;color&amp;autopause=0&amp;loop=1&amp;muted=1&amp;title=0&amp;portrait=1&amp;byline=0#t=\"><\/iframe>\t\t<\/div>\n\t\t\t\t\t\t<\/div>\n\t\t\t\t<\/div>\n\t\t\t\t<\/div>\n\t\t\t\t\t<\/div>\n\t\t\t\t<\/div>\n\t\t<div class=\"elementor-element elementor-element-cb4ee65 e-flex e-con-boxed e-con e-parent\" data-id=\"cb4ee65\" data-element_type=\"container\" data-settings=\"{&quot;background_background&quot;:&quot;classic&quot;}\">\n\t\t\t\t\t<div class=\"e-con-inner\">\n\t\t<div class=\"elementor-element elementor-element-f0519fd e-con-full e-flex e-con e-child\" data-id=\"f0519fd\" data-element_type=\"container\">\n\t\t\t\t<div class=\"elementor-element elementor-element-0607f25 elementor-widget elementor-widget-video\" data-id=\"0607f25\" data-element_type=\"widget\" data-settings=\"{&quot;video_type&quot;:&quot;vimeo&quot;,&quot;autoplay&quot;:&quot;yes&quot;,&quot;play_on_mobile&quot;:&quot;yes&quot;,&quot;mute&quot;:&quot;yes&quot;,&quot;loop&quot;:&quot;yes&quot;}\" data-widget_type=\"video.default\">\n\t\t\t\t<div class=\"elementor-widget-container\">\n\t\t\t\t\t\t\t<div class=\"elementor-wrapper elementor-open-inline\">\n\t\t\t<iframe class=\"elementor-video-iframe\" allowfullscreen allow=\"autoplay\" title=\"Reproductor de v\u00eddeo vimeo\" src=\"https:\/\/player.vimeo.com\/video\/1047106243?autoplay=1&amp;playsinline=1&amp;color&amp;autopause=0&amp;loop=1&amp;muted=1&amp;title=0&amp;portrait=1&amp;byline=0#t=\"><\/iframe>\t\t<\/div>\n\t\t\t\t\t\t<\/div>\n\t\t\t\t<\/div>\n\t\t\t\t<\/div>\n\t\t<div class=\"elementor-element elementor-element-0e54eeb e-con-full e-flex e-con e-child\" data-id=\"0e54eeb\" data-element_type=\"container\">\n\t\t\t\t<div class=\"elementor-element elementor-element-b0d5dae elementor-widget elementor-widget-heading\" data-id=\"b0d5dae\" data-element_type=\"widget\" data-widget_type=\"heading.default\">\n\t\t\t\t<div class=\"elementor-widget-container\">\n\t\t\t\t\t<h2 class=\"elementor-heading-title elementor-size-default\">Obra Nueva Casa Unifamiliar<\/h2>\t\t\t\t<\/div>\n\t\t\t\t<\/div>\n\t\t\t\t<div class=\"elementor-element elementor-element-aa31aa2 elementor-widget elementor-widget-text-editor\" data-id=\"aa31aa2\" data-element_type=\"widget\" data-widget_type=\"text-editor.default\">\n\t\t\t\t<div class=\"elementor-widget-container\">\n\t\t\t\t\t\t\t\t\t<p>AT2 Serveis realiz\u00f3 la <strong>direcci\u00f3n de obra, la gesti\u00f3n de obra, el control de calidad y coordinaci\u00f3n de Seguridad y Salud<\/strong> en fase de obra. Esta casa de Llagostera fue dise\u00f1ada por AT2 Serveis.<\/p>\n\t\t\t\t\t\t\t\t<\/div>\n\t\t\t\t<\/div>\n\t\t\t\t<\/div>\n\t\t\t\t\t<\/div>\n\t\t\t\t<\/div>\n\t\t<div class=\"elementor-element elementor-element-c3ddd71 e-flex e-con-boxed e-con e-parent\" data-id=\"c3ddd71\" data-element_type=\"container\">\n\t\t\t\t\t<div class=\"e-con-inner\">\n\t\t<div class=\"elementor-element elementor-element-b1559e4 e-con-full e-flex e-con e-child\" data-id=\"b1559e4\" data-element_type=\"container\">\n\t\t\t\t<div class=\"elementor-element elementor-element-c2afc28 elementor-widget elementor-widget-heading\" data-id=\"c2afc28\" data-element_type=\"widget\" data-widget_type=\"heading.default\">\n\t\t\t\t<div class=\"elementor-widget-container\">\n\t\t\t\t\t<h2 class=\"elementor-heading-title elementor-size-default\">Reforma fachadas y cubierta<\/h2>\t\t\t\t<\/div>\n\t\t\t\t<\/div>\n\t\t\t\t<div class=\"elementor-element elementor-element-c386c56 elementor-widget elementor-widget-text-editor\" data-id=\"c386c56\" data-element_type=\"widget\" data-widget_type=\"text-editor.default\">\n\t\t\t\t<div class=\"elementor-widget-container\">\n\t\t\t\t\t\t\t\t\t<p>AT2 Serveis se encarg\u00f3 del dise\u00f1o as\u00ed como la <strong>direcci\u00f3n de obra, la gesti\u00f3n de obra, el control de calidad y coordinaci\u00f3n de Seguridad y Salud<\/strong> en fase de obra.<\/p>\n\t\t\t\t\t\t\t\t<\/div>\n\t\t\t\t<\/div>\n\t\t\t\t<\/div>\n\t\t<div class=\"elementor-element elementor-element-a1ca900 e-con-full e-flex e-con e-child\" data-id=\"a1ca900\" data-element_type=\"container\">\n\t\t\t\t<div class=\"elementor-element elementor-element-328a96a elementor-widget elementor-widget-video\" data-id=\"328a96a\" data-element_type=\"widget\" data-settings=\"{&quot;video_type&quot;:&quot;vimeo&quot;,&quot;autoplay&quot;:&quot;yes&quot;,&quot;play_on_mobile&quot;:&quot;yes&quot;,&quot;mute&quot;:&quot;yes&quot;,&quot;loop&quot;:&quot;yes&quot;}\" data-widget_type=\"video.default\">\n\t\t\t\t<div class=\"elementor-widget-container\">\n\t\t\t\t\t\t\t<div class=\"elementor-wrapper elementor-open-inline\">\n\t\t\t<iframe class=\"elementor-video-iframe\" allowfullscreen allow=\"autoplay\" title=\"Reproductor de v\u00eddeo vimeo\" src=\"https:\/\/player.vimeo.com\/video\/1047106213?autoplay=1&amp;playsinline=1&amp;color&amp;autopause=0&amp;loop=1&amp;muted=1&amp;title=0&amp;portrait=1&amp;byline=0#t=\"><\/iframe>\t\t<\/div>\n\t\t\t\t\t\t<\/div>\n\t\t\t\t<\/div>\n\t\t\t\t<\/div>\n\t\t\t\t\t<\/div>\n\t\t\t\t<\/div>\n\t\t<div class=\"elementor-element elementor-element-f8d2baa e-flex e-con-boxed e-con e-parent\" data-id=\"f8d2baa\" data-element_type=\"container\" data-settings=\"{&quot;background_background&quot;:&quot;classic&quot;}\">\n\t\t\t\t\t<div class=\"e-con-inner\">\n\t\t\t\t<div class=\"elementor-element elementor-element-3961c75 elementor-widget elementor-widget-heading\" data-id=\"3961c75\" data-element_type=\"widget\" data-widget_type=\"heading.default\">\n\t\t\t\t<div class=\"elementor-widget-container\">\n\t\t\t\t\t<h2 class=\"elementor-heading-title elementor-size-default\">Reforma Pa\u00eds Petit Allotjaments<\/h2>\t\t\t\t<\/div>\n\t\t\t\t<\/div>\n\t\t\t\t<div class=\"elementor-element elementor-element-eee8932 elementor-widget elementor-widget-text-editor\" data-id=\"eee8932\" data-element_type=\"widget\" data-widget_type=\"text-editor.default\">\n\t\t\t\t<div class=\"elementor-widget-container\">\n\t\t\t\t\t\t\t\t\t<p>AT2 Serveis ha realizado el <strong>proyecto y dise\u00f1o<\/strong>, as\u00ed como la <strong>direcci\u00f3n de obra, la direcci\u00f3n de ejecuci\u00f3n, la gesti\u00f3n de obra, el control de calidad, y la coordinaci\u00f3n de Seguridad y Salud<\/strong> de la reforma de los Alojamientos \u00abPa\u00eds Petit\u00bb , en Verges. Inspirados por el dise\u00f1o Empordan\u00e9s, todos los apartamentos est\u00e1n pensados \u200b\u200bpara ser pr\u00e1cticos, funcionales, y acogedores.<\/p>\n\t\t\t\t\t\t\t\t<\/div>\n\t\t\t\t<\/div>\n\t\t<div class=\"elementor-element elementor-element-dae8677 e-con-full e-grid e-con e-child\" data-id=\"dae8677\" data-element_type=\"container\">\n\t\t<div class=\"elementor-element elementor-element-51e5ab4 e-con-full e-flex e-con e-child\" data-id=\"51e5ab4\" data-element_type=\"container\">\n\t\t\t\t<div class=\"elementor-element elementor-element-d1e3df5 elementor-widget elementor-widget-heading\" data-id=\"d1e3df5\" data-element_type=\"widget\" data-widget_type=\"heading.default\">\n\t\t\t\t<div class=\"elementor-widget-container\">\n\t\t\t\t\t<h2 class=\"elementor-heading-title elementor-size-default\">Apartamento \"La Muralla\"<\/h2>\t\t\t\t<\/div>\n\t\t\t\t<\/div>\n\t\t\t\t<div class=\"elementor-element elementor-element-e744756 elementor-arrows-position-inside elementor-widget elementor-widget-image-carousel\" data-id=\"e744756\" data-element_type=\"widget\" data-settings=\"{&quot;slides_to_show&quot;:&quot;1&quot;,&quot;navigation&quot;:&quot;arrows&quot;,&quot;infinite&quot;:&quot;yes&quot;,&quot;effect&quot;:&quot;slide&quot;,&quot;speed&quot;:500}\" data-widget_type=\"image-carousel.default\">\n\t\t\t\t<div class=\"elementor-widget-container\">\n\t\t\t\t\t\t\t<div class=\"elementor-image-carousel-wrapper swiper\" role=\"region\" aria-roledescription=\"carousel\" aria-label=\"Carrusel d&#039;imatges\" dir=\"ltr\">\n\t\t\t<div class=\"elementor-image-carousel swiper-wrapper\" aria-live=\"polite\">\n\t\t\t\t\t\t\t\t<div class=\"swiper-slide\" role=\"group\" aria-roledescription=\"slide\" aria-label=\"1 de 11\"><a data-elementor-open-lightbox=\"yes\" data-elementor-lightbox-slideshow=\"e744756\" data-elementor-lightbox-title=\"Apartament-La-Muralla-00008\" data-e-action-hash=\"#elementor-action%3Aaction%3Dlightbox%26settings%3DeyJpZCI6MTA2NiwidXJsIjoiaHR0cHM6XC9cL3d3dy5hdDJzZXJ2ZWlzLmNvbVwvd3AtY29udGVudFwvdXBsb2Fkc1wvMjAyNVwvMDFcL0FwYXJ0YW1lbnQtTGEtTXVyYWxsYS0wMDAwOC53ZWJwIiwic2xpZGVzaG93IjoiZTc0NDc1NiJ9\" href=\"https:\/\/www.at2serveis.com\/es\/edificios-residenciales\/\"><figure class=\"swiper-slide-inner\"><img decoding=\"async\" class=\"swiper-slide-image\" src=\"https:\/\/www.at2serveis.com\/wp-content\/uploads\/elementor\/thumbs\/Apartament-La-Muralla-00008-r41zrxe7b5i4sfo5s1ev9l3037rko4ji50zt976h78.webp\" alt=\"Apartament La Muralla\" \/><\/figure><\/a><\/div><div class=\"swiper-slide\" role=\"group\" aria-roledescription=\"slide\" aria-label=\"2 de 11\"><a data-elementor-open-lightbox=\"yes\" data-elementor-lightbox-slideshow=\"e744756\" data-elementor-lightbox-title=\"Apartament-La-Muralla-00007\" data-e-action-hash=\"#elementor-action%3Aaction%3Dlightbox%26settings%3DeyJpZCI6MTA2NSwidXJsIjoiaHR0cHM6XC9cL3d3dy5hdDJzZXJ2ZWlzLmNvbVwvd3AtY29udGVudFwvdXBsb2Fkc1wvMjAyNVwvMDFcL0FwYXJ0YW1lbnQtTGEtTXVyYWxsYS0wMDAwNy53ZWJwIiwic2xpZGVzaG93IjoiZTc0NDc1NiJ9\" href=\"https:\/\/www.at2serveis.com\/es\/edificios-residenciales\/\"><figure class=\"swiper-slide-inner\"><img decoding=\"async\" class=\"swiper-slide-image\" src=\"https:\/\/www.at2serveis.com\/wp-content\/uploads\/elementor\/thumbs\/Apartament-La-Muralla-00007-r41zryc1hzjf41msmjthu2ugolmxvtn8h5naqh5310.webp\" alt=\"Apartament La Muralla\" \/><\/figure><\/a><\/div><div class=\"swiper-slide\" role=\"group\" aria-roledescription=\"slide\" aria-label=\"3 de 11\"><a data-elementor-open-lightbox=\"yes\" data-elementor-lightbox-slideshow=\"e744756\" data-elementor-lightbox-title=\"Apartament-La-Muralla-00001\" data-e-action-hash=\"#elementor-action%3Aaction%3Dlightbox%26settings%3DeyJpZCI6MTA1OSwidXJsIjoiaHR0cHM6XC9cL3d3dy5hdDJzZXJ2ZWlzLmNvbVwvd3AtY29udGVudFwvdXBsb2Fkc1wvMjAyNVwvMDFcL0FwYXJ0YW1lbnQtTGEtTXVyYWxsYS0wMDAwMS53ZWJwIiwic2xpZGVzaG93IjoiZTc0NDc1NiJ9\" href=\"https:\/\/www.at2serveis.com\/es\/edificios-residenciales\/\"><figure class=\"swiper-slide-inner\"><img decoding=\"async\" class=\"swiper-slide-image\" src=\"https:\/\/www.at2serveis.com\/wp-content\/uploads\/elementor\/thumbs\/Apartament-La-Muralla-00001-r41zryc1hzjf41msmjthu2ugolmxvtn8h5naqh5310.webp\" alt=\"Apartament La Muralla\" \/><\/figure><\/a><\/div><div class=\"swiper-slide\" role=\"group\" aria-roledescription=\"slide\" aria-label=\"4 de 11\"><a data-elementor-open-lightbox=\"yes\" data-elementor-lightbox-slideshow=\"e744756\" data-elementor-lightbox-title=\"Apartament-La-Muralla-00011\" data-e-action-hash=\"#elementor-action%3Aaction%3Dlightbox%26settings%3DeyJpZCI6MTA2OSwidXJsIjoiaHR0cHM6XC9cL3d3dy5hdDJzZXJ2ZWlzLmNvbVwvd3AtY29udGVudFwvdXBsb2Fkc1wvMjAyNVwvMDFcL0FwYXJ0YW1lbnQtTGEtTXVyYWxsYS0wMDAxMS53ZWJwIiwic2xpZGVzaG93IjoiZTc0NDc1NiJ9\" href=\"https:\/\/www.at2serveis.com\/es\/edificios-residenciales\/\"><figure class=\"swiper-slide-inner\"><img decoding=\"async\" class=\"swiper-slide-image\" src=\"https:\/\/www.at2serveis.com\/wp-content\/uploads\/elementor\/thumbs\/Apartament-La-Muralla-00011-r41zryc1hzjf41msmjthu2ugolmxvtn8h5naqh5310.webp\" alt=\"Apartament La Muralla\" \/><\/figure><\/a><\/div><div class=\"swiper-slide\" role=\"group\" aria-roledescription=\"slide\" aria-label=\"5 de 11\"><a data-elementor-open-lightbox=\"yes\" data-elementor-lightbox-slideshow=\"e744756\" data-elementor-lightbox-title=\"Apartament-La-Muralla-00010\" data-e-action-hash=\"#elementor-action%3Aaction%3Dlightbox%26settings%3DeyJpZCI6MTA2OCwidXJsIjoiaHR0cHM6XC9cL3d3dy5hdDJzZXJ2ZWlzLmNvbVwvd3AtY29udGVudFwvdXBsb2Fkc1wvMjAyNVwvMDFcL0FwYXJ0YW1lbnQtTGEtTXVyYWxsYS0wMDAxMC53ZWJwIiwic2xpZGVzaG93IjoiZTc0NDc1NiJ9\" href=\"https:\/\/www.at2serveis.com\/es\/edificios-residenciales\/\"><figure class=\"swiper-slide-inner\"><img decoding=\"async\" class=\"swiper-slide-image\" src=\"https:\/\/www.at2serveis.com\/wp-content\/uploads\/elementor\/thumbs\/Apartament-La-Muralla-00010-r41zryc1hzjf41msmjthu2ugolmxvtn8h5naqh5310.webp\" alt=\"Apartament La Muralla\" \/><\/figure><\/a><\/div><div class=\"swiper-slide\" role=\"group\" aria-roledescription=\"slide\" aria-label=\"6 de 11\"><a data-elementor-open-lightbox=\"yes\" data-elementor-lightbox-slideshow=\"e744756\" data-elementor-lightbox-title=\"Apartament-La-Muralla-00009\" data-e-action-hash=\"#elementor-action%3Aaction%3Dlightbox%26settings%3DeyJpZCI6MTA2NywidXJsIjoiaHR0cHM6XC9cL3d3dy5hdDJzZXJ2ZWlzLmNvbVwvd3AtY29udGVudFwvdXBsb2Fkc1wvMjAyNVwvMDFcL0FwYXJ0YW1lbnQtTGEtTXVyYWxsYS0wMDAwOS53ZWJwIiwic2xpZGVzaG93IjoiZTc0NDc1NiJ9\" href=\"https:\/\/www.at2serveis.com\/es\/edificios-residenciales\/\"><figure class=\"swiper-slide-inner\"><img decoding=\"async\" class=\"swiper-slide-image\" src=\"https:\/\/www.at2serveis.com\/wp-content\/uploads\/elementor\/thumbs\/Apartament-La-Muralla-00009-r41zryc1hzjf41msmjthu2ugolmxvtn8h5naqh5310.webp\" alt=\"Apartament La Muralla\" \/><\/figure><\/a><\/div><div class=\"swiper-slide\" role=\"group\" aria-roledescription=\"slide\" aria-label=\"7 de 11\"><a data-elementor-open-lightbox=\"yes\" data-elementor-lightbox-slideshow=\"e744756\" data-elementor-lightbox-title=\"Apartament-La-Muralla-00006\" data-e-action-hash=\"#elementor-action%3Aaction%3Dlightbox%26settings%3DeyJpZCI6MTA2NCwidXJsIjoiaHR0cHM6XC9cL3d3dy5hdDJzZXJ2ZWlzLmNvbVwvd3AtY29udGVudFwvdXBsb2Fkc1wvMjAyNVwvMDFcL0FwYXJ0YW1lbnQtTGEtTXVyYWxsYS0wMDAwNi53ZWJwIiwic2xpZGVzaG93IjoiZTc0NDc1NiJ9\" href=\"https:\/\/www.at2serveis.com\/es\/edificios-residenciales\/\"><figure class=\"swiper-slide-inner\"><img decoding=\"async\" class=\"swiper-slide-image\" src=\"https:\/\/www.at2serveis.com\/wp-content\/uploads\/elementor\/thumbs\/Apartament-La-Muralla-00006-r41zryc1hzjf41msmjthu2ugolmxvtn8h5naqh5310.webp\" alt=\"Apartament La Muralla\" \/><\/figure><\/a><\/div><div class=\"swiper-slide\" role=\"group\" aria-roledescription=\"slide\" aria-label=\"8 de 11\"><a data-elementor-open-lightbox=\"yes\" data-elementor-lightbox-slideshow=\"e744756\" data-elementor-lightbox-title=\"Apartament-La-Muralla-00005\" data-e-action-hash=\"#elementor-action%3Aaction%3Dlightbox%26settings%3DeyJpZCI6MTA2MywidXJsIjoiaHR0cHM6XC9cL3d3dy5hdDJzZXJ2ZWlzLmNvbVwvd3AtY29udGVudFwvdXBsb2Fkc1wvMjAyNVwvMDFcL0FwYXJ0YW1lbnQtTGEtTXVyYWxsYS0wMDAwNS53ZWJwIiwic2xpZGVzaG93IjoiZTc0NDc1NiJ9\" href=\"https:\/\/www.at2serveis.com\/es\/edificios-residenciales\/\"><figure class=\"swiper-slide-inner\"><img decoding=\"async\" class=\"swiper-slide-image\" src=\"https:\/\/www.at2serveis.com\/wp-content\/uploads\/elementor\/thumbs\/Apartament-La-Muralla-00005-r41zrxe7b5i4sfo5s1ev9l3037rko4ji50zt976h78.webp\" alt=\"Apartament La Muralla\" \/><\/figure><\/a><\/div><div class=\"swiper-slide\" role=\"group\" aria-roledescription=\"slide\" aria-label=\"9 de 11\"><a data-elementor-open-lightbox=\"yes\" data-elementor-lightbox-slideshow=\"e744756\" data-elementor-lightbox-title=\"Apartament-La-Muralla-00004\" data-e-action-hash=\"#elementor-action%3Aaction%3Dlightbox%26settings%3DeyJpZCI6MTA2MiwidXJsIjoiaHR0cHM6XC9cL3d3dy5hdDJzZXJ2ZWlzLmNvbVwvd3AtY29udGVudFwvdXBsb2Fkc1wvMjAyNVwvMDFcL0FwYXJ0YW1lbnQtTGEtTXVyYWxsYS0wMDAwNC53ZWJwIiwic2xpZGVzaG93IjoiZTc0NDc1NiJ9\" href=\"https:\/\/www.at2serveis.com\/es\/edificios-residenciales\/\"><figure class=\"swiper-slide-inner\"><img decoding=\"async\" class=\"swiper-slide-image\" src=\"https:\/\/www.at2serveis.com\/wp-content\/uploads\/elementor\/thumbs\/Apartament-La-Muralla-00004-r41zrxe7b5i4sfo5s1ev9l3037rko4ji50zt976h78.webp\" alt=\"Apartament La Muralla\" \/><\/figure><\/a><\/div><div class=\"swiper-slide\" role=\"group\" aria-roledescription=\"slide\" aria-label=\"10 de 11\"><a data-elementor-open-lightbox=\"yes\" data-elementor-lightbox-slideshow=\"e744756\" data-elementor-lightbox-title=\"Apartament-La-Muralla-00003\" data-e-action-hash=\"#elementor-action%3Aaction%3Dlightbox%26settings%3DeyJpZCI6MTA2MSwidXJsIjoiaHR0cHM6XC9cL3d3dy5hdDJzZXJ2ZWlzLmNvbVwvd3AtY29udGVudFwvdXBsb2Fkc1wvMjAyNVwvMDFcL0FwYXJ0YW1lbnQtTGEtTXVyYWxsYS0wMDAwMy53ZWJwIiwic2xpZGVzaG93IjoiZTc0NDc1NiJ9\" href=\"https:\/\/www.at2serveis.com\/es\/edificios-residenciales\/\"><figure class=\"swiper-slide-inner\"><img decoding=\"async\" class=\"swiper-slide-image\" src=\"https:\/\/www.at2serveis.com\/wp-content\/uploads\/elementor\/thumbs\/Apartament-La-Muralla-00003-r41zryc1hzjf41msmjthu2ugolmxvtn8h5naqh5310.webp\" alt=\"Apartament La Muralla\" \/><\/figure><\/a><\/div><div class=\"swiper-slide\" role=\"group\" aria-roledescription=\"slide\" aria-label=\"11 de 11\"><a data-elementor-open-lightbox=\"yes\" data-elementor-lightbox-slideshow=\"e744756\" data-elementor-lightbox-title=\"Apartament-La-Muralla-00002\" data-e-action-hash=\"#elementor-action%3Aaction%3Dlightbox%26settings%3DeyJpZCI6MTA2MCwidXJsIjoiaHR0cHM6XC9cL3d3dy5hdDJzZXJ2ZWlzLmNvbVwvd3AtY29udGVudFwvdXBsb2Fkc1wvMjAyNVwvMDFcL0FwYXJ0YW1lbnQtTGEtTXVyYWxsYS0wMDAwMi53ZWJwIiwic2xpZGVzaG93IjoiZTc0NDc1NiJ9\" href=\"https:\/\/www.at2serveis.com\/es\/edificios-residenciales\/\"><figure class=\"swiper-slide-inner\"><img decoding=\"async\" class=\"swiper-slide-image\" src=\"https:\/\/www.at2serveis.com\/wp-content\/uploads\/elementor\/thumbs\/Apartament-La-Muralla-00002-r41zrxe7b5i4sfo5s1ev9l3037rko4ji50zt976h78.webp\" alt=\"Apartament La Muralla\" \/><\/figure><\/a><\/div>\t\t\t<\/div>\n\t\t\t\t\t\t\t\t\t\t\t\t<div class=\"elementor-swiper-button elementor-swiper-button-prev\" role=\"button\" tabindex=\"0\">\n\t\t\t\t\t\t<i aria-hidden=\"true\" class=\"eicon-chevron-left\"><\/i>\t\t\t\t\t<\/div>\n\t\t\t\t\t<div class=\"elementor-swiper-button elementor-swiper-button-next\" role=\"button\" tabindex=\"0\">\n\t\t\t\t\t\t<i aria-hidden=\"true\" class=\"eicon-chevron-right\"><\/i>\t\t\t\t\t<\/div>\n\t\t\t\t\n\t\t\t\t\t\t\t\t\t<\/div>\n\t\t\t\t\t\t<\/div>\n\t\t\t\t<\/div>\n\t\t\t\t<\/div>\n\t\t<div class=\"elementor-element elementor-element-b8fc444 e-con-full e-flex e-con e-child\" data-id=\"b8fc444\" data-element_type=\"container\">\n\t\t\t\t<div class=\"elementor-element elementor-element-05c9f5f elementor-widget elementor-widget-heading\" data-id=\"05c9f5f\" data-element_type=\"widget\" data-widget_type=\"heading.default\">\n\t\t\t\t<div class=\"elementor-widget-container\">\n\t\t\t\t\t<h2 class=\"elementor-heading-title elementor-size-default\">Apartamento \"El Campanar\"<\/h2>\t\t\t\t<\/div>\n\t\t\t\t<\/div>\n\t\t\t\t<div class=\"elementor-element elementor-element-939a205 elementor-arrows-position-inside elementor-widget elementor-widget-image-carousel\" data-id=\"939a205\" data-element_type=\"widget\" data-settings=\"{&quot;slides_to_show&quot;:&quot;1&quot;,&quot;navigation&quot;:&quot;arrows&quot;,&quot;infinite&quot;:&quot;yes&quot;,&quot;effect&quot;:&quot;slide&quot;,&quot;speed&quot;:500}\" data-widget_type=\"image-carousel.default\">\n\t\t\t\t<div class=\"elementor-widget-container\">\n\t\t\t\t\t\t\t<div class=\"elementor-image-carousel-wrapper swiper\" role=\"region\" aria-roledescription=\"carousel\" aria-label=\"Carrusel d&#039;imatges\" dir=\"ltr\">\n\t\t\t<div class=\"elementor-image-carousel swiper-wrapper\" aria-live=\"polite\">\n\t\t\t\t\t\t\t\t<div class=\"swiper-slide\" role=\"group\" aria-roledescription=\"slide\" aria-label=\"1 de 9\"><a data-elementor-open-lightbox=\"yes\" data-elementor-lightbox-slideshow=\"939a205\" data-elementor-lightbox-title=\"Apartament-El-Campanar-00001\" data-e-action-hash=\"#elementor-action%3Aaction%3Dlightbox%26settings%3DeyJpZCI6MTA3MCwidXJsIjoiaHR0cHM6XC9cL3d3dy5hdDJzZXJ2ZWlzLmNvbVwvd3AtY29udGVudFwvdXBsb2Fkc1wvMjAyNVwvMDFcL0FwYXJ0YW1lbnQtRWwtQ2FtcGFuYXItMDAwMDEud2VicCIsInNsaWRlc2hvdyI6IjkzOWEyMDUifQ%3D%3D\" href=\"https:\/\/www.at2serveis.com\/es\/edificios-residenciales\/\"><figure class=\"swiper-slide-inner\"><img decoding=\"async\" class=\"swiper-slide-image\" src=\"https:\/\/www.at2serveis.com\/wp-content\/uploads\/elementor\/thumbs\/Apartament-El-Campanar-00001-r41zrxe7b5i4sfo5s1ev9l3037rko4ji50zt976h78.webp\" alt=\"Apartament El Campanar\" \/><\/figure><\/a><\/div><div class=\"swiper-slide\" role=\"group\" aria-roledescription=\"slide\" aria-label=\"2 de 9\"><a data-elementor-open-lightbox=\"yes\" data-elementor-lightbox-slideshow=\"939a205\" data-elementor-lightbox-title=\"Apartament-El-Campanar-00009\" data-e-action-hash=\"#elementor-action%3Aaction%3Dlightbox%26settings%3DeyJpZCI6MTA3OCwidXJsIjoiaHR0cHM6XC9cL3d3dy5hdDJzZXJ2ZWlzLmNvbVwvd3AtY29udGVudFwvdXBsb2Fkc1wvMjAyNVwvMDFcL0FwYXJ0YW1lbnQtRWwtQ2FtcGFuYXItMDAwMDkud2VicCIsInNsaWRlc2hvdyI6IjkzOWEyMDUifQ%3D%3D\" href=\"https:\/\/www.at2serveis.com\/es\/edificios-residenciales\/\"><figure class=\"swiper-slide-inner\"><img decoding=\"async\" class=\"swiper-slide-image\" src=\"https:\/\/www.at2serveis.com\/wp-content\/uploads\/elementor\/thumbs\/Apartament-El-Campanar-00009-r41zrxe7b5i4sfo5s1ev9l3037rko4ji50zt976h78.webp\" alt=\"Apartament El Campanar\" \/><\/figure><\/a><\/div><div class=\"swiper-slide\" role=\"group\" aria-roledescription=\"slide\" aria-label=\"3 de 9\"><a data-elementor-open-lightbox=\"yes\" data-elementor-lightbox-slideshow=\"939a205\" data-elementor-lightbox-title=\"Apartament-El-Campanar-00008\" data-e-action-hash=\"#elementor-action%3Aaction%3Dlightbox%26settings%3DeyJpZCI6MTA3NywidXJsIjoiaHR0cHM6XC9cL3d3dy5hdDJzZXJ2ZWlzLmNvbVwvd3AtY29udGVudFwvdXBsb2Fkc1wvMjAyNVwvMDFcL0FwYXJ0YW1lbnQtRWwtQ2FtcGFuYXItMDAwMDgud2VicCIsInNsaWRlc2hvdyI6IjkzOWEyMDUifQ%3D%3D\" href=\"https:\/\/www.at2serveis.com\/es\/edificios-residenciales\/\"><figure class=\"swiper-slide-inner\"><img decoding=\"async\" class=\"swiper-slide-image\" src=\"https:\/\/www.at2serveis.com\/wp-content\/uploads\/elementor\/thumbs\/Apartament-El-Campanar-00008-r41zrxe7b5i4sfo5s1ev9l3037rko4ji50zt976h78.webp\" alt=\"Apartament El Campanar\" \/><\/figure><\/a><\/div><div class=\"swiper-slide\" role=\"group\" aria-roledescription=\"slide\" aria-label=\"4 de 9\"><a data-elementor-open-lightbox=\"yes\" data-elementor-lightbox-slideshow=\"939a205\" data-elementor-lightbox-title=\"Apartament-El-Campanar-00007\" data-e-action-hash=\"#elementor-action%3Aaction%3Dlightbox%26settings%3DeyJpZCI6MTA3NiwidXJsIjoiaHR0cHM6XC9cL3d3dy5hdDJzZXJ2ZWlzLmNvbVwvd3AtY29udGVudFwvdXBsb2Fkc1wvMjAyNVwvMDFcL0FwYXJ0YW1lbnQtRWwtQ2FtcGFuYXItMDAwMDcud2VicCIsInNsaWRlc2hvdyI6IjkzOWEyMDUifQ%3D%3D\" href=\"https:\/\/www.at2serveis.com\/es\/edificios-residenciales\/\"><figure class=\"swiper-slide-inner\"><img decoding=\"async\" class=\"swiper-slide-image\" src=\"https:\/\/www.at2serveis.com\/wp-content\/uploads\/elementor\/thumbs\/Apartament-El-Campanar-00007-r41zryc1hzjf41msmjthu2ugolmxvtn8h5naqh5310.webp\" alt=\"Apartament El Campanar\" \/><\/figure><\/a><\/div><div class=\"swiper-slide\" role=\"group\" aria-roledescription=\"slide\" aria-label=\"5 de 9\"><a data-elementor-open-lightbox=\"yes\" data-elementor-lightbox-slideshow=\"939a205\" data-elementor-lightbox-title=\"Apartament-El-Campanar-00006\" data-e-action-hash=\"#elementor-action%3Aaction%3Dlightbox%26settings%3DeyJpZCI6MTA3NSwidXJsIjoiaHR0cHM6XC9cL3d3dy5hdDJzZXJ2ZWlzLmNvbVwvd3AtY29udGVudFwvdXBsb2Fkc1wvMjAyNVwvMDFcL0FwYXJ0YW1lbnQtRWwtQ2FtcGFuYXItMDAwMDYud2VicCIsInNsaWRlc2hvdyI6IjkzOWEyMDUifQ%3D%3D\" href=\"https:\/\/www.at2serveis.com\/es\/edificios-residenciales\/\"><figure class=\"swiper-slide-inner\"><img decoding=\"async\" class=\"swiper-slide-image\" src=\"https:\/\/www.at2serveis.com\/wp-content\/uploads\/elementor\/thumbs\/Apartament-El-Campanar-00006-r41zryc1hzjf41msmjthu2ugolmxvtn8h5naqh5310.webp\" alt=\"Apartament El Campanar\" \/><\/figure><\/a><\/div><div class=\"swiper-slide\" role=\"group\" aria-roledescription=\"slide\" aria-label=\"6 de 9\"><a data-elementor-open-lightbox=\"yes\" data-elementor-lightbox-slideshow=\"939a205\" data-elementor-lightbox-title=\"Apartament-El-Campanar-00005\" data-e-action-hash=\"#elementor-action%3Aaction%3Dlightbox%26settings%3DeyJpZCI6MTA3NCwidXJsIjoiaHR0cHM6XC9cL3d3dy5hdDJzZXJ2ZWlzLmNvbVwvd3AtY29udGVudFwvdXBsb2Fkc1wvMjAyNVwvMDFcL0FwYXJ0YW1lbnQtRWwtQ2FtcGFuYXItMDAwMDUud2VicCIsInNsaWRlc2hvdyI6IjkzOWEyMDUifQ%3D%3D\" href=\"https:\/\/www.at2serveis.com\/es\/edificios-residenciales\/\"><figure class=\"swiper-slide-inner\"><img decoding=\"async\" class=\"swiper-slide-image\" src=\"https:\/\/www.at2serveis.com\/wp-content\/uploads\/elementor\/thumbs\/Apartament-El-Campanar-00005-r41zrxe7b5i4sfo5s1ev9l3037rko4ji50zt976h78.webp\" alt=\"Apartament El Campanar\" \/><\/figure><\/a><\/div><div class=\"swiper-slide\" role=\"group\" aria-roledescription=\"slide\" aria-label=\"7 de 9\"><a data-elementor-open-lightbox=\"yes\" data-elementor-lightbox-slideshow=\"939a205\" data-elementor-lightbox-title=\"Apartament-El-Campanar-00004\" data-e-action-hash=\"#elementor-action%3Aaction%3Dlightbox%26settings%3DeyJpZCI6MTA3MywidXJsIjoiaHR0cHM6XC9cL3d3dy5hdDJzZXJ2ZWlzLmNvbVwvd3AtY29udGVudFwvdXBsb2Fkc1wvMjAyNVwvMDFcL0FwYXJ0YW1lbnQtRWwtQ2FtcGFuYXItMDAwMDQud2VicCIsInNsaWRlc2hvdyI6IjkzOWEyMDUifQ%3D%3D\" href=\"https:\/\/www.at2serveis.com\/es\/edificios-residenciales\/\"><figure class=\"swiper-slide-inner\"><img decoding=\"async\" class=\"swiper-slide-image\" src=\"https:\/\/www.at2serveis.com\/wp-content\/uploads\/elementor\/thumbs\/Apartament-El-Campanar-00004-r41zryc1hzjf41msmjthu2ugolmxvtn8h5naqh5310.webp\" alt=\"Apartament El Campanar\" \/><\/figure><\/a><\/div><div class=\"swiper-slide\" role=\"group\" aria-roledescription=\"slide\" aria-label=\"8 de 9\"><a data-elementor-open-lightbox=\"yes\" data-elementor-lightbox-slideshow=\"939a205\" data-elementor-lightbox-title=\"Apartament-El-Campanar-00003\" data-e-action-hash=\"#elementor-action%3Aaction%3Dlightbox%26settings%3DeyJpZCI6MTA3MiwidXJsIjoiaHR0cHM6XC9cL3d3dy5hdDJzZXJ2ZWlzLmNvbVwvd3AtY29udGVudFwvdXBsb2Fkc1wvMjAyNVwvMDFcL0FwYXJ0YW1lbnQtRWwtQ2FtcGFuYXItMDAwMDMud2VicCIsInNsaWRlc2hvdyI6IjkzOWEyMDUifQ%3D%3D\" href=\"https:\/\/www.at2serveis.com\/es\/edificios-residenciales\/\"><figure class=\"swiper-slide-inner\"><img decoding=\"async\" class=\"swiper-slide-image\" src=\"https:\/\/www.at2serveis.com\/wp-content\/uploads\/elementor\/thumbs\/Apartament-El-Campanar-00003-r41zrxe7b5i4sfo5s1ev9l3037rko4ji50zt976h78.webp\" alt=\"Apartament El Campanar\" \/><\/figure><\/a><\/div><div class=\"swiper-slide\" role=\"group\" aria-roledescription=\"slide\" aria-label=\"9 de 9\"><a data-elementor-open-lightbox=\"yes\" data-elementor-lightbox-slideshow=\"939a205\" data-elementor-lightbox-title=\"Apartament-El-Campanar-00002\" data-e-action-hash=\"#elementor-action%3Aaction%3Dlightbox%26settings%3DeyJpZCI6MTA3MSwidXJsIjoiaHR0cHM6XC9cL3d3dy5hdDJzZXJ2ZWlzLmNvbVwvd3AtY29udGVudFwvdXBsb2Fkc1wvMjAyNVwvMDFcL0FwYXJ0YW1lbnQtRWwtQ2FtcGFuYXItMDAwMDIud2VicCIsInNsaWRlc2hvdyI6IjkzOWEyMDUifQ%3D%3D\" href=\"https:\/\/www.at2serveis.com\/es\/edificios-residenciales\/\"><figure class=\"swiper-slide-inner\"><img decoding=\"async\" class=\"swiper-slide-image\" src=\"https:\/\/www.at2serveis.com\/wp-content\/uploads\/elementor\/thumbs\/Apartament-El-Campanar-00002-r41zryc1hzjf41msmjthu2ugolmxvtn8h5naqh5310.webp\" alt=\"Apartament El Campanar\" \/><\/figure><\/a><\/div>\t\t\t<\/div>\n\t\t\t\t\t\t\t\t\t\t\t\t<div class=\"elementor-swiper-button elementor-swiper-button-prev\" role=\"button\" tabindex=\"0\">\n\t\t\t\t\t\t<i aria-hidden=\"true\" class=\"eicon-chevron-left\"><\/i>\t\t\t\t\t<\/div>\n\t\t\t\t\t<div class=\"elementor-swiper-button elementor-swiper-button-next\" role=\"button\" tabindex=\"0\">\n\t\t\t\t\t\t<i aria-hidden=\"true\" class=\"eicon-chevron-right\"><\/i>\t\t\t\t\t<\/div>\n\t\t\t\t\n\t\t\t\t\t\t\t\t\t<\/div>\n\t\t\t\t\t\t<\/div>\n\t\t\t\t<\/div>\n\t\t\t\t<\/div>\n\t\t<div class=\"elementor-element elementor-element-a8a8287 e-con-full e-flex e-con e-child\" data-id=\"a8a8287\" data-element_type=\"container\">\n\t\t\t\t<div class=\"elementor-element elementor-element-e0f8b2d elementor-widget elementor-widget-heading\" data-id=\"e0f8b2d\" data-element_type=\"widget\" data-widget_type=\"heading.default\">\n\t\t\t\t<div class=\"elementor-widget-container\">\n\t\t\t\t\t<h2 class=\"elementor-heading-title elementor-size-default\">Apartamento \"La Fontvella\"<\/h2>\t\t\t\t<\/div>\n\t\t\t\t<\/div>\n\t\t\t\t<div class=\"elementor-element elementor-element-5a3bfc2 elementor-arrows-position-inside elementor-widget elementor-widget-image-carousel\" data-id=\"5a3bfc2\" data-element_type=\"widget\" data-settings=\"{&quot;slides_to_show&quot;:&quot;1&quot;,&quot;navigation&quot;:&quot;arrows&quot;,&quot;infinite&quot;:&quot;yes&quot;,&quot;effect&quot;:&quot;slide&quot;,&quot;speed&quot;:500}\" data-widget_type=\"image-carousel.default\">\n\t\t\t\t<div class=\"elementor-widget-container\">\n\t\t\t\t\t\t\t<div class=\"elementor-image-carousel-wrapper swiper\" role=\"region\" aria-roledescription=\"carousel\" aria-label=\"Carrusel d&#039;imatges\" dir=\"ltr\">\n\t\t\t<div class=\"elementor-image-carousel swiper-wrapper\" aria-live=\"polite\">\n\t\t\t\t\t\t\t\t<div class=\"swiper-slide\" role=\"group\" aria-roledescription=\"slide\" aria-label=\"1 de 9\"><a data-elementor-open-lightbox=\"yes\" data-elementor-lightbox-slideshow=\"5a3bfc2\" data-elementor-lightbox-title=\"Apartament-La-Font-Vella-00001\" data-e-action-hash=\"#elementor-action%3Aaction%3Dlightbox%26settings%3DeyJpZCI6MTA3OSwidXJsIjoiaHR0cHM6XC9cL3d3dy5hdDJzZXJ2ZWlzLmNvbVwvd3AtY29udGVudFwvdXBsb2Fkc1wvMjAyNVwvMDFcL0FwYXJ0YW1lbnQtTGEtRm9udC1WZWxsYS0wMDAwMS53ZWJwIiwic2xpZGVzaG93IjoiNWEzYmZjMiJ9\" href=\"https:\/\/www.at2serveis.com\/es\/edificios-residenciales\/\"><figure class=\"swiper-slide-inner\"><img decoding=\"async\" class=\"swiper-slide-image\" src=\"https:\/\/www.at2serveis.com\/wp-content\/uploads\/elementor\/thumbs\/Apartament-La-Font-Vella-00001-r41zryc1hzjf41msmjthu2ugolmxvtn8h5naqh5310.webp\" alt=\"Apartament La Font Vella\" \/><\/figure><\/a><\/div><div class=\"swiper-slide\" role=\"group\" aria-roledescription=\"slide\" aria-label=\"2 de 9\"><a data-elementor-open-lightbox=\"yes\" data-elementor-lightbox-slideshow=\"5a3bfc2\" data-elementor-lightbox-title=\"Apartament-La-Font-Vella-00009\" data-e-action-hash=\"#elementor-action%3Aaction%3Dlightbox%26settings%3DeyJpZCI6MTA4NywidXJsIjoiaHR0cHM6XC9cL3d3dy5hdDJzZXJ2ZWlzLmNvbVwvd3AtY29udGVudFwvdXBsb2Fkc1wvMjAyNVwvMDFcL0FwYXJ0YW1lbnQtTGEtRm9udC1WZWxsYS0wMDAwOS53ZWJwIiwic2xpZGVzaG93IjoiNWEzYmZjMiJ9\" href=\"https:\/\/www.at2serveis.com\/es\/edificios-residenciales\/\"><figure class=\"swiper-slide-inner\"><img decoding=\"async\" class=\"swiper-slide-image\" src=\"https:\/\/www.at2serveis.com\/wp-content\/uploads\/elementor\/thumbs\/Apartament-La-Font-Vella-00009-r41zrxe7b5i4sfo5s1ev9l3037rko4ji50zt976h78.webp\" alt=\"Apartament La Font Vella\" \/><\/figure><\/a><\/div><div class=\"swiper-slide\" role=\"group\" aria-roledescription=\"slide\" aria-label=\"3 de 9\"><a data-elementor-open-lightbox=\"yes\" data-elementor-lightbox-slideshow=\"5a3bfc2\" data-elementor-lightbox-title=\"Apartament-La-Font-Vella-00008\" data-e-action-hash=\"#elementor-action%3Aaction%3Dlightbox%26settings%3DeyJpZCI6MTA4NiwidXJsIjoiaHR0cHM6XC9cL3d3dy5hdDJzZXJ2ZWlzLmNvbVwvd3AtY29udGVudFwvdXBsb2Fkc1wvMjAyNVwvMDFcL0FwYXJ0YW1lbnQtTGEtRm9udC1WZWxsYS0wMDAwOC53ZWJwIiwic2xpZGVzaG93IjoiNWEzYmZjMiJ9\" href=\"https:\/\/www.at2serveis.com\/es\/edificios-residenciales\/\"><figure class=\"swiper-slide-inner\"><img decoding=\"async\" class=\"swiper-slide-image\" src=\"https:\/\/www.at2serveis.com\/wp-content\/uploads\/elementor\/thumbs\/Apartament-La-Font-Vella-00008-r41zryc1hzjf41msmjthu2ugolmxvtn8h5naqh5310.webp\" alt=\"Apartament La Font Vella\" \/><\/figure><\/a><\/div><div class=\"swiper-slide\" role=\"group\" aria-roledescription=\"slide\" aria-label=\"4 de 9\"><a data-elementor-open-lightbox=\"yes\" data-elementor-lightbox-slideshow=\"5a3bfc2\" data-elementor-lightbox-title=\"Apartament-La-Font-Vella-00007\" data-e-action-hash=\"#elementor-action%3Aaction%3Dlightbox%26settings%3DeyJpZCI6MTA4NSwidXJsIjoiaHR0cHM6XC9cL3d3dy5hdDJzZXJ2ZWlzLmNvbVwvd3AtY29udGVudFwvdXBsb2Fkc1wvMjAyNVwvMDFcL0FwYXJ0YW1lbnQtTGEtRm9udC1WZWxsYS0wMDAwNy53ZWJwIiwic2xpZGVzaG93IjoiNWEzYmZjMiJ9\" href=\"https:\/\/www.at2serveis.com\/es\/edificios-residenciales\/\"><figure class=\"swiper-slide-inner\"><img decoding=\"async\" class=\"swiper-slide-image\" src=\"https:\/\/www.at2serveis.com\/wp-content\/uploads\/elementor\/thumbs\/Apartament-La-Font-Vella-00007-r41zryc1hzjf41msmjthu2ugolmxvtn8h5naqh5310.webp\" alt=\"Apartament La Font Vella\" \/><\/figure><\/a><\/div><div class=\"swiper-slide\" role=\"group\" aria-roledescription=\"slide\" aria-label=\"5 de 9\"><a data-elementor-open-lightbox=\"yes\" data-elementor-lightbox-slideshow=\"5a3bfc2\" data-elementor-lightbox-title=\"Apartament-La-Font-Vella-00006\" data-e-action-hash=\"#elementor-action%3Aaction%3Dlightbox%26settings%3DeyJpZCI6MTA4NCwidXJsIjoiaHR0cHM6XC9cL3d3dy5hdDJzZXJ2ZWlzLmNvbVwvd3AtY29udGVudFwvdXBsb2Fkc1wvMjAyNVwvMDFcL0FwYXJ0YW1lbnQtTGEtRm9udC1WZWxsYS0wMDAwNi53ZWJwIiwic2xpZGVzaG93IjoiNWEzYmZjMiJ9\" href=\"https:\/\/www.at2serveis.com\/es\/edificios-residenciales\/\"><figure class=\"swiper-slide-inner\"><img decoding=\"async\" class=\"swiper-slide-image\" src=\"https:\/\/www.at2serveis.com\/wp-content\/uploads\/elementor\/thumbs\/Apartament-La-Font-Vella-00006-r41zrxe7b5i4sfo5s1ev9l3037rko4ji50zt976h78.webp\" alt=\"Apartament La Font Vella\" \/><\/figure><\/a><\/div><div class=\"swiper-slide\" role=\"group\" aria-roledescription=\"slide\" aria-label=\"6 de 9\"><a data-elementor-open-lightbox=\"yes\" data-elementor-lightbox-slideshow=\"5a3bfc2\" data-elementor-lightbox-title=\"Apartament-La-Font-Vella-00005\" data-e-action-hash=\"#elementor-action%3Aaction%3Dlightbox%26settings%3DeyJpZCI6MTA4MywidXJsIjoiaHR0cHM6XC9cL3d3dy5hdDJzZXJ2ZWlzLmNvbVwvd3AtY29udGVudFwvdXBsb2Fkc1wvMjAyNVwvMDFcL0FwYXJ0YW1lbnQtTGEtRm9udC1WZWxsYS0wMDAwNS53ZWJwIiwic2xpZGVzaG93IjoiNWEzYmZjMiJ9\" href=\"https:\/\/www.at2serveis.com\/es\/edificios-residenciales\/\"><figure class=\"swiper-slide-inner\"><img decoding=\"async\" class=\"swiper-slide-image\" src=\"https:\/\/www.at2serveis.com\/wp-content\/uploads\/elementor\/thumbs\/Apartament-La-Font-Vella-00005-r41zryc1hzjf41msmjthu2ugolmxvtn8h5naqh5310.webp\" alt=\"Apartament La Font Vella\" \/><\/figure><\/a><\/div><div class=\"swiper-slide\" role=\"group\" aria-roledescription=\"slide\" aria-label=\"7 de 9\"><a data-elementor-open-lightbox=\"yes\" data-elementor-lightbox-slideshow=\"5a3bfc2\" data-elementor-lightbox-title=\"Apartament-La-Font-Vella-00004\" data-e-action-hash=\"#elementor-action%3Aaction%3Dlightbox%26settings%3DeyJpZCI6MTA4MiwidXJsIjoiaHR0cHM6XC9cL3d3dy5hdDJzZXJ2ZWlzLmNvbVwvd3AtY29udGVudFwvdXBsb2Fkc1wvMjAyNVwvMDFcL0FwYXJ0YW1lbnQtTGEtRm9udC1WZWxsYS0wMDAwNC53ZWJwIiwic2xpZGVzaG93IjoiNWEzYmZjMiJ9\" href=\"https:\/\/www.at2serveis.com\/es\/edificios-residenciales\/\"><figure class=\"swiper-slide-inner\"><img decoding=\"async\" class=\"swiper-slide-image\" src=\"https:\/\/www.at2serveis.com\/wp-content\/uploads\/elementor\/thumbs\/Apartament-La-Font-Vella-00004-r41zrxe7b5i4sfo5s1ev9l3037rko4ji50zt976h78.webp\" alt=\"Apartament La Font Vella\" \/><\/figure><\/a><\/div><div class=\"swiper-slide\" role=\"group\" aria-roledescription=\"slide\" aria-label=\"8 de 9\"><a data-elementor-open-lightbox=\"yes\" data-elementor-lightbox-slideshow=\"5a3bfc2\" data-elementor-lightbox-title=\"Apartament-La-Font-Vella-00003\" data-e-action-hash=\"#elementor-action%3Aaction%3Dlightbox%26settings%3DeyJpZCI6MTA4MSwidXJsIjoiaHR0cHM6XC9cL3d3dy5hdDJzZXJ2ZWlzLmNvbVwvd3AtY29udGVudFwvdXBsb2Fkc1wvMjAyNVwvMDFcL0FwYXJ0YW1lbnQtTGEtRm9udC1WZWxsYS0wMDAwMy53ZWJwIiwic2xpZGVzaG93IjoiNWEzYmZjMiJ9\" href=\"https:\/\/www.at2serveis.com\/es\/edificios-residenciales\/\"><figure class=\"swiper-slide-inner\"><img decoding=\"async\" class=\"swiper-slide-image\" src=\"https:\/\/www.at2serveis.com\/wp-content\/uploads\/elementor\/thumbs\/Apartament-La-Font-Vella-00003-r41zryc1hzjf41msmjthu2ugolmxvtn8h5naqh5310.webp\" alt=\"Apartament La Font Vella\" \/><\/figure><\/a><\/div><div class=\"swiper-slide\" role=\"group\" aria-roledescription=\"slide\" aria-label=\"9 de 9\"><a data-elementor-open-lightbox=\"yes\" data-elementor-lightbox-slideshow=\"5a3bfc2\" data-elementor-lightbox-title=\"Apartament-La-Font-Vella-00002\" data-e-action-hash=\"#elementor-action%3Aaction%3Dlightbox%26settings%3DeyJpZCI6MTA4MCwidXJsIjoiaHR0cHM6XC9cL3d3dy5hdDJzZXJ2ZWlzLmNvbVwvd3AtY29udGVudFwvdXBsb2Fkc1wvMjAyNVwvMDFcL0FwYXJ0YW1lbnQtTGEtRm9udC1WZWxsYS0wMDAwMi53ZWJwIiwic2xpZGVzaG93IjoiNWEzYmZjMiJ9\" href=\"https:\/\/www.at2serveis.com\/es\/edificios-residenciales\/\"><figure class=\"swiper-slide-inner\"><img decoding=\"async\" class=\"swiper-slide-image\" src=\"https:\/\/www.at2serveis.com\/wp-content\/uploads\/elementor\/thumbs\/Apartament-La-Font-Vella-00002-r41zrxe7b5i4sfo5s1ev9l3037rko4ji50zt976h78.webp\" alt=\"Apartament La Font Vella\" \/><\/figure><\/a><\/div>\t\t\t<\/div>\n\t\t\t\t\t\t\t\t\t\t\t\t<div class=\"elementor-swiper-button elementor-swiper-button-prev\" role=\"button\" tabindex=\"0\">\n\t\t\t\t\t\t<i aria-hidden=\"true\" class=\"eicon-chevron-left\"><\/i>\t\t\t\t\t<\/div>\n\t\t\t\t\t<div class=\"elementor-swiper-button elementor-swiper-button-next\" role=\"button\" tabindex=\"0\">\n\t\t\t\t\t\t<i aria-hidden=\"true\" class=\"eicon-chevron-right\"><\/i>\t\t\t\t\t<\/div>\n\t\t\t\t\n\t\t\t\t\t\t\t\t\t<\/div>\n\t\t\t\t\t\t<\/div>\n\t\t\t\t<\/div>\n\t\t\t\t<\/div>\n\t\t<div class=\"elementor-element elementor-element-a3d1924 e-con-full e-flex e-con e-child\" data-id=\"a3d1924\" data-element_type=\"container\">\n\t\t\t\t<div class=\"elementor-element elementor-element-e112d87 elementor-widget elementor-widget-heading\" data-id=\"e112d87\" data-element_type=\"widget\" data-widget_type=\"heading.default\">\n\t\t\t\t<div class=\"elementor-widget-container\">\n\t\t\t\t\t<h2 class=\"elementor-heading-title elementor-size-default\">Apartamento \"El Rec del Mol\u00ed\"<\/h2>\t\t\t\t<\/div>\n\t\t\t\t<\/div>\n\t\t\t\t<div class=\"elementor-element elementor-element-ca710f1 elementor-arrows-position-inside elementor-widget elementor-widget-image-carousel\" data-id=\"ca710f1\" data-element_type=\"widget\" data-settings=\"{&quot;slides_to_show&quot;:&quot;1&quot;,&quot;navigation&quot;:&quot;arrows&quot;,&quot;infinite&quot;:&quot;yes&quot;,&quot;effect&quot;:&quot;slide&quot;,&quot;speed&quot;:500}\" data-widget_type=\"image-carousel.default\">\n\t\t\t\t<div class=\"elementor-widget-container\">\n\t\t\t\t\t\t\t<div class=\"elementor-image-carousel-wrapper swiper\" role=\"region\" aria-roledescription=\"carousel\" aria-label=\"Carrusel d&#039;imatges\" dir=\"ltr\">\n\t\t\t<div class=\"elementor-image-carousel swiper-wrapper\" aria-live=\"polite\">\n\t\t\t\t\t\t\t\t<div class=\"swiper-slide\" role=\"group\" aria-roledescription=\"slide\" aria-label=\"1 de 7\"><a data-elementor-open-lightbox=\"yes\" data-elementor-lightbox-slideshow=\"ca710f1\" data-elementor-lightbox-title=\"Apartament-El-Rec-del-Moli-00001\" data-e-action-hash=\"#elementor-action%3Aaction%3Dlightbox%26settings%3DeyJpZCI6MTA4OCwidXJsIjoiaHR0cHM6XC9cL3d3dy5hdDJzZXJ2ZWlzLmNvbVwvd3AtY29udGVudFwvdXBsb2Fkc1wvMjAyNVwvMDFcL0FwYXJ0YW1lbnQtRWwtUmVjLWRlbC1Nb2xpLTAwMDAxLndlYnAiLCJzbGlkZXNob3ciOiJjYTcxMGYxIn0%3D\" href=\"https:\/\/www.at2serveis.com\/es\/edificios-residenciales\/\"><figure class=\"swiper-slide-inner\"><img decoding=\"async\" class=\"swiper-slide-image\" src=\"https:\/\/www.at2serveis.com\/wp-content\/uploads\/elementor\/thumbs\/Apartament-El-Rec-del-Moli-00001-r41zrxe7b5i4sfo5s1ev9l3037rko4ji50zt976h78.webp\" alt=\"Apartament El Rec del Moli\" \/><\/figure><\/a><\/div><div class=\"swiper-slide\" role=\"group\" aria-roledescription=\"slide\" aria-label=\"2 de 7\"><a data-elementor-open-lightbox=\"yes\" data-elementor-lightbox-slideshow=\"ca710f1\" data-elementor-lightbox-title=\"Apartament-El-Rec-del-Moli-00007\" data-e-action-hash=\"#elementor-action%3Aaction%3Dlightbox%26settings%3DeyJpZCI6MTA5NCwidXJsIjoiaHR0cHM6XC9cL3d3dy5hdDJzZXJ2ZWlzLmNvbVwvd3AtY29udGVudFwvdXBsb2Fkc1wvMjAyNVwvMDFcL0FwYXJ0YW1lbnQtRWwtUmVjLWRlbC1Nb2xpLTAwMDA3LndlYnAiLCJzbGlkZXNob3ciOiJjYTcxMGYxIn0%3D\" href=\"https:\/\/www.at2serveis.com\/es\/edificios-residenciales\/\"><figure class=\"swiper-slide-inner\"><img decoding=\"async\" class=\"swiper-slide-image\" src=\"https:\/\/www.at2serveis.com\/wp-content\/uploads\/elementor\/thumbs\/Apartament-El-Rec-del-Moli-00007-r41zryc1hzjf41msmjthu2ugolmxvtn8h5naqh5310.webp\" alt=\"Apartament El Rec del Moli\" \/><\/figure><\/a><\/div><div class=\"swiper-slide\" role=\"group\" aria-roledescription=\"slide\" aria-label=\"3 de 7\"><a data-elementor-open-lightbox=\"yes\" data-elementor-lightbox-slideshow=\"ca710f1\" data-elementor-lightbox-title=\"Apartament-El-Rec-del-Moli-00006\" data-e-action-hash=\"#elementor-action%3Aaction%3Dlightbox%26settings%3DeyJpZCI6MTA5MywidXJsIjoiaHR0cHM6XC9cL3d3dy5hdDJzZXJ2ZWlzLmNvbVwvd3AtY29udGVudFwvdXBsb2Fkc1wvMjAyNVwvMDFcL0FwYXJ0YW1lbnQtRWwtUmVjLWRlbC1Nb2xpLTAwMDA2LndlYnAiLCJzbGlkZXNob3ciOiJjYTcxMGYxIn0%3D\" href=\"https:\/\/www.at2serveis.com\/es\/edificios-residenciales\/\"><figure class=\"swiper-slide-inner\"><img decoding=\"async\" class=\"swiper-slide-image\" src=\"https:\/\/www.at2serveis.com\/wp-content\/uploads\/elementor\/thumbs\/Apartament-El-Rec-del-Moli-00006-r41zryc1hzjf41msmjthu2ugolmxvtn8h5naqh5310.webp\" alt=\"Apartament El Rec del Moli\" \/><\/figure><\/a><\/div><div class=\"swiper-slide\" role=\"group\" aria-roledescription=\"slide\" aria-label=\"4 de 7\"><a data-elementor-open-lightbox=\"yes\" data-elementor-lightbox-slideshow=\"ca710f1\" data-elementor-lightbox-title=\"Apartament-El-Rec-del-Moli-00005\" data-e-action-hash=\"#elementor-action%3Aaction%3Dlightbox%26settings%3DeyJpZCI6MTA5MiwidXJsIjoiaHR0cHM6XC9cL3d3dy5hdDJzZXJ2ZWlzLmNvbVwvd3AtY29udGVudFwvdXBsb2Fkc1wvMjAyNVwvMDFcL0FwYXJ0YW1lbnQtRWwtUmVjLWRlbC1Nb2xpLTAwMDA1LndlYnAiLCJzbGlkZXNob3ciOiJjYTcxMGYxIn0%3D\" href=\"https:\/\/www.at2serveis.com\/es\/edificios-residenciales\/\"><figure class=\"swiper-slide-inner\"><img decoding=\"async\" class=\"swiper-slide-image\" src=\"https:\/\/www.at2serveis.com\/wp-content\/uploads\/elementor\/thumbs\/Apartament-El-Rec-del-Moli-00005-r41zrxe7b5i4sfo5s1ev9l3037rko4ji50zt976h78.webp\" alt=\"Apartament El Rec del Moli\" \/><\/figure><\/a><\/div><div class=\"swiper-slide\" role=\"group\" aria-roledescription=\"slide\" aria-label=\"5 de 7\"><a data-elementor-open-lightbox=\"yes\" data-elementor-lightbox-slideshow=\"ca710f1\" data-elementor-lightbox-title=\"Apartament-El-Rec-del-Moli-00004\" data-e-action-hash=\"#elementor-action%3Aaction%3Dlightbox%26settings%3DeyJpZCI6MTA5MSwidXJsIjoiaHR0cHM6XC9cL3d3dy5hdDJzZXJ2ZWlzLmNvbVwvd3AtY29udGVudFwvdXBsb2Fkc1wvMjAyNVwvMDFcL0FwYXJ0YW1lbnQtRWwtUmVjLWRlbC1Nb2xpLTAwMDA0LndlYnAiLCJzbGlkZXNob3ciOiJjYTcxMGYxIn0%3D\" href=\"https:\/\/www.at2serveis.com\/es\/edificios-residenciales\/\"><figure class=\"swiper-slide-inner\"><img decoding=\"async\" class=\"swiper-slide-image\" src=\"https:\/\/www.at2serveis.com\/wp-content\/uploads\/elementor\/thumbs\/Apartament-El-Rec-del-Moli-00004-r41zrxe7b5i4sfo5s1ev9l3037rko4ji50zt976h78.webp\" alt=\"Apartament El Rec del Moli\" \/><\/figure><\/a><\/div><div class=\"swiper-slide\" role=\"group\" aria-roledescription=\"slide\" aria-label=\"6 de 7\"><a data-elementor-open-lightbox=\"yes\" data-elementor-lightbox-slideshow=\"ca710f1\" data-elementor-lightbox-title=\"Apartament-El-Rec-del-Moli-00003\" data-e-action-hash=\"#elementor-action%3Aaction%3Dlightbox%26settings%3DeyJpZCI6MTA5MCwidXJsIjoiaHR0cHM6XC9cL3d3dy5hdDJzZXJ2ZWlzLmNvbVwvd3AtY29udGVudFwvdXBsb2Fkc1wvMjAyNVwvMDFcL0FwYXJ0YW1lbnQtRWwtUmVjLWRlbC1Nb2xpLTAwMDAzLndlYnAiLCJzbGlkZXNob3ciOiJjYTcxMGYxIn0%3D\" href=\"https:\/\/www.at2serveis.com\/es\/edificios-residenciales\/\"><figure class=\"swiper-slide-inner\"><img decoding=\"async\" class=\"swiper-slide-image\" src=\"https:\/\/www.at2serveis.com\/wp-content\/uploads\/elementor\/thumbs\/Apartament-El-Rec-del-Moli-00003-r41zrxe7b5i4sfo5s1ev9l3037rko4ji50zt976h78.webp\" alt=\"Apartament El Rec del Moli\" \/><\/figure><\/a><\/div><div class=\"swiper-slide\" role=\"group\" aria-roledescription=\"slide\" aria-label=\"7 de 7\"><a data-elementor-open-lightbox=\"yes\" data-elementor-lightbox-slideshow=\"ca710f1\" data-elementor-lightbox-title=\"Apartament-El-Rec-del-Moli-00002\" data-e-action-hash=\"#elementor-action%3Aaction%3Dlightbox%26settings%3DeyJpZCI6MTA4OSwidXJsIjoiaHR0cHM6XC9cL3d3dy5hdDJzZXJ2ZWlzLmNvbVwvd3AtY29udGVudFwvdXBsb2Fkc1wvMjAyNVwvMDFcL0FwYXJ0YW1lbnQtRWwtUmVjLWRlbC1Nb2xpLTAwMDAyLndlYnAiLCJzbGlkZXNob3ciOiJjYTcxMGYxIn0%3D\" href=\"https:\/\/www.at2serveis.com\/es\/edificios-residenciales\/\"><figure class=\"swiper-slide-inner\"><img decoding=\"async\" class=\"swiper-slide-image\" src=\"https:\/\/www.at2serveis.com\/wp-content\/uploads\/elementor\/thumbs\/Apartament-El-Rec-del-Moli-00002-r41zrxe7b5i4sfo5s1ev9l3037rko4ji50zt976h78.webp\" alt=\"Apartament El Rec del Moli\" \/><\/figure><\/a><\/div>\t\t\t<\/div>\n\t\t\t\t\t\t\t\t\t\t\t\t<div class=\"elementor-swiper-button elementor-swiper-button-prev\" role=\"button\" tabindex=\"0\">\n\t\t\t\t\t\t<i aria-hidden=\"true\" class=\"eicon-chevron-left\"><\/i>\t\t\t\t\t<\/div>\n\t\t\t\t\t<div class=\"elementor-swiper-button elementor-swiper-button-next\" role=\"button\" tabindex=\"0\">\n\t\t\t\t\t\t<i aria-hidden=\"true\" class=\"eicon-chevron-right\"><\/i>\t\t\t\t\t<\/div>\n\t\t\t\t\n\t\t\t\t\t\t\t\t\t<\/div>\n\t\t\t\t\t\t<\/div>\n\t\t\t\t<\/div>\n\t\t\t\t<\/div>\n\t\t<div class=\"elementor-element elementor-element-29ed655 e-con-full e-flex e-con e-child\" data-id=\"29ed655\" data-element_type=\"container\">\n\t\t\t\t<div class=\"elementor-element elementor-element-b1fe86c elementor-widget elementor-widget-text-editor\" data-id=\"b1fe86c\" data-element_type=\"widget\" data-widget_type=\"text-editor.default\">\n\t\t\t\t<div class=\"elementor-widget-container\">\n\t\t\t\t\t\t\t\t\t<p>Aparte de 4 alojamientos, Pa\u00eds Petit tambi\u00e9n cuenta con una zona com\u00fan donde poder relajarse y disfrutar de la compa\u00f1\u00eda de los tuyos en un ambiente tranquilo y familiar.<\/p>\n\t\t\t\t\t\t\t\t<\/div>\n\t\t\t\t<\/div>\n\t\t\t\t<\/div>\n\t\t<div class=\"elementor-element elementor-element-b146cd0 e-con-full e-flex e-con e-child\" data-id=\"b146cd0\" data-element_type=\"container\">\n\t\t\t\t<div class=\"elementor-element elementor-element-6ba690f elementor-widget elementor-widget-heading\" data-id=\"6ba690f\" data-element_type=\"widget\" data-widget_type=\"heading.default\">\n\t\t\t\t<div class=\"elementor-widget-container\">\n\t\t\t\t\t<h2 class=\"elementor-heading-title elementor-size-default\">\"La Mota\"<\/h2>\t\t\t\t<\/div>\n\t\t\t\t<\/div>\n\t\t\t\t<div class=\"elementor-element elementor-element-e40deca elementor-arrows-position-inside elementor-widget elementor-widget-image-carousel\" data-id=\"e40deca\" data-element_type=\"widget\" data-settings=\"{&quot;slides_to_show&quot;:&quot;1&quot;,&quot;navigation&quot;:&quot;arrows&quot;,&quot;infinite&quot;:&quot;yes&quot;,&quot;effect&quot;:&quot;slide&quot;,&quot;speed&quot;:500}\" data-widget_type=\"image-carousel.default\">\n\t\t\t\t<div class=\"elementor-widget-container\">\n\t\t\t\t\t\t\t<div class=\"elementor-image-carousel-wrapper swiper\" role=\"region\" aria-roledescription=\"carousel\" aria-label=\"Carrusel d&#039;imatges\" dir=\"ltr\">\n\t\t\t<div class=\"elementor-image-carousel swiper-wrapper\" aria-live=\"polite\">\n\t\t\t\t\t\t\t\t<div class=\"swiper-slide\" role=\"group\" aria-roledescription=\"slide\" aria-label=\"1 de 4\"><a data-elementor-open-lightbox=\"yes\" data-elementor-lightbox-slideshow=\"e40deca\" data-elementor-lightbox-title=\"Apartament-La-Mota-00002\" data-e-action-hash=\"#elementor-action%3Aaction%3Dlightbox%26settings%3DeyJpZCI6MTA5NiwidXJsIjoiaHR0cHM6XC9cL3d3dy5hdDJzZXJ2ZWlzLmNvbVwvd3AtY29udGVudFwvdXBsb2Fkc1wvMjAyNVwvMDFcL0FwYXJ0YW1lbnQtTGEtTW90YS0wMDAwMi53ZWJwIiwic2xpZGVzaG93IjoiZTQwZGVjYSJ9\" href=\"https:\/\/www.at2serveis.com\/es\/edificios-residenciales\/\"><figure class=\"swiper-slide-inner\"><img decoding=\"async\" class=\"swiper-slide-image\" src=\"https:\/\/www.at2serveis.com\/wp-content\/uploads\/elementor\/thumbs\/Apartament-La-Mota-00002-r41zrxe7b5i4sfo5s1ev9l3037rko4ji50zt976h78.webp\" alt=\"Apartament La Mota\" \/><\/figure><\/a><\/div><div class=\"swiper-slide\" role=\"group\" aria-roledescription=\"slide\" aria-label=\"2 de 4\"><a data-elementor-open-lightbox=\"yes\" data-elementor-lightbox-slideshow=\"e40deca\" data-elementor-lightbox-title=\"Apartament-La-Mota-00001\" data-e-action-hash=\"#elementor-action%3Aaction%3Dlightbox%26settings%3DeyJpZCI6MTA5NSwidXJsIjoiaHR0cHM6XC9cL3d3dy5hdDJzZXJ2ZWlzLmNvbVwvd3AtY29udGVudFwvdXBsb2Fkc1wvMjAyNVwvMDFcL0FwYXJ0YW1lbnQtTGEtTW90YS0wMDAwMS53ZWJwIiwic2xpZGVzaG93IjoiZTQwZGVjYSJ9\" href=\"https:\/\/www.at2serveis.com\/es\/edificios-residenciales\/\"><figure class=\"swiper-slide-inner\"><img decoding=\"async\" class=\"swiper-slide-image\" src=\"https:\/\/www.at2serveis.com\/wp-content\/uploads\/elementor\/thumbs\/Apartament-La-Mota-00001-r41zryc1hzjf41msmjthu2ugolmxvtn8h5naqh5310.webp\" alt=\"Apartament La Mota\" \/><\/figure><\/a><\/div><div class=\"swiper-slide\" role=\"group\" aria-roledescription=\"slide\" aria-label=\"3 de 4\"><a data-elementor-open-lightbox=\"yes\" data-elementor-lightbox-slideshow=\"e40deca\" data-elementor-lightbox-title=\"Apartament-La-Mota-00004\" data-e-action-hash=\"#elementor-action%3Aaction%3Dlightbox%26settings%3DeyJpZCI6MTA5OCwidXJsIjoiaHR0cHM6XC9cL3d3dy5hdDJzZXJ2ZWlzLmNvbVwvd3AtY29udGVudFwvdXBsb2Fkc1wvMjAyNVwvMDFcL0FwYXJ0YW1lbnQtTGEtTW90YS0wMDAwNC53ZWJwIiwic2xpZGVzaG93IjoiZTQwZGVjYSJ9\" href=\"https:\/\/www.at2serveis.com\/es\/edificios-residenciales\/\"><figure class=\"swiper-slide-inner\"><img decoding=\"async\" class=\"swiper-slide-image\" src=\"https:\/\/www.at2serveis.com\/wp-content\/uploads\/elementor\/thumbs\/Apartament-La-Mota-00004-r41zryc1hzjf41msmjthu2ugolmxvtn8h5naqh5310.webp\" alt=\"Apartament La Mota\" \/><\/figure><\/a><\/div><div class=\"swiper-slide\" role=\"group\" aria-roledescription=\"slide\" aria-label=\"4 de 4\"><a data-elementor-open-lightbox=\"yes\" data-elementor-lightbox-slideshow=\"e40deca\" data-elementor-lightbox-title=\"Apartament-La-Mota-00003\" data-e-action-hash=\"#elementor-action%3Aaction%3Dlightbox%26settings%3DeyJpZCI6MTA5NywidXJsIjoiaHR0cHM6XC9cL3d3dy5hdDJzZXJ2ZWlzLmNvbVwvd3AtY29udGVudFwvdXBsb2Fkc1wvMjAyNVwvMDFcL0FwYXJ0YW1lbnQtTGEtTW90YS0wMDAwMy53ZWJwIiwic2xpZGVzaG93IjoiZTQwZGVjYSJ9\" href=\"https:\/\/www.at2serveis.com\/es\/edificios-residenciales\/\"><figure class=\"swiper-slide-inner\"><img decoding=\"async\" class=\"swiper-slide-image\" src=\"https:\/\/www.at2serveis.com\/wp-content\/uploads\/elementor\/thumbs\/Apartament-La-Mota-00003-r41zrxe7b5i4sfo5s1ev9l3037rko4ji50zt976h78.webp\" alt=\"Apartament La Mota\" \/><\/figure><\/a><\/div>\t\t\t<\/div>\n\t\t\t\t\t\t\t\t\t\t\t\t<div class=\"elementor-swiper-button elementor-swiper-button-prev\" role=\"button\" tabindex=\"0\">\n\t\t\t\t\t\t<i aria-hidden=\"true\" class=\"eicon-chevron-left\"><\/i>\t\t\t\t\t<\/div>\n\t\t\t\t\t<div class=\"elementor-swiper-button elementor-swiper-button-next\" role=\"button\" tabindex=\"0\">\n\t\t\t\t\t\t<i aria-hidden=\"true\" class=\"eicon-chevron-right\"><\/i>\t\t\t\t\t<\/div>\n\t\t\t\t\n\t\t\t\t\t\t\t\t\t<\/div>\n\t\t\t\t\t\t<\/div>\n\t\t\t\t<\/div>\n\t\t\t\t<\/div>\n\t\t\t\t<\/div>\n\t\t\t\t\t<\/div>\n\t\t\t\t<\/div>\n\t\t<div class=\"elementor-element elementor-element-542edb9 e-con-full e-flex e-con e-parent\" data-id=\"542edb9\" data-element_type=\"container\">\n\t\t\t\t<div class=\"elementor-element elementor-element-a3bc414 elementor-grid-1 elementor-grid-tablet-1 elementor-grid-mobile-1 elementor-widget elementor-widget-loop-grid\" data-id=\"a3bc414\" data-element_type=\"widget\" data-settings=\"{&quot;template_id&quot;:1606,&quot;columns&quot;:1,&quot;alternate_template&quot;:&quot;yes&quot;,&quot;row_gap&quot;:{&quot;unit&quot;:&quot;px&quot;,&quot;size&quot;:0,&quot;sizes&quot;:[]},&quot;columns_tablet&quot;:1,&quot;_skin&quot;:&quot;post&quot;,&quot;columns_mobile&quot;:&quot;1&quot;,&quot;edit_handle_selector&quot;:&quot;[data-elementor-type=\\&quot;loop-item\\&quot;]&quot;,&quot;row_gap_laptop&quot;:{&quot;unit&quot;:&quot;px&quot;,&quot;size&quot;:&quot;&quot;,&quot;sizes&quot;:[]},&quot;row_gap_tablet&quot;:{&quot;unit&quot;:&quot;px&quot;,&quot;size&quot;:&quot;&quot;,&quot;sizes&quot;:[]},&quot;row_gap_mobile&quot;:{&quot;unit&quot;:&quot;px&quot;,&quot;size&quot;:&quot;&quot;,&quot;sizes&quot;:[]}}\" data-widget_type=\"loop-grid.post\">\n\t\t\t\t<div class=\"elementor-widget-container\">\n\t\t\t\t\t\t\t<div class=\"elementor-loop-container elementor-grid\" role=\"list\">\n\t\t<style id=\"loop-1606\">.elementor-1606 .elementor-element.elementor-element-c2aa851{--display:grid;--e-con-grid-template-columns:repeat(1, 1fr);--e-con-grid-template-rows:repeat(1, 1fr);--gap:0px 0px;--row-gap:0px;--column-gap:0px;--grid-auto-flow:row;--justify-items:center;--overflow:hidden;--padding-top:4%;--padding-bottom:4%;--padding-left:0%;--padding-right:0%;}.elementor-1606 .elementor-element.elementor-element-c2aa851:not(.elementor-motion-effects-element-type-background), .elementor-1606 .elementor-element.elementor-element-c2aa851 > .elementor-motion-effects-container > .elementor-motion-effects-layer{background-color:var( --e-global-color-nvsitebg );}.elementor-1606 .elementor-element.elementor-element-81f2570{--display:grid;--e-con-grid-template-columns:repeat(2, 1fr);--e-con-grid-template-rows:repeat(1, 1fr);--gap:30px 30px;--row-gap:30px;--column-gap:30px;--grid-auto-flow:row;--justify-items:center;--overflow:hidden;--padding-top:0px;--padding-bottom:0px;--padding-left:0px;--padding-right:0px;}.elementor-1606 .elementor-element.elementor-element-81f2570.e-con{--align-self:center;}.elementor-1606 .elementor-element.elementor-element-2654ae8{--display:flex;--overflow:hidden;--padding-top:0px;--padding-bottom:0px;--padding-left:0px;--padding-right:0px;}.elementor-1606 .elementor-element.elementor-element-d95030b .elementor-heading-title{font-size:1.5rem;line-height:2rem;}.elementor-1606 .elementor-element.elementor-element-512c1b5{color:var( --e-global-color-text );}.elementor-1606 .elementor-element.elementor-element-285680d{--display:flex;--flex-direction:column;--container-widget-width:100%;--container-widget-height:initial;--container-widget-flex-grow:0;--container-widget-align-self:initial;--flex-wrap-mobile:wrap;--gap:0px 0px;--row-gap:0px;--column-gap:0px;--overflow:hidden;--padding-top:0px;--padding-bottom:0px;--padding-left:0px;--padding-right:0px;}.elementor-1606 .elementor-element.elementor-element-a55e469{--e-image-carousel-slides-to-show:1;}.elementor-1606 .elementor-element.elementor-element-a55e469 .elementor-swiper-button.elementor-swiper-button-prev, .elementor-1606 .elementor-element.elementor-element-a55e469 .elementor-swiper-button.elementor-swiper-button-next{color:var( --e-global-color-nvsitebg );}.elementor-1606 .elementor-element.elementor-element-a55e469 .elementor-swiper-button.elementor-swiper-button-prev svg, .elementor-1606 .elementor-element.elementor-element-a55e469 .elementor-swiper-button.elementor-swiper-button-next svg{fill:var( --e-global-color-nvsitebg );}.elementor-1606 .elementor-element.elementor-element-a55e469 .elementor-image-carousel-wrapper .elementor-image-carousel .swiper-slide-image{border-style:none;}@media(max-width:1440px){.elementor-1606 .elementor-element.elementor-element-c2aa851{--grid-auto-flow:row;--padding-top:4%;--padding-bottom:4%;--padding-left:4%;--padding-right:4%;}.elementor-1606 .elementor-element.elementor-element-81f2570{--grid-auto-flow:row;}}@media(max-width:1024px){.elementor-1606 .elementor-element.elementor-element-c2aa851{--grid-auto-flow:row;--padding-top:40px;--padding-bottom:40px;--padding-left:40px;--padding-right:40px;}.elementor-1606 .elementor-element.elementor-element-81f2570{--grid-auto-flow:row;}}@media(max-width:767px){.elementor-1606 .elementor-element.elementor-element-c2aa851{--e-con-grid-template-columns:repeat(1, 1fr);--grid-auto-flow:row;--padding-top:30px;--padding-bottom:30px;--padding-left:30px;--padding-right:30px;}.elementor-1606 .elementor-element.elementor-element-81f2570{--e-con-grid-template-columns:repeat(1, 1fr);--e-con-grid-template-rows:repeat(2, 1fr);--grid-auto-flow:column;}}<\/style>\t\t<div data-elementor-type=\"loop-item\" data-elementor-id=\"1606\" class=\"elementor elementor-1606 elementor-798 e-loop-item e-loop-item-1684 post-1684 projecte type-projecte status-publish has-post-thumbnail hentry tipologia-de-projecte-edificis-residencials\" data-elementor-post-type=\"elementor_library\" data-custom-edit-handle=\"1\">\n\t\t\t<div class=\"elementor-element elementor-element-c2aa851 e-con-full e-grid e-con e-parent\" data-id=\"c2aa851\" data-element_type=\"container\" data-settings=\"{&quot;background_background&quot;:&quot;classic&quot;}\">\n\t\t<div class=\"elementor-element elementor-element-81f2570 e-grid e-con-boxed e-con e-child\" data-id=\"81f2570\" data-element_type=\"container\">\n\t\t\t\t\t<div class=\"e-con-inner\">\n\t\t<div class=\"elementor-element elementor-element-2654ae8 e-con-full e-flex e-con e-child\" data-id=\"2654ae8\" data-element_type=\"container\">\n\t\t\t\t<div class=\"elementor-element elementor-element-d95030b elementor-widget elementor-widget-theme-post-title elementor-page-title elementor-widget-heading\" data-id=\"d95030b\" data-element_type=\"widget\" data-widget_type=\"theme-post-title.default\">\n\t\t\t\t<div class=\"elementor-widget-container\">\n\t\t\t\t\t<h2 class=\"elementor-heading-title elementor-size-default\"><a href=\"https:\/\/www.at2serveis.com\/es\/proyecto\/reforma-joan-maragall\/\">Reforma Joan Maragall<\/a><\/h2>\t\t\t\t<\/div>\n\t\t\t\t<\/div>\n\t\t\t\t<div class=\"elementor-element elementor-element-512c1b5 elementor-widget elementor-widget-theme-post-content\" data-id=\"512c1b5\" data-element_type=\"widget\" data-widget_type=\"theme-post-content.default\">\n\t\t\t\t<div class=\"elementor-widget-container\">\n\t\t\t\t\t<p>AT2 Serveis realiz\u00f3 la <strong>direcci\u00f3n de obra, la gesti\u00f3n de obra, el control de calidad y coordinaci\u00f3n de Seguridad y Salud<\/strong> en fase de obra. Este piso, localizado en Joan Maragall, Gerona, fue dise\u00f1ado y reformado por AT2 Serveis.<\/p>\n<div id=\"gtx-trans\" style=\"position: absolute; left: -19px; top: 1px;\">\n<div class=\"gtx-trans-icon\"><\/div>\n<\/div>\n\t\t\t\t<\/div>\n\t\t\t\t<\/div>\n\t\t\t\t<\/div>\n\t\t<div class=\"elementor-element elementor-element-285680d e-con-full e-flex e-con e-child\" data-id=\"285680d\" data-element_type=\"container\">\n\t\t\t\t<div class=\"elementor-element elementor-element-c4705ed dc-has-condition dc-condition-not_empty elementor-widget elementor-widget-theme-post-featured-image elementor-widget-image\" data-id=\"c4705ed\" data-element_type=\"widget\" data-widget_type=\"theme-post-featured-image.default\">\n\t\t\t\t<div class=\"elementor-widget-container\">\n\t\t\t\t\t\t\t\t\t\t\t\t\t\t\t\t<a href=\"https:\/\/www.at2serveis.com\/es\/proyecto\/reforma-joan-maragall\/\">\n\t\t\t\t\t\t\t<img fetchpriority=\"high\" decoding=\"async\" width=\"1250\" height=\"833\" src=\"https:\/\/www.at2serveis.com\/wp-content\/uploads\/2025\/01\/Reforma-Joan-Maragall-00005.webp\" class=\"attachment-full size-full wp-image-1540\" alt=\"Reforma Joan Maragall\" srcset=\"https:\/\/www.at2serveis.com\/wp-content\/uploads\/2025\/01\/Reforma-Joan-Maragall-00005.webp 1250w, https:\/\/www.at2serveis.com\/wp-content\/uploads\/2025\/01\/Reforma-Joan-Maragall-00005-300x200.webp 300w, https:\/\/www.at2serveis.com\/wp-content\/uploads\/2025\/01\/Reforma-Joan-Maragall-00005-1024x682.webp 1024w, https:\/\/www.at2serveis.com\/wp-content\/uploads\/2025\/01\/Reforma-Joan-Maragall-00005-768x512.webp 768w, https:\/\/www.at2serveis.com\/wp-content\/uploads\/2025\/01\/Reforma-Joan-Maragall-00005-930x620.webp 930w\" sizes=\"(max-width: 1250px) 100vw, 1250px\" \/>\t\t\t\t\t\t\t\t<\/a>\n\t\t\t\t\t\t\t\t\t\t\t\t\t\t\t<\/div>\n\t\t\t\t<\/div>\n\t\t\t\t<\/div>\n\t\t\t\t\t<\/div>\n\t\t\t\t<\/div>\n\t\t\t\t<\/div>\n\t\t\t\t<\/div>\n\t\t<style id=\"loop-801\">.elementor-801 .elementor-element.elementor-element-67b0414{--display:grid;--e-con-grid-template-columns:repeat(1, 1fr);--e-con-grid-template-rows:repeat(1, 1fr);--gap:0px 0px;--row-gap:0px;--column-gap:0px;--grid-auto-flow:row;--justify-items:center;--overflow:hidden;--padding-top:4%;--padding-bottom:4%;--padding-left:0%;--padding-right:0%;}.elementor-801 .elementor-element.elementor-element-67b0414:not(.elementor-motion-effects-element-type-background), .elementor-801 .elementor-element.elementor-element-67b0414 > .elementor-motion-effects-container > .elementor-motion-effects-layer{background-color:var( --e-global-color-4d99882 );}.elementor-801 .elementor-element.elementor-element-7e4ea91{--display:grid;--e-con-grid-template-columns:repeat(2, 1fr);--e-con-grid-template-rows:repeat(1, 1fr);--gap:30px 30px;--row-gap:30px;--column-gap:30px;--grid-auto-flow:row;--justify-items:center;--overflow:hidden;--padding-top:0px;--padding-bottom:0px;--padding-left:0px;--padding-right:0px;}.elementor-801 .elementor-element.elementor-element-7e4ea91.e-con{--align-self:center;}.elementor-801 .elementor-element.elementor-element-0d5af8d{--display:flex;--flex-direction:column;--container-widget-width:100%;--container-widget-height:initial;--container-widget-flex-grow:0;--container-widget-align-self:initial;--flex-wrap-mobile:wrap;--gap:0px 0px;--row-gap:0px;--column-gap:0px;--overflow:hidden;--padding-top:0px;--padding-bottom:0px;--padding-left:0px;--padding-right:0px;}.elementor-801 .elementor-element.elementor-element-6422016{--e-image-carousel-slides-to-show:1;}.elementor-801 .elementor-element.elementor-element-6422016 .elementor-swiper-button.elementor-swiper-button-prev, .elementor-801 .elementor-element.elementor-element-6422016 .elementor-swiper-button.elementor-swiper-button-next{color:var( --e-global-color-nvsitebg );}.elementor-801 .elementor-element.elementor-element-6422016 .elementor-swiper-button.elementor-swiper-button-prev svg, .elementor-801 .elementor-element.elementor-element-6422016 .elementor-swiper-button.elementor-swiper-button-next svg{fill:var( --e-global-color-nvsitebg );}.elementor-801 .elementor-element.elementor-element-6422016 .elementor-image-carousel-wrapper .elementor-image-carousel .swiper-slide-image{border-style:none;}.elementor-801 .elementor-element.elementor-element-10b05ba{--display:flex;--overflow:hidden;--padding-top:0px;--padding-bottom:0px;--padding-left:0px;--padding-right:0px;}.elementor-801 .elementor-element.elementor-element-96bc3f1 .elementor-heading-title{font-size:1.5rem;line-height:2rem;}.elementor-801 .elementor-element.elementor-element-a4dd60b{color:var( --e-global-color-text );}@media(max-width:1440px){.elementor-801 .elementor-element.elementor-element-67b0414{--grid-auto-flow:row;--padding-top:4%;--padding-bottom:4%;--padding-left:4%;--padding-right:4%;}.elementor-801 .elementor-element.elementor-element-7e4ea91{--grid-auto-flow:row;}}@media(max-width:1024px){.elementor-801 .elementor-element.elementor-element-67b0414{--grid-auto-flow:row;--padding-top:40px;--padding-bottom:40px;--padding-left:40px;--padding-right:40px;}.elementor-801 .elementor-element.elementor-element-7e4ea91{--grid-auto-flow:row;}}@media(max-width:767px){.elementor-801 .elementor-element.elementor-element-67b0414{--e-con-grid-template-columns:repeat(1, 1fr);--grid-auto-flow:row;--padding-top:30px;--padding-bottom:30px;--padding-left:30px;--padding-right:30px;}.elementor-801 .elementor-element.elementor-element-7e4ea91{--e-con-grid-template-columns:repeat(1, 1fr);--grid-auto-flow:row;}}<\/style>\t\t<div data-elementor-type=\"loop-item\" data-elementor-id=\"801\" class=\"elementor elementor-801 elementor-repeater-item-90846ef e-loop-item e-loop-item-1676 post-1676 projecte type-projecte status-publish has-post-thumbnail hentry tipologia-de-projecte-destacats tipologia-de-projecte-edificis-residencials\" data-elementor-post-type=\"elementor_library\" data-custom-edit-handle=\"1\">\n\t\t\t<div class=\"elementor-element elementor-element-67b0414 e-con-full e-grid e-con e-parent\" data-id=\"67b0414\" data-element_type=\"container\" data-settings=\"{&quot;background_background&quot;:&quot;classic&quot;}\">\n\t\t<div class=\"elementor-element elementor-element-7e4ea91 e-grid e-con-boxed e-con e-child\" data-id=\"7e4ea91\" data-element_type=\"container\">\n\t\t\t\t\t<div class=\"e-con-inner\">\n\t\t<div class=\"elementor-element elementor-element-0d5af8d e-con-full e-flex e-con e-child\" data-id=\"0d5af8d\" data-element_type=\"container\">\n\t\t\t\t<div class=\"elementor-element elementor-element-bd36f2a dc-has-condition dc-condition-not_empty elementor-widget elementor-widget-theme-post-featured-image elementor-widget-image\" data-id=\"bd36f2a\" data-element_type=\"widget\" data-widget_type=\"theme-post-featured-image.default\">\n\t\t\t\t<div class=\"elementor-widget-container\">\n\t\t\t\t\t\t\t\t\t\t\t\t\t\t\t\t<a href=\"https:\/\/www.at2serveis.com\/es\/proyecto\/vivienda-alt-standing\/\">\n\t\t\t\t\t\t\t<img decoding=\"async\" width=\"449\" height=\"486\" src=\"https:\/\/www.at2serveis.com\/wp-content\/uploads\/2025\/01\/Habitatge-Alt-Standin00003.avif\" class=\"attachment-full size-full wp-image-1535\" alt=\"Habitatge-Alt-Standing\" srcset=\"https:\/\/www.at2serveis.com\/wp-content\/uploads\/2025\/01\/Habitatge-Alt-Standin00003.avif 449w, https:\/\/www.at2serveis.com\/wp-content\/uploads\/2025\/01\/Habitatge-Alt-Standin00003-277x300.avif 277w\" sizes=\"(max-width: 449px) 100vw, 449px\" \/>\t\t\t\t\t\t\t\t<\/a>\n\t\t\t\t\t\t\t\t\t\t\t\t\t\t\t<\/div>\n\t\t\t\t<\/div>\n\t\t\t\t<\/div>\n\t\t<div class=\"elementor-element elementor-element-10b05ba e-con-full e-flex e-con e-child\" data-id=\"10b05ba\" data-element_type=\"container\">\n\t\t\t\t<div class=\"elementor-element elementor-element-96bc3f1 elementor-widget elementor-widget-theme-post-title elementor-page-title elementor-widget-heading\" data-id=\"96bc3f1\" data-element_type=\"widget\" data-widget_type=\"theme-post-title.default\">\n\t\t\t\t<div class=\"elementor-widget-container\">\n\t\t\t\t\t<h2 class=\"elementor-heading-title elementor-size-default\"><a href=\"https:\/\/www.at2serveis.com\/es\/proyecto\/vivienda-alt-standing\/\">Vivienda Alt Standing<\/a><\/h2>\t\t\t\t<\/div>\n\t\t\t\t<\/div>\n\t\t\t\t<div class=\"elementor-element elementor-element-a4dd60b elementor-widget elementor-widget-theme-post-content\" data-id=\"a4dd60b\" data-element_type=\"widget\" data-widget_type=\"theme-post-content.default\">\n\t\t\t\t<div class=\"elementor-widget-container\">\n\t\t\t\t\t<p>AT2 Serveis se encarg\u00f3 de la <strong>direcci\u00f3n de ejecuci\u00f3n de obra, control de calidad y coordinaci\u00f3n de Seguridad y Salud<\/strong> en fase de obra. El proyecto fue dise\u00f1ado por GCA (Arquitectos Asociados).<\/p>\n<div id=\"gtx-trans\" style=\"position: absolute; left: -66px; top: 1px;\">\n<div class=\"gtx-trans-icon\"><\/div>\n<\/div>\n\t\t\t\t<\/div>\n\t\t\t\t<\/div>\n\t\t\t\t<\/div>\n\t\t\t\t\t<\/div>\n\t\t\t\t<\/div>\n\t\t\t\t<\/div>\n\t\t\t\t<\/div>\n\t\t\t\t<div data-elementor-type=\"loop-item\" data-elementor-id=\"1606\" class=\"elementor elementor-1606 elementor-798 e-loop-item e-loop-item-1677 post-1677 projecte type-projecte status-publish has-post-thumbnail hentry tipologia-de-projecte-edificis-residencials\" data-elementor-post-type=\"elementor_library\" data-custom-edit-handle=\"1\">\n\t\t\t<div class=\"elementor-element elementor-element-c2aa851 e-con-full e-grid e-con e-parent\" data-id=\"c2aa851\" data-element_type=\"container\" data-settings=\"{&quot;background_background&quot;:&quot;classic&quot;}\">\n\t\t<div class=\"elementor-element elementor-element-81f2570 e-grid e-con-boxed e-con e-child\" data-id=\"81f2570\" data-element_type=\"container\">\n\t\t\t\t\t<div class=\"e-con-inner\">\n\t\t<div class=\"elementor-element elementor-element-2654ae8 e-con-full e-flex e-con e-child\" data-id=\"2654ae8\" data-element_type=\"container\">\n\t\t\t\t<div class=\"elementor-element elementor-element-d95030b elementor-widget elementor-widget-theme-post-title elementor-page-title elementor-widget-heading\" data-id=\"d95030b\" data-element_type=\"widget\" data-widget_type=\"theme-post-title.default\">\n\t\t\t\t<div class=\"elementor-widget-container\">\n\t\t\t\t\t<h2 class=\"elementor-heading-title elementor-size-default\"><a href=\"https:\/\/www.at2serveis.com\/es\/proyecto\/les-tonyines\/\">Les Tonyines<\/a><\/h2>\t\t\t\t<\/div>\n\t\t\t\t<\/div>\n\t\t\t\t<div class=\"elementor-element elementor-element-512c1b5 elementor-widget elementor-widget-theme-post-content\" data-id=\"512c1b5\" data-element_type=\"widget\" data-widget_type=\"theme-post-content.default\">\n\t\t\t\t<div class=\"elementor-widget-container\">\n\t\t\t\t\t<p>AT2 Serveis ha llevado a la <strong>direcci\u00f3n de ejecuci\u00f3n de obra, el control de calidad y la coordinaci\u00f3n de Seguridad y Salud<\/strong> de la obra. Localizada en Llan\u00e7\u00e0, la urbanizaci\u00f3n Les Tonyines consta de 23 viviendas con una superficie de 3.463 m2. El proyecto fue dise\u00f1ado por B67 Palomeras Arquitectes.<\/p>\n<div id=\"gtx-trans\" style=\"position: absolute; left: -98px; top: 1px;\">\n<div class=\"gtx-trans-icon\"><\/div>\n<\/div>\n\t\t\t\t<\/div>\n\t\t\t\t<\/div>\n\t\t\t\t<\/div>\n\t\t<div class=\"elementor-element elementor-element-285680d e-con-full e-flex e-con e-child\" data-id=\"285680d\" data-element_type=\"container\">\n\t\t\t\t<div class=\"elementor-element elementor-element-c4705ed dc-has-condition dc-condition-not_empty elementor-widget elementor-widget-theme-post-featured-image elementor-widget-image\" data-id=\"c4705ed\" data-element_type=\"widget\" data-widget_type=\"theme-post-featured-image.default\">\n\t\t\t\t<div class=\"elementor-widget-container\">\n\t\t\t\t\t\t\t\t\t\t\t\t\t\t\t\t<a href=\"https:\/\/www.at2serveis.com\/es\/proyecto\/les-tonyines\/\">\n\t\t\t\t\t\t\t<img decoding=\"async\" width=\"1011\" height=\"758\" src=\"https:\/\/www.at2serveis.com\/wp-content\/uploads\/2025\/01\/Les-Tonyines-00003.webp\" class=\"attachment-full size-full wp-image-1532\" alt=\"Habitatge Les Tonyines\" srcset=\"https:\/\/www.at2serveis.com\/wp-content\/uploads\/2025\/01\/Les-Tonyines-00003.webp 1011w, https:\/\/www.at2serveis.com\/wp-content\/uploads\/2025\/01\/Les-Tonyines-00003-300x225.webp 300w, https:\/\/www.at2serveis.com\/wp-content\/uploads\/2025\/01\/Les-Tonyines-00003-768x576.webp 768w\" sizes=\"(max-width: 1011px) 100vw, 1011px\" \/>\t\t\t\t\t\t\t\t<\/a>\n\t\t\t\t\t\t\t\t\t\t\t\t\t\t\t<\/div>\n\t\t\t\t<\/div>\n\t\t\t\t<\/div>\n\t\t\t\t\t<\/div>\n\t\t\t\t<\/div>\n\t\t\t\t<\/div>\n\t\t\t\t<\/div>\n\t\t\t\t<div data-elementor-type=\"loop-item\" data-elementor-id=\"801\" class=\"elementor elementor-801 elementor-repeater-item-90846ef e-loop-item e-loop-item-1681 post-1681 projecte type-projecte status-publish has-post-thumbnail hentry tipologia-de-projecte-destacats tipologia-de-projecte-edificis-residencials\" data-elementor-post-type=\"elementor_library\" data-custom-edit-handle=\"1\">\n\t\t\t<div class=\"elementor-element elementor-element-67b0414 e-con-full e-grid e-con e-parent\" data-id=\"67b0414\" data-element_type=\"container\" data-settings=\"{&quot;background_background&quot;:&quot;classic&quot;}\">\n\t\t<div class=\"elementor-element elementor-element-7e4ea91 e-grid e-con-boxed e-con e-child\" data-id=\"7e4ea91\" data-element_type=\"container\">\n\t\t\t\t\t<div class=\"e-con-inner\">\n\t\t<div class=\"elementor-element elementor-element-0d5af8d e-con-full e-flex e-con e-child\" data-id=\"0d5af8d\" data-element_type=\"container\">\n\t\t\t\t<div class=\"elementor-element elementor-element-bd36f2a dc-has-condition dc-condition-not_empty elementor-widget elementor-widget-theme-post-featured-image elementor-widget-image\" data-id=\"bd36f2a\" data-element_type=\"widget\" data-widget_type=\"theme-post-featured-image.default\">\n\t\t\t\t<div class=\"elementor-widget-container\">\n\t\t\t\t\t\t\t\t\t\t\t\t\t\t\t\t<a href=\"https:\/\/www.at2serveis.com\/es\/proyecto\/reforma-jaume-i\/\">\n\t\t\t\t\t\t\t<img loading=\"lazy\" decoding=\"async\" width=\"720\" height=\"473\" src=\"https:\/\/www.at2serveis.com\/wp-content\/uploads\/2025\/01\/Reforma-Jaume-I-00003.webp\" class=\"attachment-full size-full wp-image-1527\" alt=\"Reforma Jaume I\" srcset=\"https:\/\/www.at2serveis.com\/wp-content\/uploads\/2025\/01\/Reforma-Jaume-I-00003.webp 720w, https:\/\/www.at2serveis.com\/wp-content\/uploads\/2025\/01\/Reforma-Jaume-I-00003-300x197.webp 300w\" sizes=\"(max-width: 720px) 100vw, 720px\" \/>\t\t\t\t\t\t\t\t<\/a>\n\t\t\t\t\t\t\t\t\t\t\t\t\t\t\t<\/div>\n\t\t\t\t<\/div>\n\t\t\t\t<\/div>\n\t\t<div class=\"elementor-element elementor-element-10b05ba e-con-full e-flex e-con e-child\" data-id=\"10b05ba\" data-element_type=\"container\">\n\t\t\t\t<div class=\"elementor-element elementor-element-96bc3f1 elementor-widget elementor-widget-theme-post-title elementor-page-title elementor-widget-heading\" data-id=\"96bc3f1\" data-element_type=\"widget\" data-widget_type=\"theme-post-title.default\">\n\t\t\t\t<div class=\"elementor-widget-container\">\n\t\t\t\t\t<h2 class=\"elementor-heading-title elementor-size-default\"><a href=\"https:\/\/www.at2serveis.com\/es\/proyecto\/reforma-jaume-i\/\">Reforma Jaume I<\/a><\/h2>\t\t\t\t<\/div>\n\t\t\t\t<\/div>\n\t\t\t\t<div class=\"elementor-element elementor-element-a4dd60b elementor-widget elementor-widget-theme-post-content\" data-id=\"a4dd60b\" data-element_type=\"widget\" data-widget_type=\"theme-post-content.default\">\n\t\t\t\t<div class=\"elementor-widget-container\">\n\t\t\t\t\t<p>AT2 Serveis se encarg\u00f3 del <strong>proyecto de reforma<\/strong> as\u00ed como de la <strong>direcci\u00f3n de obra, y el control de Seguridad y Salud en fase de obra<\/strong> de dos pisos situados en Jaume I, Girona.<\/p>\n<div id=\"gtx-trans\" style=\"position: absolute; left: 37px; top: 1px;\">\n<div class=\"gtx-trans-icon\"><\/div>\n<\/div>\n\t\t\t\t<\/div>\n\t\t\t\t<\/div>\n\t\t\t\t<\/div>\n\t\t\t\t\t<\/div>\n\t\t\t\t<\/div>\n\t\t\t\t<\/div>\n\t\t\t\t<\/div>\n\t\t\t\t<div data-elementor-type=\"loop-item\" data-elementor-id=\"1606\" class=\"elementor elementor-1606 elementor-798 e-loop-item e-loop-item-1672 post-1672 projecte type-projecte status-publish has-post-thumbnail hentry tipologia-de-projecte-edificis-residencials\" data-elementor-post-type=\"elementor_library\" data-custom-edit-handle=\"1\">\n\t\t\t<div class=\"elementor-element elementor-element-c2aa851 e-con-full e-grid e-con e-parent\" data-id=\"c2aa851\" data-element_type=\"container\" data-settings=\"{&quot;background_background&quot;:&quot;classic&quot;}\">\n\t\t<div class=\"elementor-element elementor-element-81f2570 e-grid e-con-boxed e-con e-child\" data-id=\"81f2570\" data-element_type=\"container\">\n\t\t\t\t\t<div class=\"e-con-inner\">\n\t\t<div class=\"elementor-element elementor-element-2654ae8 e-con-full e-flex e-con e-child\" data-id=\"2654ae8\" data-element_type=\"container\">\n\t\t\t\t<div class=\"elementor-element elementor-element-d95030b elementor-widget elementor-widget-theme-post-title elementor-page-title elementor-widget-heading\" data-id=\"d95030b\" data-element_type=\"widget\" data-widget_type=\"theme-post-title.default\">\n\t\t\t\t<div class=\"elementor-widget-container\">\n\t\t\t\t\t<h2 class=\"elementor-heading-title elementor-size-default\"><a href=\"https:\/\/www.at2serveis.com\/es\/proyecto\/edificio-plurifamiliar-palau\/\">Edificio Plurifamiliar Palau<\/a><\/h2>\t\t\t\t<\/div>\n\t\t\t\t<\/div>\n\t\t\t\t<div class=\"elementor-element elementor-element-512c1b5 elementor-widget elementor-widget-theme-post-content\" data-id=\"512c1b5\" data-element_type=\"widget\" data-widget_type=\"theme-post-content.default\">\n\t\t\t\t<div class=\"elementor-widget-container\">\n\t\t\t\t\t<p>AT2 Serveis trajo la <strong>direcci\u00f3n de obra, control de calidad y coordinaci\u00f3n de Seguridad y Salud de la obra<\/strong>. El edificio Palau fue dise\u00f1ado por La Factoria y cuenta con una superficie de 3.750 m2.<\/p>\n<p>&nbsp;<\/p>\n<div id=\"gtx-trans\" style=\"position: absolute; left: 835px; top: 48px;\">\n<div class=\"gtx-trans-icon\"><\/div>\n<\/div>\n\t\t\t\t<\/div>\n\t\t\t\t<\/div>\n\t\t\t\t<\/div>\n\t\t<div class=\"elementor-element elementor-element-285680d e-con-full e-flex e-con e-child\" data-id=\"285680d\" data-element_type=\"container\">\n\t\t\t\t<div class=\"elementor-element elementor-element-c4705ed dc-has-condition dc-condition-not_empty elementor-widget elementor-widget-theme-post-featured-image elementor-widget-image\" data-id=\"c4705ed\" data-element_type=\"widget\" data-widget_type=\"theme-post-featured-image.default\">\n\t\t\t\t<div class=\"elementor-widget-container\">\n\t\t\t\t\t\t\t\t\t\t\t\t\t\t\t\t<a href=\"https:\/\/www.at2serveis.com\/es\/proyecto\/edificio-plurifamiliar-palau\/\">\n\t\t\t\t\t\t\t<img loading=\"lazy\" decoding=\"async\" width=\"1111\" height=\"833\" src=\"https:\/\/www.at2serveis.com\/wp-content\/uploads\/2025\/01\/Edifici-Plurifamiliar-00003-Palau.webp\" class=\"attachment-full size-full wp-image-1522\" alt=\"Edifici Plurifamiliar Palau\" srcset=\"https:\/\/www.at2serveis.com\/wp-content\/uploads\/2025\/01\/Edifici-Plurifamiliar-00003-Palau.webp 1111w, https:\/\/www.at2serveis.com\/wp-content\/uploads\/2025\/01\/Edifici-Plurifamiliar-00003-Palau-300x225.webp 300w, https:\/\/www.at2serveis.com\/wp-content\/uploads\/2025\/01\/Edifici-Plurifamiliar-00003-Palau-1024x768.webp 1024w, https:\/\/www.at2serveis.com\/wp-content\/uploads\/2025\/01\/Edifici-Plurifamiliar-00003-Palau-768x576.webp 768w\" sizes=\"(max-width: 1111px) 100vw, 1111px\" \/>\t\t\t\t\t\t\t\t<\/a>\n\t\t\t\t\t\t\t\t\t\t\t\t\t\t\t<\/div>\n\t\t\t\t<\/div>\n\t\t\t\t<\/div>\n\t\t\t\t\t<\/div>\n\t\t\t\t<\/div>\n\t\t\t\t<\/div>\n\t\t\t\t<\/div>\n\t\t\t\t<div data-elementor-type=\"loop-item\" data-elementor-id=\"801\" class=\"elementor elementor-801 elementor-repeater-item-90846ef e-loop-item e-loop-item-1653 post-1653 projecte type-projecte status-publish has-post-thumbnail hentry tipologia-de-projecte-edificis-residencials\" data-elementor-post-type=\"elementor_library\" data-custom-edit-handle=\"1\">\n\t\t\t<div class=\"elementor-element elementor-element-67b0414 e-con-full e-grid e-con e-parent\" data-id=\"67b0414\" data-element_type=\"container\" data-settings=\"{&quot;background_background&quot;:&quot;classic&quot;}\">\n\t\t<div class=\"elementor-element elementor-element-7e4ea91 e-grid e-con-boxed e-con e-child\" data-id=\"7e4ea91\" data-element_type=\"container\">\n\t\t\t\t\t<div class=\"e-con-inner\">\n\t\t<div class=\"elementor-element elementor-element-0d5af8d e-con-full e-flex e-con e-child\" data-id=\"0d5af8d\" data-element_type=\"container\">\n\t\t\t\t<div class=\"elementor-element elementor-element-bd36f2a dc-has-condition dc-condition-not_empty elementor-widget elementor-widget-theme-post-featured-image elementor-widget-image\" data-id=\"bd36f2a\" data-element_type=\"widget\" data-widget_type=\"theme-post-featured-image.default\">\n\t\t\t\t<div class=\"elementor-widget-container\">\n\t\t\t\t\t\t\t\t\t\t\t\t\t\t\t\t<a href=\"https:\/\/www.at2serveis.com\/es\/proyecto\/136-viviendas\/\">\n\t\t\t\t\t\t\t<img loading=\"lazy\" decoding=\"async\" width=\"1041\" height=\"833\" src=\"https:\/\/www.at2serveis.com\/wp-content\/uploads\/2025\/01\/136-Habitatges-00001.webp\" class=\"attachment-full size-full wp-image-1516\" alt=\"Habitatges\" srcset=\"https:\/\/www.at2serveis.com\/wp-content\/uploads\/2025\/01\/136-Habitatges-00001.webp 1041w, https:\/\/www.at2serveis.com\/wp-content\/uploads\/2025\/01\/136-Habitatges-00001-300x240.webp 300w, https:\/\/www.at2serveis.com\/wp-content\/uploads\/2025\/01\/136-Habitatges-00001-1024x819.webp 1024w, https:\/\/www.at2serveis.com\/wp-content\/uploads\/2025\/01\/136-Habitatges-00001-768x615.webp 768w\" sizes=\"(max-width: 1041px) 100vw, 1041px\" \/>\t\t\t\t\t\t\t\t<\/a>\n\t\t\t\t\t\t\t\t\t\t\t\t\t\t\t<\/div>\n\t\t\t\t<\/div>\n\t\t\t\t<\/div>\n\t\t<div class=\"elementor-element elementor-element-10b05ba e-con-full e-flex e-con e-child\" data-id=\"10b05ba\" data-element_type=\"container\">\n\t\t\t\t<div class=\"elementor-element elementor-element-96bc3f1 elementor-widget elementor-widget-theme-post-title elementor-page-title elementor-widget-heading\" data-id=\"96bc3f1\" data-element_type=\"widget\" data-widget_type=\"theme-post-title.default\">\n\t\t\t\t<div class=\"elementor-widget-container\">\n\t\t\t\t\t<h2 class=\"elementor-heading-title elementor-size-default\"><a href=\"https:\/\/www.at2serveis.com\/es\/proyecto\/136-viviendas\/\">136 Viviendas<\/a><\/h2>\t\t\t\t<\/div>\n\t\t\t\t<\/div>\n\t\t\t\t<div class=\"elementor-element elementor-element-a4dd60b elementor-widget elementor-widget-theme-post-content\" data-id=\"a4dd60b\" data-element_type=\"widget\" data-widget_type=\"theme-post-content.default\">\n\t\t\t\t<div class=\"elementor-widget-container\">\n\t\t\t\t\t<p>AT2 Serveis se encarg\u00f3 del <strong>proyecto ejecutivo<\/strong> llevando la <strong>direcci\u00f3n y gesti\u00f3n de obra<\/strong> de la promoci\u00f3n de 136 viviendas en El Vendrell. La construcci\u00f3n, que tiene una superficie de 17.207 m2, fue dise\u00f1ada por la Factoria.<\/p>\n<div id=\"gtx-trans\" style=\"position: absolute; left: 993px; top: 48px;\">\n<div class=\"gtx-trans-icon\"><\/div>\n<\/div>\n\t\t\t\t<\/div>\n\t\t\t\t<\/div>\n\t\t\t\t<\/div>\n\t\t\t\t\t<\/div>\n\t\t\t\t<\/div>\n\t\t\t\t<\/div>\n\t\t\t\t<\/div>\n\t\t\t\t<div data-elementor-type=\"loop-item\" data-elementor-id=\"1606\" class=\"elementor elementor-1606 elementor-798 e-loop-item e-loop-item-1685 post-1685 projecte type-projecte status-publish has-post-thumbnail hentry tipologia-de-projecte-edificis-residencials\" data-elementor-post-type=\"elementor_library\" data-custom-edit-handle=\"1\">\n\t\t\t<div class=\"elementor-element elementor-element-c2aa851 e-con-full e-grid e-con e-parent\" data-id=\"c2aa851\" data-element_type=\"container\" data-settings=\"{&quot;background_background&quot;:&quot;classic&quot;}\">\n\t\t<div class=\"elementor-element elementor-element-81f2570 e-grid e-con-boxed e-con e-child\" data-id=\"81f2570\" data-element_type=\"container\">\n\t\t\t\t\t<div class=\"e-con-inner\">\n\t\t<div class=\"elementor-element elementor-element-2654ae8 e-con-full e-flex e-con e-child\" data-id=\"2654ae8\" data-element_type=\"container\">\n\t\t\t\t<div class=\"elementor-element elementor-element-d95030b elementor-widget elementor-widget-theme-post-title elementor-page-title elementor-widget-heading\" data-id=\"d95030b\" data-element_type=\"widget\" data-widget_type=\"theme-post-title.default\">\n\t\t\t\t<div class=\"elementor-widget-container\">\n\t\t\t\t\t<h2 class=\"elementor-heading-title elementor-size-default\"><a href=\"https:\/\/www.at2serveis.com\/es\/proyecto\/rei-marti\/\">Rei Mart\u00ed<\/a><\/h2>\t\t\t\t<\/div>\n\t\t\t\t<\/div>\n\t\t\t\t<div class=\"elementor-element elementor-element-512c1b5 elementor-widget elementor-widget-theme-post-content\" data-id=\"512c1b5\" data-element_type=\"widget\" data-widget_type=\"theme-post-content.default\">\n\t\t\t\t<div class=\"elementor-widget-container\">\n\t\t\t\t\t<p>AT2 Serveis se encarg\u00f3 de la <strong>direcci\u00f3n de ejecuci\u00f3n de obra y del control de calidad de obra y Coordinaci\u00f3n de Seguridad y Salud<\/strong> en fase de obra de este edficicio situado en el Barri Vell de Girona.<\/p>\n<div id=\"gtx-trans\" style=\"position: absolute; left: -8px; top: 48px;\">\n<div class=\"gtx-trans-icon\"><\/div>\n<\/div>\n\t\t\t\t<\/div>\n\t\t\t\t<\/div>\n\t\t\t\t<\/div>\n\t\t<div class=\"elementor-element elementor-element-285680d e-con-full e-flex e-con e-child\" data-id=\"285680d\" data-element_type=\"container\">\n\t\t\t\t<div class=\"elementor-element elementor-element-c4705ed dc-has-condition dc-condition-not_empty elementor-widget elementor-widget-theme-post-featured-image elementor-widget-image\" data-id=\"c4705ed\" data-element_type=\"widget\" data-widget_type=\"theme-post-featured-image.default\">\n\t\t\t\t<div class=\"elementor-widget-container\">\n\t\t\t\t\t\t\t\t\t\t\t\t\t\t\t\t<a href=\"https:\/\/www.at2serveis.com\/es\/proyecto\/rei-marti\/\">\n\t\t\t\t\t\t\t<img loading=\"lazy\" decoding=\"async\" width=\"625\" height=\"833\" src=\"https:\/\/www.at2serveis.com\/wp-content\/uploads\/2025\/01\/Rei-Marti-00001.webp\" class=\"attachment-full size-full wp-image-1513\" alt=\"Habitatges\" srcset=\"https:\/\/www.at2serveis.com\/wp-content\/uploads\/2025\/01\/Rei-Marti-00001.webp 625w, https:\/\/www.at2serveis.com\/wp-content\/uploads\/2025\/01\/Rei-Marti-00001-225x300.webp 225w\" sizes=\"(max-width: 625px) 100vw, 625px\" \/>\t\t\t\t\t\t\t\t<\/a>\n\t\t\t\t\t\t\t\t\t\t\t\t\t\t\t<\/div>\n\t\t\t\t<\/div>\n\t\t\t\t<\/div>\n\t\t\t\t\t<\/div>\n\t\t\t\t<\/div>\n\t\t\t\t<\/div>\n\t\t\t\t<\/div>\n\t\t\t\t<div data-elementor-type=\"loop-item\" data-elementor-id=\"801\" class=\"elementor elementor-801 elementor-repeater-item-90846ef e-loop-item e-loop-item-1671 post-1671 projecte type-projecte status-publish has-post-thumbnail hentry tipologia-de-projecte-edificis-residencials\" data-elementor-post-type=\"elementor_library\" data-custom-edit-handle=\"1\">\n\t\t\t<div class=\"elementor-element elementor-element-67b0414 e-con-full e-grid e-con e-parent\" data-id=\"67b0414\" data-element_type=\"container\" data-settings=\"{&quot;background_background&quot;:&quot;classic&quot;}\">\n\t\t<div class=\"elementor-element elementor-element-7e4ea91 e-grid e-con-boxed e-con e-child\" data-id=\"7e4ea91\" data-element_type=\"container\">\n\t\t\t\t\t<div class=\"e-con-inner\">\n\t\t<div class=\"elementor-element elementor-element-0d5af8d e-con-full e-flex e-con e-child\" data-id=\"0d5af8d\" data-element_type=\"container\">\n\t\t\t\t<div class=\"elementor-element elementor-element-bd36f2a dc-has-condition dc-condition-not_empty elementor-widget elementor-widget-theme-post-featured-image elementor-widget-image\" data-id=\"bd36f2a\" data-element_type=\"widget\" data-widget_type=\"theme-post-featured-image.default\">\n\t\t\t\t<div class=\"elementor-widget-container\">\n\t\t\t\t\t\t\t\t\t\t\t\t\t\t\t\t<a href=\"https:\/\/www.at2serveis.com\/es\/proyecto\/edificio-plurifamiliar-crta-barcelona\/\">\n\t\t\t\t\t\t\t<img loading=\"lazy\" decoding=\"async\" width=\"1111\" height=\"833\" src=\"https:\/\/www.at2serveis.com\/wp-content\/uploads\/2025\/01\/Edifici-Plurifamiliar-Barcelona-00001.webp\" class=\"attachment-full size-full wp-image-1511\" alt=\"Edifici plurifamiliar Barcelona\" srcset=\"https:\/\/www.at2serveis.com\/wp-content\/uploads\/2025\/01\/Edifici-Plurifamiliar-Barcelona-00001.webp 1111w, https:\/\/www.at2serveis.com\/wp-content\/uploads\/2025\/01\/Edifici-Plurifamiliar-Barcelona-00001-300x225.webp 300w, https:\/\/www.at2serveis.com\/wp-content\/uploads\/2025\/01\/Edifici-Plurifamiliar-Barcelona-00001-1024x768.webp 1024w, https:\/\/www.at2serveis.com\/wp-content\/uploads\/2025\/01\/Edifici-Plurifamiliar-Barcelona-00001-768x576.webp 768w\" sizes=\"(max-width: 1111px) 100vw, 1111px\" \/>\t\t\t\t\t\t\t\t<\/a>\n\t\t\t\t\t\t\t\t\t\t\t\t\t\t\t<\/div>\n\t\t\t\t<\/div>\n\t\t\t\t<\/div>\n\t\t<div class=\"elementor-element elementor-element-10b05ba e-con-full e-flex e-con e-child\" data-id=\"10b05ba\" data-element_type=\"container\">\n\t\t\t\t<div class=\"elementor-element elementor-element-96bc3f1 elementor-widget elementor-widget-theme-post-title elementor-page-title elementor-widget-heading\" data-id=\"96bc3f1\" data-element_type=\"widget\" data-widget_type=\"theme-post-title.default\">\n\t\t\t\t<div class=\"elementor-widget-container\">\n\t\t\t\t\t<h2 class=\"elementor-heading-title elementor-size-default\"><a href=\"https:\/\/www.at2serveis.com\/es\/proyecto\/edificio-plurifamiliar-crta-barcelona\/\">Edificio Plurifamiliar Crta Barcelona<\/a><\/h2>\t\t\t\t<\/div>\n\t\t\t\t<\/div>\n\t\t\t\t<div class=\"elementor-element elementor-element-a4dd60b elementor-widget elementor-widget-theme-post-content\" data-id=\"a4dd60b\" data-element_type=\"widget\" data-widget_type=\"theme-post-content.default\">\n\t\t\t\t<div class=\"elementor-widget-container\">\n\t\t\t\t\t<p>AT2 Serveis apoy\u00f3 la <strong>direcci\u00f3n de ejecuci\u00f3n de obra<\/strong> de este edificio plurifamiliar de Crta Barcelona, \u200b\u200ben Girona.<\/p>\n<div id=\"gtx-trans\" style=\"position: absolute; left: -16px; top: 1px;\">\n<div class=\"gtx-trans-icon\"><\/div>\n<\/div>\n\t\t\t\t<\/div>\n\t\t\t\t<\/div>\n\t\t\t\t<\/div>\n\t\t\t\t\t<\/div>\n\t\t\t\t<\/div>\n\t\t\t\t<\/div>\n\t\t\t\t<\/div>\n\t\t\t\t<div data-elementor-type=\"loop-item\" data-elementor-id=\"1606\" class=\"elementor elementor-1606 elementor-798 e-loop-item e-loop-item-1678 post-1678 projecte type-projecte status-publish has-post-thumbnail hentry tipologia-de-projecte-edificis-residencials\" data-elementor-post-type=\"elementor_library\" data-custom-edit-handle=\"1\">\n\t\t\t<div class=\"elementor-element elementor-element-c2aa851 e-con-full e-grid e-con e-parent\" data-id=\"c2aa851\" data-element_type=\"container\" data-settings=\"{&quot;background_background&quot;:&quot;classic&quot;}\">\n\t\t<div class=\"elementor-element elementor-element-81f2570 e-grid e-con-boxed e-con e-child\" data-id=\"81f2570\" data-element_type=\"container\">\n\t\t\t\t\t<div class=\"e-con-inner\">\n\t\t<div class=\"elementor-element elementor-element-2654ae8 e-con-full e-flex e-con e-child\" data-id=\"2654ae8\" data-element_type=\"container\">\n\t\t\t\t<div class=\"elementor-element elementor-element-d95030b elementor-widget elementor-widget-theme-post-title elementor-page-title elementor-widget-heading\" data-id=\"d95030b\" data-element_type=\"widget\" data-widget_type=\"theme-post-title.default\">\n\t\t\t\t<div class=\"elementor-widget-container\">\n\t\t\t\t\t<h2 class=\"elementor-heading-title elementor-size-default\"><a href=\"https:\/\/www.at2serveis.com\/es\/proyecto\/narcis-blanc\/\">Narc\u00eds Blanc<\/a><\/h2>\t\t\t\t<\/div>\n\t\t\t\t<\/div>\n\t\t\t\t<div class=\"elementor-element elementor-element-512c1b5 elementor-widget elementor-widget-theme-post-content\" data-id=\"512c1b5\" data-element_type=\"widget\" data-widget_type=\"theme-post-content.default\">\n\t\t\t\t<div class=\"elementor-widget-container\">\n\t\t\t\t\t<p>AT2 Serveis realiz\u00f3 la <strong>direcci\u00f3n de ejecuci\u00f3n de obra, la coordinaci\u00f3n de Seguridad y Salud, y el control de calidad de obra<\/strong> de este edificio de ocho viviendas entre medianeras dise\u00f1ado por La Factoria.<\/p>\n<div id=\"gtx-trans\" style=\"position: absolute; left: -24px; top: 1px;\">\n<div class=\"gtx-trans-icon\"><\/div>\n<\/div>\n\t\t\t\t<\/div>\n\t\t\t\t<\/div>\n\t\t\t\t<\/div>\n\t\t<div class=\"elementor-element elementor-element-285680d e-con-full e-flex e-con e-child\" data-id=\"285680d\" data-element_type=\"container\">\n\t\t\t\t<div class=\"elementor-element elementor-element-c4705ed dc-has-condition dc-condition-not_empty elementor-widget elementor-widget-theme-post-featured-image elementor-widget-image\" data-id=\"c4705ed\" data-element_type=\"widget\" data-widget_type=\"theme-post-featured-image.default\">\n\t\t\t\t<div class=\"elementor-widget-container\">\n\t\t\t\t\t\t\t\t\t\t\t\t\t\t\t\t<a href=\"https:\/\/www.at2serveis.com\/es\/proyecto\/narcis-blanc\/\">\n\t\t\t\t\t\t\t<img loading=\"lazy\" decoding=\"async\" width=\"469\" height=\"734\" src=\"https:\/\/www.at2serveis.com\/wp-content\/uploads\/2025\/01\/Narcis-Blanc-00002.webp\" class=\"attachment-full size-full wp-image-1510\" alt=\"Edifici plurifamiliar Barcelona\" srcset=\"https:\/\/www.at2serveis.com\/wp-content\/uploads\/2025\/01\/Narcis-Blanc-00002.webp 469w, https:\/\/www.at2serveis.com\/wp-content\/uploads\/2025\/01\/Narcis-Blanc-00002-192x300.webp 192w\" sizes=\"(max-width: 469px) 100vw, 469px\" \/>\t\t\t\t\t\t\t\t<\/a>\n\t\t\t\t\t\t\t\t\t\t\t\t\t\t\t<\/div>\n\t\t\t\t<\/div>\n\t\t\t\t<\/div>\n\t\t\t\t\t<\/div>\n\t\t\t\t<\/div>\n\t\t\t\t<\/div>\n\t\t\t\t<\/div>\n\t\t\t\t<\/div>\n\t\t\n\t\t\t\t\t\t<\/div>\n\t\t\t\t<\/div>\n\t\t\t\t<\/div>\n\t\t<div class=\"elementor-element elementor-element-4ad9800 e-flex e-con-boxed e-con e-parent\" data-id=\"4ad9800\" data-element_type=\"container\">\n\t\t\t\t\t<div class=\"e-con-inner\">\n\t\t\t\t<div class=\"elementor-element elementor-element-98705a7 elementor-align-center elementor-widget elementor-widget-button\" data-id=\"98705a7\" data-element_type=\"widget\" data-widget_type=\"button.default\">\n\t\t\t\t<div class=\"elementor-widget-container\">\n\t\t\t\t\t\t\t\t\t<div class=\"elementor-button-wrapper\">\n\t\t\t\t\t<a class=\"elementor-button elementor-button-link elementor-size-sm\" href=\"\/projecte\/\">\n\t\t\t\t\t\t<span class=\"elementor-button-content-wrapper\">\n\t\t\t\t\t\t\t\t\t<span class=\"elementor-button-text\">Volver a proyectos<\/span>\n\t\t\t\t\t<\/span>\n\t\t\t\t\t<\/a>\n\t\t\t\t<\/div>\n\t\t\t\t\t\t\t\t<\/div>\n\t\t\t\t<\/div>\n\t\t\t\t\t<\/div>\n\t\t\t\t<\/div>\n\t\t\t\t<\/div>\n\t\t","protected":false},"excerpt":{"rendered":"<p>Reforma Integral Sant Daniel AT2 Serveis se encarg\u00f3 de la direcci\u00f3n de ejecuci\u00f3n de obra, control de calidad y coordinaci\u00f3n de Seguridad y Salud en fase de obra. Obra Nueva Casa Unifamiliar AT2 Serveis realiz\u00f3 la direcci\u00f3n de obra, la gesti\u00f3n de obra, el control de calidad y coordinaci\u00f3n de Seguridad y Salud en fase&hellip;&nbsp;<a href=\"https:\/\/www.at2serveis.com\/es\/proyecto\/narcis-blanc\/\" rel=\"bookmark\">Leer m\u00e1s &raquo;<span class=\"screen-reader-text\">Narc\u00eds Blanc<\/span><\/a><\/p>\n","protected":false},"author":1,"featured_media":0,"parent":0,"menu_order":0,"comment_status":"closed","ping_status":"closed","template":"elementor_header_footer","meta":{"_acf_changed":false,"neve_meta_sidebar":"","neve_meta_container":"","neve_meta_enable_content_width":"off","neve_meta_content_width":100,"neve_meta_title_alignment":"","neve_meta_author_avatar":"","neve_post_elements_order":"","neve_meta_disable_header":"","neve_meta_disable_footer":"","neve_meta_disable_title":"","footnotes":""},"class_list":["post-1630","page","type-page","status-publish","hentry"],"acf":[],"yoast_head":"<!-- This site is optimized with the Yoast SEO plugin v25.5 - https:\/\/yoast.com\/wordpress\/plugins\/seo\/ -->\n<title>Proyectos de edificios residenciales | AT2 Gesti\u00f3n en edificaci\u00f3n<\/title>\n<meta name=\"description\" content=\"Hemos llevado a cabo proyectos de edificios residenciales como una reforma integral en Sant Daniel o una nueva obra de casa unifamiliar.\" \/>\n<meta name=\"robots\" content=\"index, follow, max-snippet:-1, max-image-preview:large, max-video-preview:-1\" \/>\n<link rel=\"canonical\" href=\"https:\/\/www.at2serveis.com\/es\/edificios-residenciales\/\" \/>\n<meta property=\"og:locale\" content=\"es_ES\" \/>\n<meta property=\"og:type\" content=\"article\" \/>\n<meta property=\"og:title\" content=\"Proyectos de edificios residenciales | AT2 Gesti\u00f3n en edificaci\u00f3n\" \/>\n<meta property=\"og:description\" content=\"Hemos llevado a cabo proyectos de edificios residenciales como una reforma integral en Sant Daniel o una nueva obra de casa unifamiliar.\" \/>\n<meta property=\"og:url\" content=\"https:\/\/www.at2serveis.com\/es\/edificios-residenciales\/\" \/>\n<meta property=\"og:site_name\" content=\"AT2 SERVEIS\" \/>\n<meta property=\"article:modified_time\" content=\"2025-02-18T08:02:45+00:00\" \/>\n<meta property=\"og:image\" content=\"https:\/\/www.at2serveis.com\/wp-content\/uploads\/elementor\/thumbs\/Apartament-La-Muralla-00008-r01le4gtmahdshkygyqr061m89w8acjxv3lkco73x0.webp\" \/>\n<meta name=\"twitter:card\" content=\"summary_large_image\" \/>\n<meta name=\"twitter:label1\" content=\"Tiempo de lectura\" \/>\n\t<meta name=\"twitter:data1\" content=\"10 minutos\" \/>\n<script type=\"application\/ld+json\" class=\"yoast-schema-graph\">{\"@context\":\"https:\/\/schema.org\",\"@graph\":[{\"@type\":\"WebPage\",\"@id\":\"https:\/\/www.at2serveis.com\/es\/edificios-residenciales\/\",\"url\":\"https:\/\/www.at2serveis.com\/es\/edificios-residenciales\/\",\"name\":\"Proyectos de edificios residenciales | AT2 Gesti\u00f3n en edificaci\u00f3n\",\"isPartOf\":{\"@id\":\"https:\/\/www.at2serveis.com\/es\/#website\"},\"primaryImageOfPage\":{\"@id\":\"https:\/\/www.at2serveis.com\/es\/edificios-residenciales\/#primaryimage\"},\"image\":{\"@id\":\"https:\/\/www.at2serveis.com\/es\/edificios-residenciales\/#primaryimage\"},\"thumbnailUrl\":\"https:\/\/www.at2serveis.com\/wp-content\/uploads\/elementor\/thumbs\/Apartament-La-Muralla-00008-r01le4gtmahdshkygyqr061m89w8acjxv3lkco73x0.webp\",\"datePublished\":\"2025-01-10T08:20:57+00:00\",\"dateModified\":\"2025-02-18T08:02:45+00:00\",\"description\":\"Hemos llevado a cabo proyectos de edificios residenciales como una reforma integral en Sant Daniel o una nueva obra de casa unifamiliar.\",\"breadcrumb\":{\"@id\":\"https:\/\/www.at2serveis.com\/es\/edificios-residenciales\/#breadcrumb\"},\"inLanguage\":\"es\",\"potentialAction\":[{\"@type\":\"ReadAction\",\"target\":[\"https:\/\/www.at2serveis.com\/es\/edificios-residenciales\/\"]}]},{\"@type\":\"ImageObject\",\"inLanguage\":\"es\",\"@id\":\"https:\/\/www.at2serveis.com\/es\/edificios-residenciales\/#primaryimage\",\"url\":\"https:\/\/www.at2serveis.com\/wp-content\/uploads\/elementor\/thumbs\/Apartament-La-Muralla-00008-r01le4gtmahdshkygyqr061m89w8acjxv3lkco73x0.webp\",\"contentUrl\":\"https:\/\/www.at2serveis.com\/wp-content\/uploads\/elementor\/thumbs\/Apartament-La-Muralla-00008-r01le4gtmahdshkygyqr061m89w8acjxv3lkco73x0.webp\"},{\"@type\":\"BreadcrumbList\",\"@id\":\"https:\/\/www.at2serveis.com\/es\/edificios-residenciales\/#breadcrumb\",\"itemListElement\":[{\"@type\":\"ListItem\",\"position\":1,\"name\":\"Inici\",\"item\":\"https:\/\/www.at2serveis.com\/es\/home\/\"},{\"@type\":\"ListItem\",\"position\":2,\"name\":\"Edificios residenciales\"}]},{\"@type\":\"WebSite\",\"@id\":\"https:\/\/www.at2serveis.com\/es\/#website\",\"url\":\"https:\/\/www.at2serveis.com\/es\/\",\"name\":\"AT2 SERVEIS\",\"description\":\"Direcci\u00f3 i gesti\u00f3 d&#039;obra\",\"publisher\":{\"@id\":\"https:\/\/www.at2serveis.com\/es\/#organization\"},\"alternateName\":\"AT2 SERVEIS - Gesti\u00f3 en edificaci\u00f3\",\"potentialAction\":[{\"@type\":\"SearchAction\",\"target\":{\"@type\":\"EntryPoint\",\"urlTemplate\":\"https:\/\/www.at2serveis.com\/es\/?s={search_term_string}\"},\"query-input\":{\"@type\":\"PropertyValueSpecification\",\"valueRequired\":true,\"valueName\":\"search_term_string\"}}],\"inLanguage\":\"es\"},{\"@type\":\"Organization\",\"@id\":\"https:\/\/www.at2serveis.com\/es\/#organization\",\"name\":\"AT2 SERVEIS\",\"alternateName\":\"AT2 SERVEIS - Gesti\u00f3 en edificaci\u00f3\",\"url\":\"https:\/\/www.at2serveis.com\/es\/\",\"logo\":{\"@type\":\"ImageObject\",\"inLanguage\":\"es\",\"@id\":\"https:\/\/www.at2serveis.com\/es\/#\/schema\/logo\/image\/\",\"url\":\"https:\/\/www.at2serveis.com\/wp-content\/uploads\/2024\/11\/AT2-Serveis-Navicon.png\",\"contentUrl\":\"https:\/\/www.at2serveis.com\/wp-content\/uploads\/2024\/11\/AT2-Serveis-Navicon.png\",\"width\":512,\"height\":512,\"caption\":\"AT2 SERVEIS\"},\"image\":{\"@id\":\"https:\/\/www.at2serveis.com\/es\/#\/schema\/logo\/image\/\"}}]}<\/script>\n<!-- \/ Yoast SEO plugin. -->","yoast_head_json":{"title":"Proyectos de edificios residenciales | AT2 Gesti\u00f3n en edificaci\u00f3n","description":"Hemos llevado a cabo proyectos de edificios residenciales como una reforma integral en Sant Daniel o una nueva obra de casa unifamiliar.","robots":{"index":"index","follow":"follow","max-snippet":"max-snippet:-1","max-image-preview":"max-image-preview:large","max-video-preview":"max-video-preview:-1"},"canonical":"https:\/\/www.at2serveis.com\/es\/edificios-residenciales\/","og_locale":"es_ES","og_type":"article","og_title":"Proyectos de edificios residenciales | AT2 Gesti\u00f3n en edificaci\u00f3n","og_description":"Hemos llevado a cabo proyectos de edificios residenciales como una reforma integral en Sant Daniel o una nueva obra de casa unifamiliar.","og_url":"https:\/\/www.at2serveis.com\/es\/edificios-residenciales\/","og_site_name":"AT2 SERVEIS","article_modified_time":"2025-02-18T08:02:45+00:00","og_image":[{"url":"https:\/\/www.at2serveis.com\/wp-content\/uploads\/elementor\/thumbs\/Apartament-La-Muralla-00008-r01le4gtmahdshkygyqr061m89w8acjxv3lkco73x0.webp","type":"","width":"","height":""}],"twitter_card":"summary_large_image","twitter_misc":{"Tiempo de lectura":"10 minutos"},"schema":{"@context":"https:\/\/schema.org","@graph":[{"@type":"WebPage","@id":"https:\/\/www.at2serveis.com\/es\/edificios-residenciales\/","url":"https:\/\/www.at2serveis.com\/es\/edificios-residenciales\/","name":"Proyectos de edificios residenciales | AT2 Gesti\u00f3n en edificaci\u00f3n","isPartOf":{"@id":"https:\/\/www.at2serveis.com\/es\/#website"},"primaryImageOfPage":{"@id":"https:\/\/www.at2serveis.com\/es\/edificios-residenciales\/#primaryimage"},"image":{"@id":"https:\/\/www.at2serveis.com\/es\/edificios-residenciales\/#primaryimage"},"thumbnailUrl":"https:\/\/www.at2serveis.com\/wp-content\/uploads\/elementor\/thumbs\/Apartament-La-Muralla-00008-r01le4gtmahdshkygyqr061m89w8acjxv3lkco73x0.webp","datePublished":"2025-01-10T08:20:57+00:00","dateModified":"2025-02-18T08:02:45+00:00","description":"Hemos llevado a cabo proyectos de edificios residenciales como una reforma integral en Sant Daniel o una nueva obra de casa unifamiliar.","breadcrumb":{"@id":"https:\/\/www.at2serveis.com\/es\/edificios-residenciales\/#breadcrumb"},"inLanguage":"es","potentialAction":[{"@type":"ReadAction","target":["https:\/\/www.at2serveis.com\/es\/edificios-residenciales\/"]}]},{"@type":"ImageObject","inLanguage":"es","@id":"https:\/\/www.at2serveis.com\/es\/edificios-residenciales\/#primaryimage","url":"https:\/\/www.at2serveis.com\/wp-content\/uploads\/elementor\/thumbs\/Apartament-La-Muralla-00008-r01le4gtmahdshkygyqr061m89w8acjxv3lkco73x0.webp","contentUrl":"https:\/\/www.at2serveis.com\/wp-content\/uploads\/elementor\/thumbs\/Apartament-La-Muralla-00008-r01le4gtmahdshkygyqr061m89w8acjxv3lkco73x0.webp"},{"@type":"BreadcrumbList","@id":"https:\/\/www.at2serveis.com\/es\/edificios-residenciales\/#breadcrumb","itemListElement":[{"@type":"ListItem","position":1,"name":"Inici","item":"https:\/\/www.at2serveis.com\/es\/home\/"},{"@type":"ListItem","position":2,"name":"Edificios residenciales"}]},{"@type":"WebSite","@id":"https:\/\/www.at2serveis.com\/es\/#website","url":"https:\/\/www.at2serveis.com\/es\/","name":"AT2 SERVEIS","description":"Direcci\u00f3 i gesti\u00f3 d&#039;obra","publisher":{"@id":"https:\/\/www.at2serveis.com\/es\/#organization"},"alternateName":"AT2 SERVEIS - Gesti\u00f3 en edificaci\u00f3","potentialAction":[{"@type":"SearchAction","target":{"@type":"EntryPoint","urlTemplate":"https:\/\/www.at2serveis.com\/es\/?s={search_term_string}"},"query-input":{"@type":"PropertyValueSpecification","valueRequired":true,"valueName":"search_term_string"}}],"inLanguage":"es"},{"@type":"Organization","@id":"https:\/\/www.at2serveis.com\/es\/#organization","name":"AT2 SERVEIS","alternateName":"AT2 SERVEIS - Gesti\u00f3 en edificaci\u00f3","url":"https:\/\/www.at2serveis.com\/es\/","logo":{"@type":"ImageObject","inLanguage":"es","@id":"https:\/\/www.at2serveis.com\/es\/#\/schema\/logo\/image\/","url":"https:\/\/www.at2serveis.com\/wp-content\/uploads\/2024\/11\/AT2-Serveis-Navicon.png","contentUrl":"https:\/\/www.at2serveis.com\/wp-content\/uploads\/2024\/11\/AT2-Serveis-Navicon.png","width":512,"height":512,"caption":"AT2 SERVEIS"},"image":{"@id":"https:\/\/www.at2serveis.com\/es\/#\/schema\/logo\/image\/"}}]}},"_links":{"self":[{"href":"https:\/\/www.at2serveis.com\/es\/wp-json\/wp\/v2\/pages\/1630","targetHints":{"allow":["GET"]}}],"collection":[{"href":"https:\/\/www.at2serveis.com\/es\/wp-json\/wp\/v2\/pages"}],"about":[{"href":"https:\/\/www.at2serveis.com\/es\/wp-json\/wp\/v2\/types\/page"}],"author":[{"embeddable":true,"href":"https:\/\/www.at2serveis.com\/es\/wp-json\/wp\/v2\/users\/1"}],"replies":[{"embeddable":true,"href":"https:\/\/www.at2serveis.com\/es\/wp-json\/wp\/v2\/comments?post=1630"}],"version-history":[{"count":2,"href":"https:\/\/www.at2serveis.com\/es\/wp-json\/wp\/v2\/pages\/1630\/revisions"}],"predecessor-version":[{"id":1726,"href":"https:\/\/www.at2serveis.com\/es\/wp-json\/wp\/v2\/pages\/1630\/revisions\/1726"}],"wp:attachment":[{"href":"https:\/\/www.at2serveis.com\/es\/wp-json\/wp\/v2\/media?parent=1630"}],"curies":[{"name":"wp","href":"https:\/\/api.w.org\/{rel}","templated":true}]}}