{"id":1634,"date":"2025-01-14T10:22:55","date_gmt":"2025-01-14T09:22:55","guid":{"rendered":"https:\/\/www.at2serveis.com\/noticias\/"},"modified":"2025-02-18T09:53:04","modified_gmt":"2025-02-18T08:53:04","slug":"noticias","status":"publish","type":"page","link":"https:\/\/www.at2serveis.com\/es\/noticias\/","title":{"rendered":"Not\u00edcias"},"content":{"rendered":"\t\t<div data-elementor-type=\"wp-page\" data-elementor-id=\"1634\" class=\"elementor elementor-1634 elementor-646\" data-elementor-post-type=\"page\">\n\t\t\t\t<div class=\"elementor-element elementor-element-9d345a5 e-flex e-con-boxed e-con e-parent\" data-id=\"9d345a5\" data-element_type=\"container\">\n\t\t\t\t\t<div class=\"e-con-inner\">\n\t\t\t\t<div class=\"elementor-element elementor-element-6883a09 elementor-widget elementor-widget-heading\" data-id=\"6883a09\" data-element_type=\"widget\" data-widget_type=\"heading.default\">\n\t\t\t\t<div class=\"elementor-widget-container\">\n\t\t\t\t\t<h1 class=\"elementor-heading-title elementor-size-default\">Not\u00edcias<\/h1>\t\t\t\t<\/div>\n\t\t\t\t<\/div>\n\t\t\t\t\t<\/div>\n\t\t\t\t<\/div>\n\t\t<div class=\"elementor-element elementor-element-32fad78 e-flex e-con-boxed e-con e-parent\" data-id=\"32fad78\" data-element_type=\"container\">\n\t\t\t\t\t<div class=\"e-con-inner\">\n\t\t\t\t<div class=\"elementor-element elementor-element-bffe8fd elementor-grid-1 elementor-posts--thumbnail-left elementor-grid-tablet-1 elementor-grid-mobile-1 elementor-widget elementor-widget-posts\" data-id=\"bffe8fd\" data-element_type=\"widget\" data-settings=\"{&quot;classic_columns&quot;:&quot;1&quot;,&quot;pagination_type&quot;:&quot;numbers_and_prev_next&quot;,&quot;classic_columns_tablet&quot;:&quot;1&quot;,&quot;classic_row_gap_mobile&quot;:{&quot;unit&quot;:&quot;px&quot;,&quot;size&quot;:30,&quot;sizes&quot;:[]},&quot;classic_columns_mobile&quot;:&quot;1&quot;,&quot;classic_row_gap&quot;:{&quot;unit&quot;:&quot;px&quot;,&quot;size&quot;:35,&quot;sizes&quot;:[]},&quot;classic_row_gap_laptop&quot;:{&quot;unit&quot;:&quot;px&quot;,&quot;size&quot;:&quot;&quot;,&quot;sizes&quot;:[]},&quot;classic_row_gap_tablet&quot;:{&quot;unit&quot;:&quot;px&quot;,&quot;size&quot;:&quot;&quot;,&quot;sizes&quot;:[]}}\" data-widget_type=\"posts.classic\">\n\t\t\t\t<div class=\"elementor-widget-container\">\n\t\t\t\t\t\t\t<div class=\"elementor-posts-container elementor-posts elementor-posts--skin-classic elementor-grid\" role=\"list\">\n\t\t\t\t<article class=\"elementor-post elementor-grid-item post-1817 post type-post status-publish format-standard has-post-thumbnail hentry category-sin-categorizar\" role=\"listitem\">\n\t\t\t\t<a class=\"elementor-post__thumbnail__link\" href=\"https:\/\/www.at2serveis.com\/es\/el-nuevo-palacio-de-justicia-se-inaugurara-en-septiembre\/\" tabindex=\"-1\" >\n\t\t\t<div class=\"elementor-post__thumbnail\"><img fetchpriority=\"high\" decoding=\"async\" width=\"1280\" height=\"720\" src=\"https:\/\/www.at2serveis.com\/wp-content\/uploads\/2025\/02\/palau-justicia-girona.jpg\" class=\"attachment-full size-full wp-image-1761\" alt=\"palau justicia girona\" srcset=\"https:\/\/www.at2serveis.com\/wp-content\/uploads\/2025\/02\/palau-justicia-girona.jpg 1280w, https:\/\/www.at2serveis.com\/wp-content\/uploads\/2025\/02\/palau-justicia-girona-300x169.jpg 300w, https:\/\/www.at2serveis.com\/wp-content\/uploads\/2025\/02\/palau-justicia-girona-1024x576.jpg 1024w, https:\/\/www.at2serveis.com\/wp-content\/uploads\/2025\/02\/palau-justicia-girona-768x432.jpg 768w\" sizes=\"(max-width: 1280px) 100vw, 1280px\" \/><\/div>\n\t\t<\/a>\n\t\t\t\t<div class=\"elementor-post__text\">\n\t\t\t\t<h2 class=\"elementor-post__title\">\n\t\t\t<a href=\"https:\/\/www.at2serveis.com\/es\/el-nuevo-palacio-de-justicia-se-inaugurara-en-septiembre\/\" >\n\t\t\t\tEl nuevo Palacio de Justicia se inaugurar\u00e1 en septiembre\t\t\t<\/a>\n\t\t<\/h2>\n\t\t\t\t<div class=\"elementor-post__meta-data\">\n\t\t\t\t\t<span class=\"elementor-post-date\">\n\t\t\t18 de febrero de 2025\t\t<\/span>\n\t\t\t\t<\/div>\n\t\t\t\t<div class=\"elementor-post__excerpt\">\n\t\t\t<p>Diari de Girona El nuevo Palacio de Justicia se inaugurar\u00e1 en septiembre El Juzgado de Girona ya conf\u00eda en los jueces para finales de mes ya que el edificio estaba \u00abtotalmente operativo\u00bb en esas fiestas. \ud83d\udcc5 22.08.2012 | 17:50 El Tribunal de Girona ya fija los juicios previstos para la segunda quincena de septiembre en el nuevo Palacio de Justicia. El presidente, Fernando Lacaba, ha anunciado el calendario detallado del traslado al nuevo edificio. Los primeros en abrir las dependencias ser\u00e1n los servicios del Departamento de Justicia y del Tribunal de Menores, que comenzar\u00e1n a instalarse en el nuevo Palacio de Justicia este mes de julio. Las \u00faltimas en llegar ser\u00e1n las secciones de la Corte y la Fiscal\u00eda. Sin embargo, se espera que el edificio est\u00e9 \u00abplenamente operativo\u00bb a principios de octubre. Las notificaciones de conflictos penales, sociales y administrativos previstas para mediados de septiembre ya se realizar\u00e1n en<\/p>\n\t\t<\/div>\n\t\t\t\t\t<div class=\"elementor-post__read-more-wrapper\">\n\t\t\n\t\t<a class=\"elementor-post__read-more\" href=\"https:\/\/www.at2serveis.com\/es\/el-nuevo-palacio-de-justicia-se-inaugurara-en-septiembre\/\" aria-label=\"M\u00e1s informaci\u00f3n sobre El nuevo Palacio de Justicia se inaugurar\u00e1 en septiembre\" tabindex=\"-1\" >\n\t\t\t Leer m\u00e1s &gt;\t\t<\/a>\n\n\t\t\t\t\t<\/div>\n\t\t\t\t<\/div>\n\t\t\t\t<\/article>\n\t\t\t\t<article class=\"elementor-post elementor-grid-item post-1818 post type-post status-publish format-standard has-post-thumbnail hentry category-sin-categorizar\" role=\"listitem\">\n\t\t\t\t<a class=\"elementor-post__thumbnail__link\" href=\"https:\/\/www.at2serveis.com\/es\/estrenan-una-ampliacion-en-el-instituto-montsoriu-de-arbucies\/\" tabindex=\"-1\" >\n\t\t\t<div class=\"elementor-post__thumbnail\"><img decoding=\"async\" width=\"549\" height=\"350\" src=\"https:\/\/www.at2serveis.com\/wp-content\/uploads\/2025\/02\/Captura-de-Pantalla-2025-02-18-a-les-9.22.42.png\" class=\"attachment-full size-full wp-image-1754\" alt=\"strenen ampliaci\u00f3 a l\u2019institut Montsoriu d\u2019Arb\u00facies\" srcset=\"https:\/\/www.at2serveis.com\/wp-content\/uploads\/2025\/02\/Captura-de-Pantalla-2025-02-18-a-les-9.22.42.png 549w, https:\/\/www.at2serveis.com\/wp-content\/uploads\/2025\/02\/Captura-de-Pantalla-2025-02-18-a-les-9.22.42-300x191.png 300w\" sizes=\"(max-width: 549px) 100vw, 549px\" \/><\/div>\n\t\t<\/a>\n\t\t\t\t<div class=\"elementor-post__text\">\n\t\t\t\t<h2 class=\"elementor-post__title\">\n\t\t\t<a href=\"https:\/\/www.at2serveis.com\/es\/estrenan-una-ampliacion-en-el-instituto-montsoriu-de-arbucies\/\" >\n\t\t\t\tEstrenan una ampliaci\u00f3n en el instituto Montsoriu de Arb\u00facies\t\t\t<\/a>\n\t\t<\/h2>\n\t\t\t\t<div class=\"elementor-post__meta-data\">\n\t\t\t\t\t<span class=\"elementor-post-date\">\n\t\t\t18 de febrero de 2025\t\t<\/span>\n\t\t\t\t<\/div>\n\t\t\t\t<div class=\"elementor-post__excerpt\">\n\t\t\t<p>EL PUNT AVUI+Mi\u00e9rcoles 4 de noviembre de 2020 EDUCACI\u00d3N ARB\u00daCIES 11 de septiembre de 2017 2.00 horas Estrenan una ampliaci\u00f3n y ponen fin al cuartel del instituto Montsoriu de Arb\u00facies \ud83c\udfeb Educaci\u00f3n ha renovado el centro con una inversi\u00f3n de 6 millones \ud83d\udc68\u200d\ud83c\udfeb Los estudiantes y profesores tienen los espacios en una \u00fanica sede, y ya no tienen que realizar ninguna actividad al aire libre &nbsp; &nbsp;<\/p>\n\t\t<\/div>\n\t\t\t\t\t<div class=\"elementor-post__read-more-wrapper\">\n\t\t\n\t\t<a class=\"elementor-post__read-more\" href=\"https:\/\/www.at2serveis.com\/es\/estrenan-una-ampliacion-en-el-instituto-montsoriu-de-arbucies\/\" aria-label=\"M\u00e1s informaci\u00f3n sobre Estrenan una ampliaci\u00f3n en el instituto Montsoriu de Arb\u00facies\" tabindex=\"-1\" >\n\t\t\t Leer m\u00e1s &gt;\t\t<\/a>\n\n\t\t\t\t\t<\/div>\n\t\t\t\t<\/div>\n\t\t\t\t<\/article>\n\t\t\t\t<article class=\"elementor-post elementor-grid-item post-1816 post type-post status-publish format-standard has-post-thumbnail hentry category-sin-categorizar\" role=\"listitem\">\n\t\t\t\t<a class=\"elementor-post__thumbnail__link\" href=\"https:\/\/www.at2serveis.com\/es\/nueva-clinica-girona-la-construccion-de-la-planta-baja\/\" tabindex=\"-1\" >\n\t\t\t<div class=\"elementor-post__thumbnail\"><img decoding=\"async\" width=\"1000\" height=\"475\" src=\"https:\/\/www.at2serveis.com\/wp-content\/uploads\/2025\/02\/Captura-de-Pantalla-2025-02-18-a-les-9.20.57.png\" class=\"attachment-full size-full wp-image-1750\" alt=\"Nova Cl\u00ednica Girona. La construcci\u00f3 de la Planta baixa\" srcset=\"https:\/\/www.at2serveis.com\/wp-content\/uploads\/2025\/02\/Captura-de-Pantalla-2025-02-18-a-les-9.20.57.png 1000w, https:\/\/www.at2serveis.com\/wp-content\/uploads\/2025\/02\/Captura-de-Pantalla-2025-02-18-a-les-9.20.57-300x143.png 300w, https:\/\/www.at2serveis.com\/wp-content\/uploads\/2025\/02\/Captura-de-Pantalla-2025-02-18-a-les-9.20.57-768x365.png 768w\" sizes=\"(max-width: 1000px) 100vw, 1000px\" \/><\/div>\n\t\t<\/a>\n\t\t\t\t<div class=\"elementor-post__text\">\n\t\t\t\t<h2 class=\"elementor-post__title\">\n\t\t\t<a href=\"https:\/\/www.at2serveis.com\/es\/nueva-clinica-girona-la-construccion-de-la-planta-baja\/\" >\n\t\t\t\tNueva Cl\u00ednica Girona. La construcci\u00f3n de la Planta Baja\t\t\t<\/a>\n\t\t<\/h2>\n\t\t\t\t<div class=\"elementor-post__meta-data\">\n\t\t\t\t\t<span class=\"elementor-post-date\">\n\t\t\t18 de febrero de 2025\t\t<\/span>\n\t\t\t\t<\/div>\n\t\t\t\t<div class=\"elementor-post__excerpt\">\n\t\t\t<p>Autor: Servicio de Comunicaci\u00f3n | 29 de enero de 2020 | Obras Nueva Cl\u00ednica V\u00eddeo de David S\u00e1nchez que muestra el estado de las obras de la nueva Cl\u00ednica Girona en enero de 2020, cuando se construye la planta baja. En enero y febrero de 2020 se levanta la estructura de la planta baja y los pilares sobre los que se apoyar\u00e1n las plantas superiores. Paralelamente tambi\u00e9n se han iniciado las fases de instalaci\u00f3n y partici\u00f3n de las plantas subterr\u00e1neas. Habr\u00e1 3 plantas m\u00e1s abajo, y encima subir\u00e1n 7 al costado de la Carretera de Barcelona y 5 a la parte de las v\u00edas del tren. Una de las caracter\u00edsticas distintivas del nuevo edificio es que desde la planta baja toda la estructura se apoyar\u00e1 sobre resortes amortiguadores, para apaciguar las vibraciones provocadas por la proximidad de las v\u00edas del tren convencional y la alta velocidad. Estos resortes amortiguadores, colocados<\/p>\n\t\t<\/div>\n\t\t\t\t\t<div class=\"elementor-post__read-more-wrapper\">\n\t\t\n\t\t<a class=\"elementor-post__read-more\" href=\"https:\/\/www.at2serveis.com\/es\/nueva-clinica-girona-la-construccion-de-la-planta-baja\/\" aria-label=\"M\u00e1s informaci\u00f3n sobre Nueva Cl\u00ednica Girona. La construcci\u00f3n de la Planta Baja\" tabindex=\"-1\" >\n\t\t\t Leer m\u00e1s &gt;\t\t<\/a>\n\n\t\t\t\t\t<\/div>\n\t\t\t\t<\/div>\n\t\t\t\t<\/article>\n\t\t\t\t<article class=\"elementor-post elementor-grid-item post-1815 post type-post status-publish format-standard has-post-thumbnail hentry category-sin-categorizar\" role=\"listitem\">\n\t\t\t\t<a class=\"elementor-post__thumbnail__link\" href=\"https:\/\/www.at2serveis.com\/es\/las-obras-de-la-nueva-clinica-girona\/\" tabindex=\"-1\" >\n\t\t\t<div class=\"elementor-post__thumbnail\"><img loading=\"lazy\" decoding=\"async\" width=\"845\" height=\"548\" src=\"https:\/\/www.at2serveis.com\/wp-content\/uploads\/2025\/02\/Obres-nova-clinica-girona.png\" class=\"attachment-full size-full wp-image-1746\" alt=\"Les obres de la nova Cl\u00ednica Girona\" srcset=\"https:\/\/www.at2serveis.com\/wp-content\/uploads\/2025\/02\/Obres-nova-clinica-girona.png 845w, https:\/\/www.at2serveis.com\/wp-content\/uploads\/2025\/02\/Obres-nova-clinica-girona-300x195.png 300w, https:\/\/www.at2serveis.com\/wp-content\/uploads\/2025\/02\/Obres-nova-clinica-girona-768x498.png 768w\" sizes=\"(max-width: 845px) 100vw, 845px\" \/><\/div>\n\t\t<\/a>\n\t\t\t\t<div class=\"elementor-post__text\">\n\t\t\t\t<h2 class=\"elementor-post__title\">\n\t\t\t<a href=\"https:\/\/www.at2serveis.com\/es\/las-obras-de-la-nueva-clinica-girona\/\" >\n\t\t\t\tLas obras de la nueva Cl\u00ednica Girona\t\t\t<\/a>\n\t\t<\/h2>\n\t\t\t\t<div class=\"elementor-post__meta-data\">\n\t\t\t\t\t<span class=\"elementor-post-date\">\n\t\t\t18 de febrero de 2025\t\t<\/span>\n\t\t\t\t<\/div>\n\t\t\t\t<div class=\"elementor-post__excerpt\">\n\t\t\t<p>Autor: Servicio de Comunicaci\u00f3n | 6 de junio de 2020 | Aspectos destacados, Noticias, Obras Nueva Cl\u00ednica | Siga desde aqu\u00ed el estado de las obras de construcci\u00f3n de la nueva Cl\u00ednica Girona. Octubre de 2020 En octubre de 2020, el estado de las obras ya muestra el skyline de la nueva Cl\u00ednica Girona, en la entrada sur de la ciudad. Toda la estructura del edificio ya est\u00e1 terminada. Los diferentes pisos est\u00e1n casi todos pavimentados. Tambi\u00e9n este octubre se est\u00e1 realizando la cara interior de la fachada donde se pueden empezar a ver las ventanas que all\u00ed van. Los tejados se encuentran en la fase de preimpermeabilizaci\u00f3n. Se est\u00e1n distribuyendo las distintas salas a las plantas y se est\u00e1n montando el clima, la electricidad, el saneamiento, el agua potable y otras instalaciones. Paralelamente, por el exterior del edificio se est\u00e1n terminando las instalaciones de la urbanizaci\u00f3n y pr\u00f3ximamente se<\/p>\n\t\t<\/div>\n\t\t\t\t\t<div class=\"elementor-post__read-more-wrapper\">\n\t\t\n\t\t<a class=\"elementor-post__read-more\" href=\"https:\/\/www.at2serveis.com\/es\/las-obras-de-la-nueva-clinica-girona\/\" aria-label=\"M\u00e1s informaci\u00f3n sobre Las obras de la nueva Cl\u00ednica Girona\" tabindex=\"-1\" >\n\t\t\t Leer m\u00e1s &gt;\t\t<\/a>\n\n\t\t\t\t\t<\/div>\n\t\t\t\t<\/div>\n\t\t\t\t<\/article>\n\t\t\t\t<article class=\"elementor-post elementor-grid-item post-1814 post type-post status-publish format-standard has-post-thumbnail hentry category-sin-categorizar\" role=\"listitem\">\n\t\t\t\t<a class=\"elementor-post__thumbnail__link\" href=\"https:\/\/www.at2serveis.com\/es\/la-punxa-dedica-un-monografico-a-la-nueva-clinica-girona\/\" tabindex=\"-1\" >\n\t\t\t<div class=\"elementor-post__thumbnail\"><img loading=\"lazy\" decoding=\"async\" width=\"497\" height=\"316\" src=\"https:\/\/www.at2serveis.com\/wp-content\/uploads\/2025\/02\/nova-clinica-girona.png\" class=\"attachment-full size-full wp-image-1763\" alt=\"nova clinica girona\" srcset=\"https:\/\/www.at2serveis.com\/wp-content\/uploads\/2025\/02\/nova-clinica-girona.png 497w, https:\/\/www.at2serveis.com\/wp-content\/uploads\/2025\/02\/nova-clinica-girona-300x191.png 300w\" sizes=\"(max-width: 497px) 100vw, 497px\" \/><\/div>\n\t\t<\/a>\n\t\t\t\t<div class=\"elementor-post__text\">\n\t\t\t\t<h2 class=\"elementor-post__title\">\n\t\t\t<a href=\"https:\/\/www.at2serveis.com\/es\/la-punxa-dedica-un-monografico-a-la-nueva-clinica-girona\/\" >\n\t\t\t\t\u201cLa Punxa\u201d dedica un monogr\u00e1fico a la nueva Cl\u00ednica Girona\t\t\t<\/a>\n\t\t<\/h2>\n\t\t\t\t<div class=\"elementor-post__meta-data\">\n\t\t\t\t\t<span class=\"elementor-post-date\">\n\t\t\t18 de febrero de 2025\t\t<\/span>\n\t\t\t\t<\/div>\n\t\t\t\t<div class=\"elementor-post__excerpt\">\n\t\t\t<p>Autor: Servicio de Comunicaci\u00f3n | 12 de junio de 2020 | Colecci\u00f3n de prensa En la fotograf\u00eda, de izquierda a derecha: Anabel Ros, directora de la revista La Punxa, Carles Esp\u00edgol, gerente de Cl\u00ednica Girona, y Miquel Josep Vendrell, presidente del Apparatus College Girona, 12 de junio de 2020.- El \u00faltimo n\u00famero de La Punxa, revista semestral del Col\u00b7legi d\u2019Aparelladors, Arquitectes t\u00e8cnics i Enginyers d\u2019Edificaci\u00f3 de Girona, dedica una monograf\u00eda a la nueva Cl\u00ednica Girona. Por ello, el tema central del n\u00famero 58 dedica tres art\u00edculos a dar una visi\u00f3n plural del proyecto, los cuales han sido elaborados por la propia Cl\u00ednica, los arquitectos que redactaron el proyecto PMMT Arquitectes y los top\u00f3grafos y directores de la obra, AT2 Serveis. Una vez publicada la revista, el presidente del Colegio de Aparatos, Miquel Josep Vendrell, y la directora de la revista, Anabel Ros, entregaron ejemplares de La Punxa al gerente de<\/p>\n\t\t<\/div>\n\t\t\t\t\t<div class=\"elementor-post__read-more-wrapper\">\n\t\t\n\t\t<a class=\"elementor-post__read-more\" href=\"https:\/\/www.at2serveis.com\/es\/la-punxa-dedica-un-monografico-a-la-nueva-clinica-girona\/\" aria-label=\"M\u00e1s informaci\u00f3n sobre \u201cLa Punxa\u201d dedica un monogr\u00e1fico a la nueva Cl\u00ednica Girona\" tabindex=\"-1\" >\n\t\t\t Leer m\u00e1s &gt;\t\t<\/a>\n\n\t\t\t\t\t<\/div>\n\t\t\t\t<\/div>\n\t\t\t\t<\/article>\n\t\t\t\t<article class=\"elementor-post elementor-grid-item post-1813 post type-post status-publish format-standard has-post-thumbnail hentry category-sin-categorizar\" role=\"listitem\">\n\t\t\t\t<a class=\"elementor-post__thumbnail__link\" href=\"https:\/\/www.at2serveis.com\/es\/las-obras-de-la-nueva-clinica-girona-avanzan-a-buen-ritmo\/\" tabindex=\"-1\" >\n\t\t\t<div class=\"elementor-post__thumbnail\"><img loading=\"lazy\" decoding=\"async\" width=\"1600\" height=\"900\" src=\"https:\/\/www.at2serveis.com\/wp-content\/uploads\/2019\/04\/Obres-Clinica-Girona.jpg\" class=\"attachment-full size-full wp-image-1588\" alt=\"es obres de la nova Cl\u00ednica Girona avancen a bon ritme\" srcset=\"https:\/\/www.at2serveis.com\/wp-content\/uploads\/2019\/04\/Obres-Clinica-Girona.jpg 1600w, https:\/\/www.at2serveis.com\/wp-content\/uploads\/2019\/04\/Obres-Clinica-Girona-300x169.jpg 300w, https:\/\/www.at2serveis.com\/wp-content\/uploads\/2019\/04\/Obres-Clinica-Girona-1024x576.jpg 1024w, https:\/\/www.at2serveis.com\/wp-content\/uploads\/2019\/04\/Obres-Clinica-Girona-768x432.jpg 768w, https:\/\/www.at2serveis.com\/wp-content\/uploads\/2019\/04\/Obres-Clinica-Girona-1536x864.jpg 1536w\" sizes=\"(max-width: 1600px) 100vw, 1600px\" \/><\/div>\n\t\t<\/a>\n\t\t\t\t<div class=\"elementor-post__text\">\n\t\t\t\t<h2 class=\"elementor-post__title\">\n\t\t\t<a href=\"https:\/\/www.at2serveis.com\/es\/las-obras-de-la-nueva-clinica-girona-avanzan-a-buen-ritmo\/\" >\n\t\t\t\tLas obras de la nueva Cl\u00ednica Girona avanzan a buen ritmo\t\t\t<\/a>\n\t\t<\/h2>\n\t\t\t\t<div class=\"elementor-post__meta-data\">\n\t\t\t\t\t<span class=\"elementor-post-date\">\n\t\t\t7 de abril de 2019\t\t<\/span>\n\t\t\t\t<\/div>\n\t\t\t\t<div class=\"elementor-post__excerpt\">\n\t\t\t<p>Las obras de construcci\u00f3n de la nueva Cl\u00ednica Girona en la entrada sur de la ciudad avanzan a buen ritmo. A las puertas de la primavera de 2019 est\u00e1n casi terminadas las mamparas que delimitan el per\u00edmetro del futuro edificio as\u00ed como gran parte de la viga de coronaci\u00f3n del mismo, con la que ser\u00e1 posible continuar con la siguiente fase de vaciado. tierra. En febrero de 2018 se inici\u00f3 el derribo de los antiguos almacenes existentes en el solar y la limpieza y urbanizaci\u00f3n de la zona. Esta fase previa de demolici\u00f3n de las naves industriales, limpieza o urbanizaci\u00f3n del terreno, dur\u00f3 varios meses y se realiz\u00f3 con mayor lentitud de lo habitual debido a la existencia de fibrocemento (uralita) en los techos de algunos de los barcos, lo que oblig\u00f3 a realizar estas obras con medidas especiales. Tambi\u00e9n se retras\u00f3 unos meses para poder derribar los barcos que<\/p>\n\t\t<\/div>\n\t\t\t\t\t<div class=\"elementor-post__read-more-wrapper\">\n\t\t\n\t\t<a class=\"elementor-post__read-more\" href=\"https:\/\/www.at2serveis.com\/es\/las-obras-de-la-nueva-clinica-girona-avanzan-a-buen-ritmo\/\" aria-label=\"M\u00e1s informaci\u00f3n sobre Las obras de la nueva Cl\u00ednica Girona avanzan a buen ritmo\" tabindex=\"-1\" >\n\t\t\t Leer m\u00e1s &gt;\t\t<\/a>\n\n\t\t\t\t\t<\/div>\n\t\t\t\t<\/div>\n\t\t\t\t<\/article>\n\t\t\t\t<\/div>\n\t\t\n\t\t\t\t\t\t<\/div>\n\t\t\t\t<\/div>\n\t\t\t\t\t<\/div>\n\t\t\t\t<\/div>\n\t\t\t\t<\/div>\n\t\t","protected":false},"excerpt":{"rendered":"<p>Not\u00edcias<\/p>\n","protected":false},"author":1,"featured_media":0,"parent":0,"menu_order":0,"comment_status":"closed","ping_status":"closed","template":"elementor_header_footer","meta":{"_acf_changed":false,"neve_meta_sidebar":"","neve_meta_container":"","neve_meta_enable_content_width":"off","neve_meta_content_width":100,"neve_meta_title_alignment":"","neve_meta_author_avatar":"","neve_post_elements_order":"","neve_meta_disable_header":"","neve_meta_disable_footer":"","neve_meta_disable_title":"","footnotes":""},"class_list":["post-1634","page","type-page","status-publish","hentry"],"acf":[],"yoast_head":"<!-- This site is optimized with the Yoast SEO plugin v25.5 - https:\/\/yoast.com\/wordpress\/plugins\/seo\/ -->\n<title>Descubre noticias relacionadas | AT2 Gesti\u00f3n de edificios<\/title>\n<meta name=\"description\" content=\"Accede ahora y descubre novedades relacionadas con las ejecuciones que est\u00e1s realizando en AT2 Management en edificios.\" \/>\n<meta name=\"robots\" content=\"index, follow, max-snippet:-1, max-image-preview:large, max-video-preview:-1\" \/>\n<link rel=\"canonical\" href=\"https:\/\/www.at2serveis.com\/es\/noticias\/\" \/>\n<meta property=\"og:locale\" content=\"es_ES\" \/>\n<meta property=\"og:type\" content=\"article\" \/>\n<meta property=\"og:title\" content=\"Descubre noticias relacionadas | AT2 Gesti\u00f3n de edificios\" \/>\n<meta property=\"og:description\" content=\"Accede ahora y descubre novedades relacionadas con las ejecuciones que est\u00e1s realizando en AT2 Management en edificios.\" \/>\n<meta property=\"og:url\" content=\"https:\/\/www.at2serveis.com\/es\/noticias\/\" \/>\n<meta property=\"og:site_name\" content=\"AT2 SERVEIS\" \/>\n<meta property=\"article:modified_time\" content=\"2025-02-18T08:53:04+00:00\" \/>\n<meta property=\"og:image\" content=\"https:\/\/www.at2serveis.com\/wp-content\/uploads\/2025\/02\/logo-at2-serveis.png\" \/>\n\t<meta property=\"og:image:width\" content=\"1280\" \/>\n\t<meta property=\"og:image:height\" content=\"720\" \/>\n\t<meta property=\"og:image:type\" content=\"image\/png\" \/>\n<meta name=\"twitter:card\" content=\"summary_large_image\" \/>\n<meta name=\"twitter:label1\" content=\"Tiempo de lectura\" \/>\n\t<meta name=\"twitter:data1\" content=\"2 minutos\" \/>\n<script type=\"application\/ld+json\" class=\"yoast-schema-graph\">{\"@context\":\"https:\/\/schema.org\",\"@graph\":[{\"@type\":\"WebPage\",\"@id\":\"https:\/\/www.at2serveis.com\/es\/noticias\/\",\"url\":\"https:\/\/www.at2serveis.com\/es\/noticias\/\",\"name\":\"Descubre noticias relacionadas | AT2 Gesti\u00f3n de edificios\",\"isPartOf\":{\"@id\":\"https:\/\/www.at2serveis.com\/es\/#website\"},\"datePublished\":\"2025-01-14T09:22:55+00:00\",\"dateModified\":\"2025-02-18T08:53:04+00:00\",\"description\":\"Accede ahora y descubre novedades relacionadas con las ejecuciones que est\u00e1s realizando en AT2 Management en edificios.\",\"breadcrumb\":{\"@id\":\"https:\/\/www.at2serveis.com\/es\/noticias\/#breadcrumb\"},\"inLanguage\":\"es\",\"potentialAction\":[{\"@type\":\"ReadAction\",\"target\":[\"https:\/\/www.at2serveis.com\/es\/noticias\/\"]}]},{\"@type\":\"BreadcrumbList\",\"@id\":\"https:\/\/www.at2serveis.com\/es\/noticias\/#breadcrumb\",\"itemListElement\":[{\"@type\":\"ListItem\",\"position\":1,\"name\":\"Inici\",\"item\":\"https:\/\/www.at2serveis.com\/es\/home\/\"},{\"@type\":\"ListItem\",\"position\":2,\"name\":\"Not\u00edcias\"}]},{\"@type\":\"WebSite\",\"@id\":\"https:\/\/www.at2serveis.com\/es\/#website\",\"url\":\"https:\/\/www.at2serveis.com\/es\/\",\"name\":\"AT2 SERVEIS\",\"description\":\"Direcci\u00f3 i gesti\u00f3 d&#039;obra\",\"publisher\":{\"@id\":\"https:\/\/www.at2serveis.com\/es\/#organization\"},\"alternateName\":\"AT2 SERVEIS - Gesti\u00f3 en edificaci\u00f3\",\"potentialAction\":[{\"@type\":\"SearchAction\",\"target\":{\"@type\":\"EntryPoint\",\"urlTemplate\":\"https:\/\/www.at2serveis.com\/es\/?s={search_term_string}\"},\"query-input\":{\"@type\":\"PropertyValueSpecification\",\"valueRequired\":true,\"valueName\":\"search_term_string\"}}],\"inLanguage\":\"es\"},{\"@type\":\"Organization\",\"@id\":\"https:\/\/www.at2serveis.com\/es\/#organization\",\"name\":\"AT2 SERVEIS\",\"alternateName\":\"AT2 SERVEIS - Gesti\u00f3 en edificaci\u00f3\",\"url\":\"https:\/\/www.at2serveis.com\/es\/\",\"logo\":{\"@type\":\"ImageObject\",\"inLanguage\":\"es\",\"@id\":\"https:\/\/www.at2serveis.com\/es\/#\/schema\/logo\/image\/\",\"url\":\"https:\/\/www.at2serveis.com\/wp-content\/uploads\/2024\/11\/AT2-Serveis-Navicon.png\",\"contentUrl\":\"https:\/\/www.at2serveis.com\/wp-content\/uploads\/2024\/11\/AT2-Serveis-Navicon.png\",\"width\":512,\"height\":512,\"caption\":\"AT2 SERVEIS\"},\"image\":{\"@id\":\"https:\/\/www.at2serveis.com\/es\/#\/schema\/logo\/image\/\"}}]}<\/script>\n<!-- \/ Yoast SEO plugin. -->","yoast_head_json":{"title":"Descubre noticias relacionadas | AT2 Gesti\u00f3n de edificios","description":"Accede ahora y descubre novedades relacionadas con las ejecuciones que est\u00e1s realizando en AT2 Management en edificios.","robots":{"index":"index","follow":"follow","max-snippet":"max-snippet:-1","max-image-preview":"max-image-preview:large","max-video-preview":"max-video-preview:-1"},"canonical":"https:\/\/www.at2serveis.com\/es\/noticias\/","og_locale":"es_ES","og_type":"article","og_title":"Descubre noticias relacionadas | AT2 Gesti\u00f3n de edificios","og_description":"Accede ahora y descubre novedades relacionadas con las ejecuciones que est\u00e1s realizando en AT2 Management en edificios.","og_url":"https:\/\/www.at2serveis.com\/es\/noticias\/","og_site_name":"AT2 SERVEIS","article_modified_time":"2025-02-18T08:53:04+00:00","og_image":[{"width":1280,"height":720,"url":"https:\/\/www.at2serveis.com\/wp-content\/uploads\/2025\/02\/logo-at2-serveis.png","type":"image\/png"}],"twitter_card":"summary_large_image","twitter_misc":{"Tiempo de lectura":"2 minutos"},"schema":{"@context":"https:\/\/schema.org","@graph":[{"@type":"WebPage","@id":"https:\/\/www.at2serveis.com\/es\/noticias\/","url":"https:\/\/www.at2serveis.com\/es\/noticias\/","name":"Descubre noticias relacionadas | AT2 Gesti\u00f3n de edificios","isPartOf":{"@id":"https:\/\/www.at2serveis.com\/es\/#website"},"datePublished":"2025-01-14T09:22:55+00:00","dateModified":"2025-02-18T08:53:04+00:00","description":"Accede ahora y descubre novedades relacionadas con las ejecuciones que est\u00e1s realizando en AT2 Management en edificios.","breadcrumb":{"@id":"https:\/\/www.at2serveis.com\/es\/noticias\/#breadcrumb"},"inLanguage":"es","potentialAction":[{"@type":"ReadAction","target":["https:\/\/www.at2serveis.com\/es\/noticias\/"]}]},{"@type":"BreadcrumbList","@id":"https:\/\/www.at2serveis.com\/es\/noticias\/#breadcrumb","itemListElement":[{"@type":"ListItem","position":1,"name":"Inici","item":"https:\/\/www.at2serveis.com\/es\/home\/"},{"@type":"ListItem","position":2,"name":"Not\u00edcias"}]},{"@type":"WebSite","@id":"https:\/\/www.at2serveis.com\/es\/#website","url":"https:\/\/www.at2serveis.com\/es\/","name":"AT2 SERVEIS","description":"Direcci\u00f3 i gesti\u00f3 d&#039;obra","publisher":{"@id":"https:\/\/www.at2serveis.com\/es\/#organization"},"alternateName":"AT2 SERVEIS - Gesti\u00f3 en edificaci\u00f3","potentialAction":[{"@type":"SearchAction","target":{"@type":"EntryPoint","urlTemplate":"https:\/\/www.at2serveis.com\/es\/?s={search_term_string}"},"query-input":{"@type":"PropertyValueSpecification","valueRequired":true,"valueName":"search_term_string"}}],"inLanguage":"es"},{"@type":"Organization","@id":"https:\/\/www.at2serveis.com\/es\/#organization","name":"AT2 SERVEIS","alternateName":"AT2 SERVEIS - Gesti\u00f3 en edificaci\u00f3","url":"https:\/\/www.at2serveis.com\/es\/","logo":{"@type":"ImageObject","inLanguage":"es","@id":"https:\/\/www.at2serveis.com\/es\/#\/schema\/logo\/image\/","url":"https:\/\/www.at2serveis.com\/wp-content\/uploads\/2024\/11\/AT2-Serveis-Navicon.png","contentUrl":"https:\/\/www.at2serveis.com\/wp-content\/uploads\/2024\/11\/AT2-Serveis-Navicon.png","width":512,"height":512,"caption":"AT2 SERVEIS"},"image":{"@id":"https:\/\/www.at2serveis.com\/es\/#\/schema\/logo\/image\/"}}]}},"_links":{"self":[{"href":"https:\/\/www.at2serveis.com\/es\/wp-json\/wp\/v2\/pages\/1634","targetHints":{"allow":["GET"]}}],"collection":[{"href":"https:\/\/www.at2serveis.com\/es\/wp-json\/wp\/v2\/pages"}],"about":[{"href":"https:\/\/www.at2serveis.com\/es\/wp-json\/wp\/v2\/types\/page"}],"author":[{"embeddable":true,"href":"https:\/\/www.at2serveis.com\/es\/wp-json\/wp\/v2\/users\/1"}],"replies":[{"embeddable":true,"href":"https:\/\/www.at2serveis.com\/es\/wp-json\/wp\/v2\/comments?post=1634"}],"version-history":[{"count":3,"href":"https:\/\/www.at2serveis.com\/es\/wp-json\/wp\/v2\/pages\/1634\/revisions"}],"predecessor-version":[{"id":1769,"href":"https:\/\/www.at2serveis.com\/es\/wp-json\/wp\/v2\/pages\/1634\/revisions\/1769"}],"wp:attachment":[{"href":"https:\/\/www.at2serveis.com\/es\/wp-json\/wp\/v2\/media?parent=1634"}],"curies":[{"name":"wp","href":"https:\/\/api.w.org\/{rel}","templated":true}]}}