{"id":1644,"date":"2021-04-21T07:39:55","date_gmt":"2021-04-21T05:39:55","guid":{"rendered":"https:\/\/www.at2serveis.com\/politica-de-privacitat\/"},"modified":"2025-02-18T09:10:21","modified_gmt":"2025-02-18T08:10:21","slug":"politica-de-privacidad","status":"publish","type":"page","link":"https:\/\/www.at2serveis.com\/es\/politica-de-privacidad\/","title":{"rendered":"Pol\u00edtica de privacidad"},"content":{"rendered":"\t\t<div data-elementor-type=\"wp-page\" data-elementor-id=\"1644\" class=\"elementor elementor-1644 elementor-3\" data-elementor-post-type=\"page\">\n\t\t\t\t<div class=\"elementor-element elementor-element-2697101 e-flex e-con-boxed e-con e-parent\" data-id=\"2697101\" data-element_type=\"container\">\n\t\t\t\t\t<div class=\"e-con-inner\">\n\t\t<div class=\"elementor-element elementor-element-fca02f7 e-con-full e-flex e-con e-child\" data-id=\"fca02f7\" data-element_type=\"container\">\n\t\t\t\t<div class=\"elementor-element elementor-element-98b2328 elementor-widget elementor-widget-heading\" data-id=\"98b2328\" data-element_type=\"widget\" data-widget_type=\"heading.default\">\n\t\t\t\t<div class=\"elementor-widget-container\">\n\t\t\t\t\t<h1 class=\"elementor-heading-title elementor-size-default\">Pol\u00edtica de privacidad<\/h1>\t\t\t\t<\/div>\n\t\t\t\t<\/div>\n\t\t\t\t<div class=\"elementor-element elementor-element-988881f elementor-widget elementor-widget-text-editor\" data-id=\"988881f\" data-element_type=\"widget\" data-widget_type=\"text-editor.default\">\n\t\t\t\t<div class=\"elementor-widget-container\">\n\t\t\t\t\t\t\t\t\t<p>AT2 SERVEIS GESTI\u00d3 EN EDIFICACI\u00d3 SLP es compromet a protegir la privacitat dels usuaris que accedeixin a aquesta web i\/o qualsevol dels seus serveis. La utilitzaci\u00f3 de la web i\/o de qualsevol dels serveis oferts per AT2 SERVEIS GESTI\u00d3 EN EDIFICACI\u00d3 SLP implica l\u2019acceptaci\u00f3 per l\u2019usuari de les disposicions contingudes en la present Pol\u00edtica de Privacitat i que les seves dades personals siguin tractades segons s\u2019estipula en ella. Si us plau, tingui en compte que tot i que hi pugui haver enlla\u00e7os de la nostra web a d\u2019altres webs, aquesta Pol\u00edtica de Privacitat no s\u2019aplica a les webs d\u2019altres companyies o organitzacions a les que la web estigui redirigida. AT2 SERVEIS GESTI\u00d3 EN EDIFICACI\u00d3 SLP no controla el contingut de les webs de tercers ni accepta qualsevol responsabilitat pel contingut o les pol\u00edtiques de privacitat d\u2019aquestes webs.<\/p><p><strong>Informaci\u00f3 sobre el tractament de dades (Reglament (UE) 2016\/679 i LO 3\/2018)<\/strong><\/p><ul><li><strong>Responsable del tractament:<\/strong><ul><li>AT2 SERVEIS GESTI\u00d3 EN EDIFICACI\u00d3 SLP<br \/>NIF: B17825415<br \/>C\/ Salt, 19 entres\u00f2l A 17005 Girona<br \/>Email: aperte.at2@gmail.com<\/li><\/ul><\/li><li><strong>Finalitat del tractament:<\/strong>\u00a0Oferir i gestionar els nostres serveis d\u2019arquitectura t\u00e8cnica i gesti\u00f3 d\u2019obres .<\/li><li><strong>Legitimaci\u00f3:<\/strong><ul><li>Consentiment obtingut de l\u2019interessat.<\/li><li>Execuci\u00f3 del contracte de serveis.<\/li><\/ul><\/li><li><strong>Destinataris:<\/strong>\u00a0Les dades no seran comunicades a tercers, llevat que ho exigeixi una llei o sigui necessari per complir amb la finalitat del tractament.<\/li><li><strong>Drets de les persones:<\/strong>\u00a0Els interessats tenen dret a exercir els drets d\u2019acc\u00e9s, rectificaci\u00f3, limitaci\u00f3 de<br \/>tractament, supressi\u00f3, portabilitat i oposici\u00f3, enviant la seva sol\u00b7licitud a la nostra<br \/>l\u2019adre\u00e7a.<\/li><li><strong>Termini de conservaci\u00f3 de les dades:<\/strong>\u00a0Mentre es mantingui la relaci\u00f3 comercial o durant els anys necessaris per complir amb les obligacions legals.<\/li><li><strong>Reclamaci\u00f3:<\/strong>\u00a0Els interessats es poden dirigir a l\u2019AEPD per presentar la reclamaci\u00f3 que consideri oportuna.<\/li><li><strong>Informaci\u00f3 personal:<\/strong>\u00a0Pot consultar la informaci\u00f3 addicional i detallada a continuaci\u00f3 a les \u201cQ\u00fcestions sobre privacitat\u201d\u200b<\/li><\/ul><p><strong>\u200bQ\u00fcestions sobre privacitat<\/strong><br \/>En compliment del Reglament (UE) 2016\/679 del Parlament Europeu i del Consell, de 27 d\u2019abril de 2016, (RGPD) i la Llei Org\u00e0nica 3\/2018, de 5 de desembre, de Protecci\u00f3 de Dades Personals i garantia dels drets digitals (LOPDGDD), li oferim la seg\u00fcent informaci\u00f3 sobre el tractament de les seves dades personals:<\/p><p><strong>Qui \u00e9s el responsable del tractament de les seves dades?<\/strong><br \/>Identitat: AT2 SERVEIS GESTI\u00d3 EN EDIFICACI\u00d3 SLP<br \/>NIF: B17825415<br \/>Adre\u00e7a: C\/ Salt, 19 entres\u00f2l A 17005 Girona<br \/>Tel.: 872037667<br \/>Email: aperte.at2@gmail.com<\/p><p><strong>Amb quina finalitat tractem les seves dades personals?<\/strong><\/p><ul><li>Tractem la informaci\u00f3 que se\u2019ns facilita per gestionar els nostres serveis d\u2019arquitectura t\u00e8cnica i gesti\u00f3 d\u2019obres.<\/li><li>En el cas que es posi en contacte amb nosaltres mitjan\u00e7ant el formulari de contacte de la nostra p\u00e0gina web, les tractarem per gestionar la seva consulta.<\/li><li>Si ens d\u00f3na el seu consentiment tamb\u00e9 podrem tractar les seves dades per enviar-li informaci\u00f3 sobre les nostres activitats, productes o serveis.<\/li><li>Si ens envia un curr\u00edculum, tractarem les dades amb la finalitat de gestionar la base de CVs per a la selecci\u00f3 de personal.<\/li><\/ul><p><strong>\u200bPer quant de temps conservarem les seves dades?<\/strong><\/p><ul><li>Les dades personals proporcionades es conservaran mentre sigui usuari dels nostres serveis o en vulgui rebre informaci\u00f3, i despr\u00e9s, durant el terminis establerts per complir amb les nostres obligacions legals, que en el cas documentaci\u00f3 comptable i fiscal a efectes mercantils seran 6 anys, de conformitat amb l\u2019Art. 30 del codi de Codi Comer\u00e7, i als efectes fiscals seran 4 anys, d\u2019acord amb els articles 66 a 70 de la<\/li><\/ul><p>Llei general tribut\u00e0ria.<\/p><ul><li>En el cas dels curr\u00edculums les dades es conservaran durant un any.<\/li><\/ul><p><strong>Quina \u00e9s la legitimaci\u00f3 per al tractament de les seves dades?<\/strong><br \/>La legitimaci\u00f3 per tractar-les es troba en l\u2019execuci\u00f3 del contracte de serveis i en els consentiments que ens d\u00f3na.<\/p><p>Respecte a aquella informaci\u00f3 que sigui remesa per menors de 16 anys, ser\u00e0 requisit imprescindible que es faci amb el consentiment patern, del tutor o del legal representant del menor perqu\u00e8 les dades personals puguin ser objecte de tractament. Si no \u00e9s aix\u00ed, el representant legal del menor ens ho ha de comunicar tan aviat com en tingui coneixement.<\/p><p><strong>A quins destinataris es comunicaran les seves dades?<\/strong><br \/>Les dades no seran comunicades a tercers, llevat que ho exigeixi una llei o sigui necessari per complir amb la finalitat del tractament.<\/p><p><strong>Quins s\u00f3n els seus drets quan ens facilita les seves dades?<\/strong><\/p><ul><li>Qualsevol persona t\u00e9 dret a obtenir confirmaci\u00f3 sobre si estem tractant o no les seves dades personals.<\/li><li>Les persones interessades tenen dret a accedir a les seves dades personals, aix\u00ed com a sol\u00b7licitar la<br \/>rectificaci\u00f3 de les dades inexactes o, si escau, sol\u00b7licitar la seva supressi\u00f3 quan, entre d\u2019altres motius, les dades ja no siguin necess\u00e0ries per a les finalitats per a les que es van recollir.<\/li><li>En determinades circumst\u00e0ncies els interessats podran sol\u00b7licitar la limitaci\u00f3 del tractament de les seves dades, en aquest cas \u00fanicament les conservarem per a l\u2019exercici o la defensa de reclamacions.<\/li><li>Tamb\u00e9, en determinades circumst\u00e0ncies i per motius relacionats amb la seva situaci\u00f3 particular, els<br \/>interessats es poden oposar al tractament de les seves dades. En aquest cas deixarem de tractar-les, excepte per motius leg\u00edtims imperiosos o per a l\u2019exercici o la defensa de possibles reclamacions.<\/li><li>Els interessats tamb\u00e9 tenen dret a la portabilitat de les seves dades.<\/li><li>Qualsevol interessat t\u00e9 dret a no ser objecte d\u2019una decisi\u00f3 basada \u00fanicament en el tractament<br \/>automatitzat, inclosa l\u2019elaboraci\u00f3 de perfils, que produeixi efectes jur\u00eddics que l\u2019afectin o que l\u2019afectin significativament de manera similar.<\/li><li>Finalment, els interessats tenen dret a presentar una reclamaci\u00f3 davant l\u2019Autoritat de Controlcompetent.<\/li><\/ul><p><strong>Com pot exercir els seus drets?<\/strong><br \/>Enviant-nos un escrit adjuntant una c\u00f2pia d\u2019un document que l\u2019identifiqui, a la nostra adre\u00e7a f\u00edsica o a l\u2019electr\u00f2nica.<\/p><p><strong>\u200bCom hem obtingut les seves dades?<\/strong><br \/>Les dades personals que tractem procedeixen del propi interessat, qui garanteix que les dades personals facilitades s\u00f3n certes i es fa responsable de comunicar-ne qualsevol modificaci\u00f3. Les dades que estiguin marcades amb un asterisc s\u00f3n obligat\u00f2ries per poder donar-li el servei sol\u00b7licitat.<\/p><p><strong>Quines dades tractem?<\/strong><br \/>Les categories de dades que podem tractar s\u00f3n:<\/p><ul><li>Dades de car\u00e0cter identificatiu<\/li><li>Adreces postals o electr\u00f2niques<\/li><li>En el cas dels curr\u00edculums, tamb\u00e9:<\/li><li>Caracter\u00edstiques personals<\/li><li>Acad\u00e8miques i professional<\/li><\/ul><p>Les dades s\u00f3n limitades, at\u00e8s que \u00fanicament tractem les dades necess\u00e0ries per a la prestaci\u00f3 dels nostres<br \/>serveis i la gesti\u00f3 de la nostra activitat.<\/p><p><strong>Utilitzem cookies?<\/strong><br \/>Utilitzem cookies durant la navegaci\u00f3 a la nostra web amb el consentiment de l\u2019usuari. L\u2019usuari pot configurar el seu navegador perqu\u00e8 l\u2019avisi de la utilitzaci\u00f3 de cookies i per evitar-ne el seu \u00fas. Si us plau, visiti la nostra pol\u00edtica de cookies.<\/p><p><strong>Quines mesures de seguretat apliquem?<\/strong><br \/>Apliquem les mesures de seguretat establertes a l\u2019article 32 del RGPD, per tant hem adoptat les mesures de seguretat necess\u00e0ries per garantir un nivell de seguretat adequat al risc del tractament de dades que realitzem, amb mecanismes que ens permeten garantir la confidencialitat, integritat, disponibilitat i resili\u00e8ncia permanent dels sistemes i serveis de tractament.<br \/>Algunes d\u2019aquestes mesures s\u00f3n:<\/p><ul><li>Informaci\u00f3 de les pol\u00edtiques de tractament de dades al personal.<\/li><li>Realitzaci\u00f3 de c\u00f2pies de seguretat peri\u00f2diques.<\/li><li>Control d\u2019acc\u00e9s a les dades.<\/li><li>Processos de verificaci\u00f3, avaluaci\u00f3 i valoraci\u00f3 regulars.<\/li><\/ul><p><strong>Com tractem les dades per compte de tercers?<\/strong><br \/>Quan en la prestaci\u00f3 dels nostres serveis tractem dades de car\u00e0cter personal de les quals els nostres clients s\u00f3n els responsables, ho fem en qualitat d\u2019encarregats del tractament, de conformitat amb el que estableix l\u2019article 28 del RGPD i, per tant, en aquests tractaments de les dades personals:<\/p><ul><li><strong>a)<\/strong>\u00a0Tractarem les dades personals \u00fanicament seguint instruccions documentades del responsable, fins i tot en relaci\u00f3 amb les transfer\u00e8ncies de dades personals a un tercer pa\u00eds o a una organitzaci\u00f3 internacional, tret que hi estiguem obligats en virtut del dret de la Uni\u00f3 o dels estats membres al qual estiguem subjectes. En aquest cas, informarem al responsable d\u2019aquesta exig\u00e8ncia legal pr\u00e8via al tractament, tret que aquest dret ho prohibeixi per raons importants d\u2019inter\u00e8s p\u00fablic.<\/li><li><strong>b)<\/strong>\u00a0Garantim que les persones autoritzades per tractar dades personals s\u2019han comprom\u00e8s a respectar-ne la confidencialitat.<\/li><li><strong>c)<\/strong>\u00a0Hem adoptat totes les mesures de seguretat necess\u00e0ries, de conformitat amb l\u2019article 32 del RGPD, implantant mecanismes per tal de:<ul><li>Garantir la confidencialitat, integritat, disponibilitat i resili\u00e8ncia permanent dels sistemes i serveis de tractament.<\/li><li>Restaurar la disponibilitat i l\u2019acc\u00e9s a les dades personals de forma r\u00e0pida, en cas d\u2019incident f\u00edsic o t\u00e8cnic.<\/li><li>Verificar, avaluar i valorar, de manera regular, l\u2019efic\u00e0cia de les mesures t\u00e8cniques i organitzatives implantades per garantir la seguretat del tractament.<\/li><li>Pseudonimitzar i xifrar les dades personals, si s\u2019escau.<\/li><\/ul><\/li><li><strong>d)<\/strong>\u00a0Respectarem les condicions indicades en els apartats 2 i 4 de l\u2019article 28 del RGPD per rec\u00f3rrer a un altre encarregat del tractament.<\/li><li><strong>e)<\/strong>\u00a0Assistirem al responsable, sempre que sigui possible, d\u2019acord amb la naturalesa del tractament i mitjan\u00e7ant les mesures t\u00e8cniques i organitzatives adequades, perqu\u00e8 pugui complir amb l\u2019obligaci\u00f3 de respondre les sol\u00b7licituds que tinguin per objecte l\u2019exercici dels drets dels interessats establerts en el cap\u00edtol III del RGPD.<\/li><li><strong>f)<\/strong>\u00a0Ajudarem el responsable a garantir el compliment de les obligacions que sobre seguretat de les dades estableixen els articles 32 a 36 del RGPD, tenint en compte la naturalesa del tractament i la informaci\u00f3 posada a la nostra disposici\u00f3.<\/li><li><strong>g)<\/strong>\u00a0A elecci\u00f3 del responsable, suprimirem o retornarem totes les dades personals un cop finalitzi la prestaci\u00f3 dels serveis de tractament i suprimirem les c\u00f2pies existents llevat que es requereixi la conservaci\u00f3 de les dades personals en virtut del Dret de la Uni\u00f3 o dels Estats membres.<\/li><li><strong>h)<\/strong>\u00a0Posarem a disposici\u00f3 del responsable tota la informaci\u00f3 necess\u00e0ria per demostrar el compliment de les obligacions establertes en l\u2019art. 28 del RGPD, aix\u00ed com per a permetre i contribuir a la realitzaci\u00f3 d\u2019auditories, incloses inspeccions, per part del responsable o d\u2019un altre auditor autoritzat per aquest responsable.<\/li><\/ul><p><strong>Com a encarregats del tractament la tipologia de dades, la categoria d\u2019interessats i els tractaments que podrem realitzar per compte dels nostres clients seran els seg\u00fcents:<\/strong><\/p><ul><li>Tipus de dades personals que podem tractar:<ul><li>Dades de car\u00e0cter identificatiu<\/li><li>Detalls de l\u2019ocupaci\u00f3 laboral<\/li><li>Informaci\u00f3 comercial<\/li><li>Transaccions de b\u00e9ns i serveis<\/li><li>Salut<\/li><\/ul><\/li><li>Categoria d\u2019interessats afectats:<ul><li>Clients<\/li><li>Prove\u00efdors<\/li><li>Personal<\/li><\/ul><\/li><li>Tractaments de dades que podrem realitzar:<ul><li>Recollida<\/li><li>Registre<\/li><li>Organitzaci\u00f3<\/li><li>Estructuraci\u00f3<\/li><li>Conservaci\u00f3<\/li><li>Consulta<\/li><li>Visualitzaci\u00f3<\/li><li>Utilitzaci\u00f3<\/li><\/ul><\/li><\/ul>\t\t\t\t\t\t\t\t<\/div>\n\t\t\t\t<\/div>\n\t\t\t\t<\/div>\n\t\t\t\t\t<\/div>\n\t\t\t\t<\/div>\n\t\t\t\t<\/div>\n\t\t","protected":false},"excerpt":{"rendered":"<p>Pol\u00edtica de privacidad AT2 SERVEIS GESTI\u00d3 EN EDIFICACI\u00d3 SLP es compromet a protegir la privacitat dels usuaris que accedeixin a aquesta web i\/o qualsevol dels seus serveis. La utilitzaci\u00f3 de la web i\/o de qualsevol dels serveis oferts per AT2 SERVEIS GESTI\u00d3 EN EDIFICACI\u00d3 SLP implica l\u2019acceptaci\u00f3 per l\u2019usuari de les disposicions contingudes en la&hellip;&nbsp;<a href=\"https:\/\/www.at2serveis.com\/es\/politica-de-privacidad\/\" rel=\"bookmark\">Leer m\u00e1s &raquo;<span class=\"screen-reader-text\">Pol\u00edtica de privacidad<\/span><\/a><\/p>\n","protected":false},"author":1,"featured_media":0,"parent":0,"menu_order":0,"comment_status":"closed","ping_status":"closed","template":"","meta":{"_acf_changed":false,"neve_meta_sidebar":"","neve_meta_container":"","neve_meta_enable_content_width":"off","neve_meta_content_width":100,"neve_meta_title_alignment":"","neve_meta_author_avatar":"","neve_post_elements_order":"","neve_meta_disable_header":"","neve_meta_disable_footer":"","neve_meta_disable_title":"","footnotes":""},"class_list":["post-1644","page","type-page","status-publish","hentry"],"acf":[],"yoast_head":"<!-- This site is optimized with the Yoast SEO plugin v25.5 - https:\/\/yoast.com\/wordpress\/plugins\/seo\/ -->\n<title>Pol\u00edtica de privacidad | AT2 SERVEIS<\/title>\n<meta name=\"robots\" content=\"noindex, follow\" \/>\n<meta property=\"og:locale\" content=\"es_ES\" \/>\n<meta property=\"og:type\" content=\"article\" \/>\n<meta property=\"og:title\" content=\"Pol\u00edtica de privacidad | AT2 SERVEIS\" \/>\n<meta property=\"og:description\" content=\"Pol\u00edtica de privacidad AT2 SERVEIS GESTI\u00d3 EN EDIFICACI\u00d3 SLP es compromet a protegir la privacitat dels usuaris que accedeixin a aquesta web i\/o qualsevol dels seus serveis. La utilitzaci\u00f3 de la web i\/o de qualsevol dels serveis oferts per AT2 SERVEIS GESTI\u00d3 EN EDIFICACI\u00d3 SLP implica l\u2019acceptaci\u00f3 per l\u2019usuari de les disposicions contingudes en la&hellip;&nbsp;Leer m\u00e1s &raquo;Pol\u00edtica de privacidad\" \/>\n<meta property=\"og:url\" content=\"https:\/\/www.at2serveis.com\/es\/politica-de-privacidad\/\" \/>\n<meta property=\"og:site_name\" content=\"AT2 SERVEIS\" \/>\n<meta property=\"article:modified_time\" content=\"2025-02-18T08:10:21+00:00\" \/>\n<meta property=\"og:image\" content=\"https:\/\/www.at2serveis.com\/wp-content\/uploads\/2025\/02\/logo-at2-serveis.png\" \/>\n\t<meta property=\"og:image:width\" content=\"1280\" \/>\n\t<meta property=\"og:image:height\" content=\"720\" \/>\n\t<meta property=\"og:image:type\" content=\"image\/png\" \/>\n<meta name=\"twitter:card\" content=\"summary_large_image\" \/>\n<meta name=\"twitter:label1\" content=\"Tiempo de lectura\" \/>\n\t<meta name=\"twitter:data1\" content=\"10 minutos\" \/>\n<script type=\"application\/ld+json\" class=\"yoast-schema-graph\">{\"@context\":\"https:\/\/schema.org\",\"@graph\":[{\"@type\":\"WebPage\",\"@id\":\"https:\/\/www.at2serveis.com\/es\/politica-de-privacidad\/\",\"url\":\"https:\/\/www.at2serveis.com\/es\/politica-de-privacidad\/\",\"name\":\"Pol\u00edtica de privacidad | AT2 SERVEIS\",\"isPartOf\":{\"@id\":\"https:\/\/www.at2serveis.com\/es\/#website\"},\"datePublished\":\"2021-04-21T05:39:55+00:00\",\"dateModified\":\"2025-02-18T08:10:21+00:00\",\"breadcrumb\":{\"@id\":\"https:\/\/www.at2serveis.com\/es\/politica-de-privacidad\/#breadcrumb\"},\"inLanguage\":\"es\",\"potentialAction\":[{\"@type\":\"ReadAction\",\"target\":[\"https:\/\/www.at2serveis.com\/es\/politica-de-privacidad\/\"]}]},{\"@type\":\"BreadcrumbList\",\"@id\":\"https:\/\/www.at2serveis.com\/es\/politica-de-privacidad\/#breadcrumb\",\"itemListElement\":[{\"@type\":\"ListItem\",\"position\":1,\"name\":\"Inici\",\"item\":\"https:\/\/www.at2serveis.com\/es\/home\/\"},{\"@type\":\"ListItem\",\"position\":2,\"name\":\"Pol\u00edtica de privacidad\"}]},{\"@type\":\"WebSite\",\"@id\":\"https:\/\/www.at2serveis.com\/es\/#website\",\"url\":\"https:\/\/www.at2serveis.com\/es\/\",\"name\":\"AT2 SERVEIS\",\"description\":\"Direcci\u00f3 i gesti\u00f3 d&#039;obra\",\"publisher\":{\"@id\":\"https:\/\/www.at2serveis.com\/es\/#organization\"},\"alternateName\":\"AT2 SERVEIS - Gesti\u00f3 en edificaci\u00f3\",\"potentialAction\":[{\"@type\":\"SearchAction\",\"target\":{\"@type\":\"EntryPoint\",\"urlTemplate\":\"https:\/\/www.at2serveis.com\/es\/?s={search_term_string}\"},\"query-input\":{\"@type\":\"PropertyValueSpecification\",\"valueRequired\":true,\"valueName\":\"search_term_string\"}}],\"inLanguage\":\"es\"},{\"@type\":\"Organization\",\"@id\":\"https:\/\/www.at2serveis.com\/es\/#organization\",\"name\":\"AT2 SERVEIS\",\"alternateName\":\"AT2 SERVEIS - Gesti\u00f3 en edificaci\u00f3\",\"url\":\"https:\/\/www.at2serveis.com\/es\/\",\"logo\":{\"@type\":\"ImageObject\",\"inLanguage\":\"es\",\"@id\":\"https:\/\/www.at2serveis.com\/es\/#\/schema\/logo\/image\/\",\"url\":\"https:\/\/www.at2serveis.com\/wp-content\/uploads\/2024\/11\/AT2-Serveis-Navicon.png\",\"contentUrl\":\"https:\/\/www.at2serveis.com\/wp-content\/uploads\/2024\/11\/AT2-Serveis-Navicon.png\",\"width\":512,\"height\":512,\"caption\":\"AT2 SERVEIS\"},\"image\":{\"@id\":\"https:\/\/www.at2serveis.com\/es\/#\/schema\/logo\/image\/\"}}]}<\/script>\n<!-- \/ Yoast SEO plugin. -->","yoast_head_json":{"title":"Pol\u00edtica de privacidad | AT2 SERVEIS","robots":{"index":"noindex","follow":"follow"},"og_locale":"es_ES","og_type":"article","og_title":"Pol\u00edtica de privacidad | AT2 SERVEIS","og_description":"Pol\u00edtica de privacidad AT2 SERVEIS GESTI\u00d3 EN EDIFICACI\u00d3 SLP es compromet a protegir la privacitat dels usuaris que accedeixin a aquesta web i\/o qualsevol dels seus serveis. La utilitzaci\u00f3 de la web i\/o de qualsevol dels serveis oferts per AT2 SERVEIS GESTI\u00d3 EN EDIFICACI\u00d3 SLP implica l\u2019acceptaci\u00f3 per l\u2019usuari de les disposicions contingudes en la&hellip;&nbsp;Leer m\u00e1s &raquo;Pol\u00edtica de privacidad","og_url":"https:\/\/www.at2serveis.com\/es\/politica-de-privacidad\/","og_site_name":"AT2 SERVEIS","article_modified_time":"2025-02-18T08:10:21+00:00","og_image":[{"width":1280,"height":720,"url":"https:\/\/www.at2serveis.com\/wp-content\/uploads\/2025\/02\/logo-at2-serveis.png","type":"image\/png"}],"twitter_card":"summary_large_image","twitter_misc":{"Tiempo de lectura":"10 minutos"},"schema":{"@context":"https:\/\/schema.org","@graph":[{"@type":"WebPage","@id":"https:\/\/www.at2serveis.com\/es\/politica-de-privacidad\/","url":"https:\/\/www.at2serveis.com\/es\/politica-de-privacidad\/","name":"Pol\u00edtica de privacidad | AT2 SERVEIS","isPartOf":{"@id":"https:\/\/www.at2serveis.com\/es\/#website"},"datePublished":"2021-04-21T05:39:55+00:00","dateModified":"2025-02-18T08:10:21+00:00","breadcrumb":{"@id":"https:\/\/www.at2serveis.com\/es\/politica-de-privacidad\/#breadcrumb"},"inLanguage":"es","potentialAction":[{"@type":"ReadAction","target":["https:\/\/www.at2serveis.com\/es\/politica-de-privacidad\/"]}]},{"@type":"BreadcrumbList","@id":"https:\/\/www.at2serveis.com\/es\/politica-de-privacidad\/#breadcrumb","itemListElement":[{"@type":"ListItem","position":1,"name":"Inici","item":"https:\/\/www.at2serveis.com\/es\/home\/"},{"@type":"ListItem","position":2,"name":"Pol\u00edtica de privacidad"}]},{"@type":"WebSite","@id":"https:\/\/www.at2serveis.com\/es\/#website","url":"https:\/\/www.at2serveis.com\/es\/","name":"AT2 SERVEIS","description":"Direcci\u00f3 i gesti\u00f3 d&#039;obra","publisher":{"@id":"https:\/\/www.at2serveis.com\/es\/#organization"},"alternateName":"AT2 SERVEIS - Gesti\u00f3 en edificaci\u00f3","potentialAction":[{"@type":"SearchAction","target":{"@type":"EntryPoint","urlTemplate":"https:\/\/www.at2serveis.com\/es\/?s={search_term_string}"},"query-input":{"@type":"PropertyValueSpecification","valueRequired":true,"valueName":"search_term_string"}}],"inLanguage":"es"},{"@type":"Organization","@id":"https:\/\/www.at2serveis.com\/es\/#organization","name":"AT2 SERVEIS","alternateName":"AT2 SERVEIS - Gesti\u00f3 en edificaci\u00f3","url":"https:\/\/www.at2serveis.com\/es\/","logo":{"@type":"ImageObject","inLanguage":"es","@id":"https:\/\/www.at2serveis.com\/es\/#\/schema\/logo\/image\/","url":"https:\/\/www.at2serveis.com\/wp-content\/uploads\/2024\/11\/AT2-Serveis-Navicon.png","contentUrl":"https:\/\/www.at2serveis.com\/wp-content\/uploads\/2024\/11\/AT2-Serveis-Navicon.png","width":512,"height":512,"caption":"AT2 SERVEIS"},"image":{"@id":"https:\/\/www.at2serveis.com\/es\/#\/schema\/logo\/image\/"}}]}},"_links":{"self":[{"href":"https:\/\/www.at2serveis.com\/es\/wp-json\/wp\/v2\/pages\/1644","targetHints":{"allow":["GET"]}}],"collection":[{"href":"https:\/\/www.at2serveis.com\/es\/wp-json\/wp\/v2\/pages"}],"about":[{"href":"https:\/\/www.at2serveis.com\/es\/wp-json\/wp\/v2\/types\/page"}],"author":[{"embeddable":true,"href":"https:\/\/www.at2serveis.com\/es\/wp-json\/wp\/v2\/users\/1"}],"replies":[{"embeddable":true,"href":"https:\/\/www.at2serveis.com\/es\/wp-json\/wp\/v2\/comments?post=1644"}],"version-history":[{"count":6,"href":"https:\/\/www.at2serveis.com\/es\/wp-json\/wp\/v2\/pages\/1644\/revisions"}],"predecessor-version":[{"id":1736,"href":"https:\/\/www.at2serveis.com\/es\/wp-json\/wp\/v2\/pages\/1644\/revisions\/1736"}],"wp:attachment":[{"href":"https:\/\/www.at2serveis.com\/es\/wp-json\/wp\/v2\/media?parent=1644"}],"curies":[{"name":"wp","href":"https:\/\/api.w.org\/{rel}","templated":true}]}}